{"id":22737,"date":"2025-04-21T10:03:27","date_gmt":"2025-04-21T14:03:27","guid":{"rendered":"https:\/\/h2lac.org\/h2lac-map\/"},"modified":"2025-04-21T10:04:03","modified_gmt":"2025-04-21T14:04:03","slug":"h2lac-map","status":"publish","type":"page","link":"\/en\/h2lac-map\/","title":{"rendered":"H2LAC Map"},"content":{"rendered":"<section class=\"l-section wpb_row us_custom_9093460d height_medium\"><div class=\"l-section-h i-cf\"><div class=\"g-cols vc_row via_grid cols_1 laptops-cols_inherit tablets-cols_inherit mobiles-cols_1 valign_top type_default stacking_default\"><div class=\"wpb_column vc_column_container\"><div class=\"vc_column-inner\"><h1 class=\"w-post-elm post_title us_custom_6df4bc3a has_text_color align_left entry-title color_link_inherit\">H2LAC Map<\/h1><\/div><\/div><\/div><\/div><\/section><section class=\"l-section wpb_row us_custom_8535c5f4 height_medium\"><div class=\"l-section-h i-cf\"><div class=\"g-cols vc_row via_grid cols_1 laptops-cols_inherit tablets-cols_inherit mobiles-cols_1 valign_top type_default stacking_default\"><div class=\"wpb_column vc_column_container\"><div class=\"vc_column-inner\"><nav class=\"g-breadcrumbs separator_icon align_none\" itemscope itemtype=\"http:\/\/schema.org\/BreadcrumbList\"><div class=\"g-breadcrumbs-item\" itemscope itemprop=\"itemListElement\" itemtype=\"http:\/\/schema.org\/ListItem\"><a itemprop=\"item\" href=\"\/en\/\"><span itemprop=\"name\">Home<\/span><\/a><meta itemprop=\"position\" content=\"1\"\/><\/div><div class=\"g-breadcrumbs-separator\"><i class=\"far fa-angle-right\"><\/i><\/div><div class=\"g-breadcrumbs-item\">Pages<\/div><\/nav><\/div><\/div><\/div><\/div><\/section><section class=\"l-section wpb_row us_custom_c32fede9 height_medium\"><div class=\"l-section-h i-cf\"><div class=\"g-cols vc_row via_grid cols_2 laptops-cols_inherit tablets-cols_inherit mobiles-cols_1 valign_middle type_default stacking_default\"><div class=\"wpb_column vc_column_container us_custom_342b56c3 has_bg_color stretched\"><div class=\"vc_column-inner\"><div class=\"w-grid us_custom_0193c14d type_grid layout_11997 cols_2 preload_style_spinner\" id=\"us_grid_1\" style=\"--columns:2;--gap:.5rem;\" data-filterable=\"true\"><style>@media (max-width:600px){#us_grid_1{--columns:1!important}}.layout_11997 .w-grid-item-h{}.layout_11997 .usg_hwrapper_1{padding-top:0!important;padding-bottom:0!important}<\/style><div class=\"w-grid-list\">\t<article class=\"w-grid-item size_1x1 post-21220 post type-post status-publish format-standard has-post-thumbnail hentry category-cycle-of-technical-bills tag-ciclo-de-talleres-tecnicos-en tag-electrolizador-en tag-green-hydrogen tag-programa-4e-en\" data-id=\"21220\">\r\n\t\t<div class=\"w-grid-item-h\">\r\n\t\t\t\t\t\t<div class=\"w-hwrapper usg_hwrapper_1 align_none valign_middle\" style=\"--hwrapper-gap:1.20rem\"><div class=\"w-post-elm post_custom_field usg_post_custom_field_1 type_image us_tile_additional_image color_link_inherit\"><img loading=\"lazy\" decoding=\"async\" width=\"2560\" height=\"1440\" src=\"https:\/\/h2lac.org\/wp-content\/uploads\/2022\/09\/grafica-scaled.jpg\" class=\"attachment-full size-full\" alt=\"\" srcset=\"https:\/\/h2lac.org\/wp-content\/uploads\/2022\/09\/grafica-scaled.jpg 2560w, https:\/\/h2lac.org\/wp-content\/uploads\/2022\/09\/grafica-300x169.jpg 300w, https:\/\/h2lac.org\/wp-content\/uploads\/2022\/09\/grafica-1024x576.jpg 1024w\" sizes=\"auto, (max-width: 2560px) 100vw, 2560px\" \/><\/div><div class=\"w-post-elm post_title usg_post_title_1 entry-title color_link_inherit\"><a href=\"\/en\/cycle-of-technical-bills\/taller-1-generacion-de-hidrogeno-verde\/\">[Taller 1] Generaci\u00f3n de hidr\u00f3geno verde<\/a><\/div><\/div>\t\t<\/div>\r\n\t\t\t<\/article>\r\n\t<article class=\"w-grid-item size_1x1 post-21221 post type-post status-publish format-standard has-post-thumbnail hentry category-cycle-of-technical-bills\" data-id=\"21221\">\r\n\t\t<div class=\"w-grid-item-h\">\r\n\t\t\t\t\t\t<div class=\"w-hwrapper usg_hwrapper_1 align_none valign_middle\" style=\"--hwrapper-gap:1.20rem\"><div class=\"w-post-elm post_custom_field usg_post_custom_field_1 type_image us_tile_additional_image color_link_inherit\"><img loading=\"lazy\" decoding=\"async\" width=\"1921\" height=\"1081\" src=\"https:\/\/h2lac.org\/wp-content\/uploads\/2022\/10\/Descanso-y-fondo-copia.png\" class=\"attachment-full size-full\" alt=\"\" srcset=\"https:\/\/h2lac.org\/wp-content\/uploads\/2022\/10\/Descanso-y-fondo-copia.png 1921w, https:\/\/h2lac.org\/wp-content\/uploads\/2022\/10\/Descanso-y-fondo-copia-300x169.png 300w, https:\/\/h2lac.org\/wp-content\/uploads\/2022\/10\/Descanso-y-fondo-copia-1024x576.png 1024w\" sizes=\"auto, (max-width: 1921px) 100vw, 1921px\" \/><\/div><div class=\"w-post-elm post_title usg_post_title_1 entry-title color_link_inherit\"><a href=\"\/en\/cycle-of-technical-bills\/taller-2-sistemas-de-recarga-de-hidrogeno-hrs\/\">[Taller 2] Sistemas de recarga de hidr\u00f3geno (HRS)<\/a><\/div><\/div>\t\t<\/div>\r\n\t\t\t<\/article>\r\n\t<article class=\"w-grid-item size_1x1 post-21222 post type-post status-publish format-standard has-post-thumbnail hentry category-cycle-of-technical-bills\" data-id=\"21222\">\r\n\t\t<div class=\"w-grid-item-h\">\r\n\t\t\t\t\t\t<div class=\"w-hwrapper usg_hwrapper_1 align_none valign_middle\" style=\"--hwrapper-gap:1.20rem\"><div class=\"w-post-elm post_custom_field usg_post_custom_field_1 type_image us_tile_additional_image color_link_inherit\"><img loading=\"lazy\" decoding=\"async\" width=\"2560\" height=\"1440\" src=\"https:\/\/h2lac.org\/wp-content\/uploads\/2022\/10\/h2lactt3-scaled.jpg\" class=\"attachment-full size-full\" alt=\"\" srcset=\"https:\/\/h2lac.org\/wp-content\/uploads\/2022\/10\/h2lactt3-scaled.jpg 2560w, https:\/\/h2lac.org\/wp-content\/uploads\/2022\/10\/h2lactt3-300x169.jpg 300w, https:\/\/h2lac.org\/wp-content\/uploads\/2022\/10\/h2lactt3-1024x576.jpg 1024w\" sizes=\"auto, (max-width: 2560px) 100vw, 2560px\" \/><\/div><div class=\"w-post-elm post_title usg_post_title_1 entry-title color_link_inherit\"><a href=\"\/en\/cycle-of-technical-bills\/taller-3-vehiculos-con-celdas-de-combustible-2\/\">[Taller 3] Veh\u00edculos con celdas de combustible<\/a><\/div><\/div>\t\t<\/div>\r\n\t\t\t<\/article>\r\n\t<article class=\"w-grid-item size_1x1 post-21223 post type-post status-publish format-standard has-post-thumbnail hentry category-cycle-of-technical-bills\" data-id=\"21223\">\r\n\t\t<div class=\"w-grid-item-h\">\r\n\t\t\t\t\t\t<div class=\"w-hwrapper usg_hwrapper_1 align_none valign_middle\" style=\"--hwrapper-gap:1.20rem\"><div class=\"w-post-elm post_custom_field usg_post_custom_field_1 type_image us_tile_additional_image color_link_inherit\"><img loading=\"lazy\" decoding=\"async\" width=\"1921\" height=\"1081\" src=\"https:\/\/h2lac.org\/wp-content\/uploads\/2022\/11\/taller-tecnico-4_2.png\" class=\"attachment-full size-full\" alt=\"\" srcset=\"https:\/\/h2lac.org\/wp-content\/uploads\/2022\/11\/taller-tecnico-4_2.png 1921w, https:\/\/h2lac.org\/wp-content\/uploads\/2022\/11\/taller-tecnico-4_2-300x169.png 300w, https:\/\/h2lac.org\/wp-content\/uploads\/2022\/11\/taller-tecnico-4_2-1024x576.png 1024w\" sizes=\"auto, (max-width: 1921px) 100vw, 1921px\" \/><\/div><div class=\"w-post-elm post_title usg_post_title_1 entry-title color_link_inherit\"><a href=\"\/en\/cycle-of-technical-bills\/taller-4-calderas-industriales-con-hidrogeno-verde\/\">[Taller 4] Calderas industriales con hidr\u00f3geno verde<\/a><\/div><\/div>\t\t<\/div>\r\n\t\t\t<\/article>\r\n\t<article class=\"w-grid-item size_1x1 post-21224 post type-post status-publish format-standard has-post-thumbnail hentry category-cycle-of-technical-bills\" data-id=\"21224\">\r\n\t\t<div class=\"w-grid-item-h\">\r\n\t\t\t\t\t\t<div class=\"w-hwrapper usg_hwrapper_1 align_none valign_middle\" style=\"--hwrapper-gap:1.20rem\"><div class=\"w-post-elm post_custom_field usg_post_custom_field_1 type_image us_tile_additional_image color_link_inherit\"><img loading=\"lazy\" decoding=\"async\" width=\"1280\" height=\"720\" src=\"https:\/\/h2lac.org\/wp-content\/uploads\/2023\/01\/Taller-tecnico-5_vf.jpg\" class=\"attachment-full size-full\" alt=\"\" srcset=\"https:\/\/h2lac.org\/wp-content\/uploads\/2023\/01\/Taller-tecnico-5_vf.jpg 1280w, https:\/\/h2lac.org\/wp-content\/uploads\/2023\/01\/Taller-tecnico-5_vf-300x169.jpg 300w, https:\/\/h2lac.org\/wp-content\/uploads\/2023\/01\/Taller-tecnico-5_vf-1024x576.jpg 1024w\" sizes=\"auto, (max-width: 1280px) 100vw, 1280px\" \/><\/div><div class=\"w-post-elm post_title usg_post_title_1 entry-title color_link_inherit\"><a href=\"\/en\/cycle-of-technical-bills\/taller-5-seguridad-en-proyectos-de-hidrogeno-verde\/\">[Taller 5] Seguridad en proyectos de hidr\u00f3geno verde<\/a><\/div><\/div>\t\t<\/div>\r\n\t\t\t<\/article>\r\n\t<article class=\"w-grid-item size_1x1 post-21225 post type-post status-publish format-standard has-post-thumbnail hentry category-cycle-of-technical-bills\" data-id=\"21225\">\r\n\t\t<div class=\"w-grid-item-h\">\r\n\t\t\t\t\t\t<div class=\"w-hwrapper usg_hwrapper_1 align_none valign_middle\" style=\"--hwrapper-gap:1.20rem\"><div class=\"w-post-elm post_custom_field usg_post_custom_field_1 type_image us_tile_additional_image color_link_inherit\"><img loading=\"lazy\" decoding=\"async\" width=\"960\" height=\"540\" src=\"https:\/\/h2lac.org\/wp-content\/uploads\/2023\/03\/tt-6-v2.jpg\" class=\"attachment-full size-full\" alt=\"\" srcset=\"https:\/\/h2lac.org\/wp-content\/uploads\/2023\/03\/tt-6-v2.jpg 960w, https:\/\/h2lac.org\/wp-content\/uploads\/2023\/03\/tt-6-v2-300x169.jpg 300w\" sizes=\"auto, (max-width: 960px) 100vw, 960px\" \/><\/div><div class=\"w-post-elm post_title usg_post_title_1 entry-title color_link_inherit\"><a href=\"\/en\/cycle-of-technical-bills\/taller-6-produccion-de-efuels-en-base-a-hidrogeno-verde\/\">[Taller 6] Producci\u00f3n de efuels en base a hidr\u00f3geno verde<\/a><\/div><\/div>\t\t<\/div>\r\n\t\t\t<\/article>\r\n\t<article class=\"w-grid-item size_1x1 post-21226 post type-post status-publish format-standard has-post-thumbnail hentry category-cycle-of-technical-bills\" data-id=\"21226\">\r\n\t\t<div class=\"w-grid-item-h\">\r\n\t\t\t\t\t\t<div class=\"w-hwrapper usg_hwrapper_1 align_none valign_middle\" style=\"--hwrapper-gap:1.20rem\"><div class=\"w-post-elm post_custom_field usg_post_custom_field_1 type_image us_tile_additional_image color_link_inherit\"><img loading=\"lazy\" decoding=\"async\" width=\"960\" height=\"540\" src=\"https:\/\/h2lac.org\/wp-content\/uploads\/2023\/04\/Grafica-taller-tecnico-7.jpg\" class=\"attachment-full size-full\" alt=\"\" srcset=\"https:\/\/h2lac.org\/wp-content\/uploads\/2023\/04\/Grafica-taller-tecnico-7.jpg 960w, https:\/\/h2lac.org\/wp-content\/uploads\/2023\/04\/Grafica-taller-tecnico-7-300x169.jpg 300w\" sizes=\"auto, (max-width: 960px) 100vw, 960px\" \/><\/div><div class=\"w-post-elm post_title usg_post_title_1 entry-title color_link_inherit\"><a href=\"\/en\/cycle-of-technical-bills\/taller-7-certificacion-de-hidrogeno-y-productos-power-to-x\/\">[Taller 7] Certificaci\u00f3n de hidr\u00f3geno y productos power-to-x<\/a><\/div><\/div>\t\t<\/div>\r\n\t\t\t<\/article>\r\n\t<article class=\"w-grid-item size_1x1 post-21218 post type-post status-publish format-standard has-post-thumbnail hentry category-business-opportunity-analyser-en tag-international-power-to-x-hub-en tag-mercado-en tag-power-to-x-en pais-argentina\" data-id=\"21218\">\r\n\t\t<div class=\"w-grid-item-h\">\r\n\t\t\t\t\t\t<div class=\"w-hwrapper usg_hwrapper_1 align_none valign_middle\" style=\"--hwrapper-gap:1.20rem\"><div class=\"w-post-elm post_custom_field usg_post_custom_field_1 type_image us_tile_additional_image color_link_inherit\"><img loading=\"lazy\" decoding=\"async\" width=\"1654\" height=\"1154\" src=\"https:\/\/h2lac.org\/wp-content\/uploads\/2023\/07\/Webinar-BOA-home.png\" class=\"attachment-full size-full\" alt=\"\" srcset=\"https:\/\/h2lac.org\/wp-content\/uploads\/2023\/07\/Webinar-BOA-home.png 1654w, https:\/\/h2lac.org\/wp-content\/uploads\/2023\/07\/Webinar-BOA-home-300x209.png 300w, https:\/\/h2lac.org\/wp-content\/uploads\/2023\/07\/Webinar-BOA-home-1024x714.png 1024w\" sizes=\"auto, (max-width: 1654px) 100vw, 1654px\" \/><\/div><div class=\"w-post-elm post_title usg_post_title_1 entry-title color_link_inherit\"><a href=\"\/en\/business-opportunity-analyser-en\/webinar-business-opportunity-analyser-una-herramienta-para-identificar-regiones-con-oportunidades-de-negocio-de-ptx\/\">[Webinar] \u201cBusiness Opportunity Analyser\u201d: Una herramienta para identificar regiones con oportunidades de negocio de PtX<\/a><\/div><\/div>\t\t<\/div>\r\n\t\t\t<\/article>\r\n\t<article class=\"w-grid-item size_1x1 post-21235 post type-post status-publish format-standard has-post-thumbnail hentry category-industry tag-green-hydrogen tag-industria-en\" data-id=\"21235\">\r\n\t\t<div class=\"w-grid-item-h\">\r\n\t\t\t\t\t\t<div class=\"w-hwrapper usg_hwrapper_1 align_none valign_middle\" style=\"--hwrapper-gap:1.20rem\"><div class=\"w-post-elm post_custom_field usg_post_custom_field_1 type_image us_tile_additional_image color_link_inherit\"><img loading=\"lazy\" decoding=\"async\" width=\"1080\" height=\"1080\" src=\"https:\/\/h2lac.org\/wp-content\/uploads\/2023\/08\/Webinar-H2Uppp.png\" class=\"attachment-full size-full\" alt=\"\" srcset=\"https:\/\/h2lac.org\/wp-content\/uploads\/2023\/08\/Webinar-H2Uppp.png 1080w, https:\/\/h2lac.org\/wp-content\/uploads\/2023\/08\/Webinar-H2Uppp-300x300.png 300w, https:\/\/h2lac.org\/wp-content\/uploads\/2023\/08\/Webinar-H2Uppp-1024x1024.png 1024w, https:\/\/h2lac.org\/wp-content\/uploads\/2023\/08\/Webinar-H2Uppp-150x150.png 150w\" sizes=\"auto, (max-width: 1080px) 100vw, 1080px\" \/><\/div><div class=\"w-post-elm post_title usg_post_title_1 entry-title color_link_inherit\"><a href=\"\/en\/industry\/webinar-industria-del-hidrogeno-verde-una-mirada-mas-alla-de-su-produccion\/\">[Webinar] Industria del Hidr\u00f3geno Verde: una mirada m\u00e1s all\u00e1 de su producci\u00f3n<\/a><\/div><\/div>\t\t<\/div>\r\n\t\t\t<\/article>\r\n\t<article class=\"w-grid-item size_1x1 post-21245 archivos type-archivos status-publish format-standard has-post-thumbnail hentry tag-prospective-a-o-feasibility pais-argentina-en\" data-id=\"21245\">\r\n\t\t<div class=\"w-grid-item-h\">\r\n\t\t\t\t\t\t<div class=\"w-hwrapper usg_hwrapper_1 align_none valign_middle\" style=\"--hwrapper-gap:1.20rem\"><div class=\"w-post-elm post_custom_field usg_post_custom_field_1 type_image us_tile_additional_image color_link_inherit\"><img loading=\"lazy\" decoding=\"async\" width=\"800\" height=\"1080\" src=\"https:\/\/h2lac.org\/wp-content\/uploads\/2024\/01\/Portadas-archivo-AR.png\" class=\"attachment-full size-full\" alt=\"\" srcset=\"https:\/\/h2lac.org\/wp-content\/uploads\/2024\/01\/Portadas-archivo-AR.png 800w, https:\/\/h2lac.org\/wp-content\/uploads\/2024\/01\/Portadas-archivo-AR-222x300.png 222w, https:\/\/h2lac.org\/wp-content\/uploads\/2024\/01\/Portadas-archivo-AR-759x1024.png 759w\" sizes=\"auto, (max-width: 800px) 100vw, 800px\" \/><\/div><div class=\"w-post-elm post_title usg_post_title_1 entry-title color_link_inherit\"><a href=\"\/en\/archivos\/12-perspectives-on-hydrogen-argentine-edition\/\">12 perspectives on hydrogen \u2013 Argentine Edition<\/a><\/div><\/div>\t\t<\/div>\r\n\t\t\t<\/article>\r\n\t<article class=\"w-grid-item size_1x1 post-22485 mec-events type-mec-events status-publish hentry tag-energy-efficiency tag-green-hydrogen mec_category-eventos-en\" data-id=\"22485\">\r\n\t\t<div class=\"w-grid-item-h\">\r\n\t\t\t\t\t\t<div class=\"w-hwrapper usg_hwrapper_1 align_none valign_middle\" style=\"--hwrapper-gap:1.20rem\"><div class=\"w-post-elm post_custom_field usg_post_custom_field_1 type_image us_tile_additional_image color_link_inherit\"><img loading=\"lazy\" decoding=\"async\" width=\"800\" height=\"984\" src=\"https:\/\/h2lac.org\/wp-content\/uploads\/2024\/07\/SAVE-THE-DATE-18Y18OCTUBRE.jpg\" class=\"attachment-full size-full\" alt=\"\" srcset=\"https:\/\/h2lac.org\/wp-content\/uploads\/2024\/07\/SAVE-THE-DATE-18Y18OCTUBRE.jpg 800w, https:\/\/h2lac.org\/wp-content\/uploads\/2024\/07\/SAVE-THE-DATE-18Y18OCTUBRE-244x300.jpg 244w\" sizes=\"auto, (max-width: 800px) 100vw, 800px\" \/><\/div><div class=\"w-post-elm post_title usg_post_title_1 entry-title color_link_inherit\"><a href=\"\/en\/events\/2nd-hydrogen-and-energy-efficiency-congress-of-colombia\/\">2nd Hydrogen and Energy Efficiency Congress of Colombia<\/a><\/div><\/div>\t\t<\/div>\r\n\t\t\t<\/article>\r\n\t<article class=\"w-grid-item size_1x1 post-22498 mec-events type-mec-events status-publish has-post-thumbnail hentry tag-amoniaco-verde-en tag-green-hydrogen mec_category-eventos-en\" data-id=\"22498\">\r\n\t\t<div class=\"w-grid-item-h\">\r\n\t\t\t\t\t\t<div class=\"w-hwrapper usg_hwrapper_1 align_none valign_middle\" style=\"--hwrapper-gap:1.20rem\"><div class=\"w-post-elm post_custom_field usg_post_custom_field_1 type_image us_tile_additional_image color_link_inherit\"><img loading=\"lazy\" decoding=\"async\" width=\"800\" height=\"1218\" src=\"https:\/\/h2lac.org\/wp-content\/uploads\/2024\/10\/Grafica_H2LAC.jpg\" class=\"attachment-full size-full\" alt=\"\" srcset=\"https:\/\/h2lac.org\/wp-content\/uploads\/2024\/10\/Grafica_H2LAC.jpg 800w, https:\/\/h2lac.org\/wp-content\/uploads\/2024\/10\/Grafica_H2LAC-197x300.jpg 197w, https:\/\/h2lac.org\/wp-content\/uploads\/2024\/10\/Grafica_H2LAC-673x1024.jpg 673w\" sizes=\"auto, (max-width: 800px) 100vw, 800px\" \/><\/div><div class=\"w-post-elm post_title usg_post_title_1 entry-title color_link_inherit\"><a href=\"\/en\/events\/2nd-latam-meeting-on-green-ammonia-and-power-to-x\/\">2nd Latam Meeting on Green Ammonia and Power-to-X<\/a><\/div><\/div>\t\t<\/div>\r\n\t\t\t<\/article>\r\n\t<article class=\"w-grid-item size_1x1 post-22489 mec-events type-mec-events status-publish has-post-thumbnail hentry tag-forum tag-green-hydrogen mec_category-eventos-en\" data-id=\"22489\">\r\n\t\t<div class=\"w-grid-item-h\">\r\n\t\t\t\t\t\t<div class=\"w-hwrapper usg_hwrapper_1 align_none valign_middle\" style=\"--hwrapper-gap:1.20rem\"><div class=\"w-post-elm post_custom_field usg_post_custom_field_1 type_image us_tile_additional_image color_link_inherit\"><img loading=\"lazy\" decoding=\"async\" width=\"1585\" height=\"826\" src=\"https:\/\/h2lac.org\/wp-content\/uploads\/2024\/09\/Foro-AHK-AR.jpg\" class=\"attachment-full size-full\" alt=\"\" srcset=\"https:\/\/h2lac.org\/wp-content\/uploads\/2024\/09\/Foro-AHK-AR.jpg 1585w, https:\/\/h2lac.org\/wp-content\/uploads\/2024\/09\/Foro-AHK-AR-300x156.jpg 300w, https:\/\/h2lac.org\/wp-content\/uploads\/2024\/09\/Foro-AHK-AR-1024x534.jpg 1024w\" sizes=\"auto, (max-width: 1585px) 100vw, 1585px\" \/><\/div><div class=\"w-post-elm post_title usg_post_title_1 entry-title color_link_inherit\"><a href=\"\/en\/events\/3rd-ahk-hydrogen-forum-concrete-and-necessary-advances-for-the-acceleration-of-green-hydrogen\/\">3rd AHK Hydrogen Forum: &#8220;Concrete and necessary advances for the acceleration of green hydrogen&#8221;.<\/a><\/div><\/div>\t\t<\/div>\r\n\t\t\t<\/article>\r\n\t<article class=\"w-grid-item size_1x1 post-21427 mec-events type-mec-events status-publish has-post-thumbnail hentry tag-energias-renovables-en tag-h2uppp-en mec_category-eventos-en\" data-id=\"21427\">\r\n\t\t<div class=\"w-grid-item-h\">\r\n\t\t\t\t\t\t<div class=\"w-hwrapper usg_hwrapper_1 align_none valign_middle\" style=\"--hwrapper-gap:1.20rem\"><div class=\"w-post-elm post_custom_field usg_post_custom_field_1 type_image us_tile_additional_image color_link_inherit\"><img loading=\"lazy\" decoding=\"async\" width=\"1640\" height=\"924\" src=\"https:\/\/h2lac.org\/wp-content\/uploads\/2024\/04\/2ciclo-talleres-III-1.png\" class=\"attachment-full size-full\" alt=\"\" srcset=\"https:\/\/h2lac.org\/wp-content\/uploads\/2024\/04\/2ciclo-talleres-III-1.png 1640w, https:\/\/h2lac.org\/wp-content\/uploads\/2024\/04\/2ciclo-talleres-III-1-300x169.png 300w, https:\/\/h2lac.org\/wp-content\/uploads\/2024\/04\/2ciclo-talleres-III-1-1024x577.png 1024w\" sizes=\"auto, (max-width: 1640px) 100vw, 1640px\" \/><\/div><div class=\"w-post-elm post_title usg_post_title_1 entry-title color_link_inherit\"><a href=\"\/en\/events\/3-sesion-ii-ciclo-de-talleres-tecnicos-proyectos-h2uppp-en-brasil\/\">3rd Session : II Cycle of Technical Workshops: H2Uppp Projects in Brazil<\/a><\/div><\/div>\t\t<\/div>\r\n\t\t\t<\/article>\r\n\t<article class=\"w-grid-item size_1x1 post-19693 mec-events type-mec-events status-publish has-post-thumbnail hentry tag-green-hydrogen tag-h2summit-en mec_category-events\" data-id=\"19693\">\r\n\t\t<div class=\"w-grid-item-h\">\r\n\t\t\t\t\t\t<div class=\"w-hwrapper usg_hwrapper_1 align_none valign_middle\" style=\"--hwrapper-gap:1.20rem\"><div class=\"w-post-elm post_custom_field usg_post_custom_field_1 type_image us_tile_additional_image color_link_inherit\"><img loading=\"lazy\" decoding=\"async\" width=\"1081\" height=\"1351\" src=\"https:\/\/h2lac.org\/wp-content\/uploads\/2023\/09\/Mailing-masivo-Insta-in-copia.jpg\" class=\"attachment-full size-full\" alt=\"\" srcset=\"https:\/\/h2lac.org\/wp-content\/uploads\/2023\/09\/Mailing-masivo-Insta-in-copia.jpg 1081w, https:\/\/h2lac.org\/wp-content\/uploads\/2023\/09\/Mailing-masivo-Insta-in-copia-240x300.jpg 240w, https:\/\/h2lac.org\/wp-content\/uploads\/2023\/09\/Mailing-masivo-Insta-in-copia-819x1024.jpg 819w\" sizes=\"auto, (max-width: 1081px) 100vw, 1081px\" \/><\/div><div class=\"w-post-elm post_title usg_post_title_1 entry-title color_link_inherit\"><a href=\"\/en\/events\/test-5-green-hydrogen-summit-chile-lac-2024\/\">5\u00b0 Green Hydrogen Summit Chile LAC 2024<\/a><\/div><\/div>\t\t<\/div>\r\n\t\t\t<\/article>\r\n\t<article class=\"w-grid-item size_1x1 post-22519 mec-events type-mec-events status-publish has-post-thumbnail hentry tag-congress tag-green-hydrogen mec_category-eventos-en\" data-id=\"22519\">\r\n\t\t<div class=\"w-grid-item-h\">\r\n\t\t\t\t\t\t<div class=\"w-hwrapper usg_hwrapper_1 align_none valign_middle\" style=\"--hwrapper-gap:1.20rem\"><div class=\"w-post-elm post_custom_field usg_post_custom_field_1 type_image us_tile_additional_image color_link_inherit\"><img loading=\"lazy\" decoding=\"async\" width=\"750\" height=\"330\" src=\"https:\/\/h2lac.org\/wp-content\/uploads\/2025\/04\/H2LAC-2025-Banner-750x330-A.jpg\" class=\"attachment-full size-full\" alt=\"\" srcset=\"https:\/\/h2lac.org\/wp-content\/uploads\/2025\/04\/H2LAC-2025-Banner-750x330-A.jpg 750w, https:\/\/h2lac.org\/wp-content\/uploads\/2025\/04\/H2LAC-2025-Banner-750x330-A-300x132.jpg 300w\" sizes=\"auto, (max-width: 750px) 100vw, 750px\" \/><\/div><div class=\"w-post-elm post_title usg_post_title_1 entry-title color_link_inherit\"><a href=\"\/en\/events\/5th-hydrogen-congress-for-latin-america-the-caribbean-h2lac-2025\/\">5th Hydrogen Congress for Latin America &amp; the Caribbean : H2LAC 2025<\/a><\/div><\/div>\t\t<\/div>\r\n\t\t\t<\/article>\r\n\t<article class=\"w-grid-item size_1x1 post-22526 mec-events type-mec-events status-publish has-post-thumbnail hentry tag-green-hydrogen tag-mercado-en mec_category-eventos-en\" data-id=\"22526\">\r\n\t\t<div class=\"w-grid-item-h\">\r\n\t\t\t\t\t\t<div class=\"w-hwrapper usg_hwrapper_1 align_none valign_middle\" style=\"--hwrapper-gap:1.20rem\"><div class=\"w-post-elm post_custom_field usg_post_custom_field_1 type_image us_tile_additional_image color_link_inherit\"><img loading=\"lazy\" decoding=\"async\" width=\"2160\" height=\"2700\" src=\"https:\/\/h2lac.org\/wp-content\/uploads\/2025\/04\/post-SUMMIT-INSTAGRAM-1080x1350px-7feb2025-4-1.png\" class=\"attachment-full size-full\" alt=\"\" srcset=\"https:\/\/h2lac.org\/wp-content\/uploads\/2025\/04\/post-SUMMIT-INSTAGRAM-1080x1350px-7feb2025-4-1.png 2160w, https:\/\/h2lac.org\/wp-content\/uploads\/2025\/04\/post-SUMMIT-INSTAGRAM-1080x1350px-7feb2025-4-1-240x300.png 240w, https:\/\/h2lac.org\/wp-content\/uploads\/2025\/04\/post-SUMMIT-INSTAGRAM-1080x1350px-7feb2025-4-1-819x1024.png 819w\" sizes=\"auto, (max-width: 2160px) 100vw, 2160px\" \/><\/div><div class=\"w-post-elm post_title usg_post_title_1 entry-title color_link_inherit\"><a href=\"\/en\/events\/6th-green-hydrogen-summit-chile-lac-2025\/\">6th Green Hydrogen Summit Chile LAC 2025<\/a><\/div><\/div>\t\t<\/div>\r\n\t\t\t<\/article>\r\n\t<article class=\"w-grid-item size_1x1 post-22436 post type-post status-publish format-standard has-post-thumbnail hentry category-h2lac-review-en category-news tag-certification tag-energy-transition tag-green-hydrogen pais-argentina\" data-id=\"22436\">\r\n\t\t<div class=\"w-grid-item-h\">\r\n\t\t\t\t\t\t<div class=\"w-hwrapper usg_hwrapper_1 align_none valign_middle\" style=\"--hwrapper-gap:1.20rem\"><div class=\"w-post-elm post_custom_field usg_post_custom_field_1 type_image us_tile_additional_image color_link_inherit\"><img loading=\"lazy\" decoding=\"async\" width=\"1280\" height=\"667\" src=\"https:\/\/h2lac.org\/wp-content\/uploads\/2025\/04\/WhatsApp-Image-2025-03-13-at-13.51.20_f58a9da9.jpg\" class=\"attachment-full size-full\" alt=\"\" srcset=\"https:\/\/h2lac.org\/wp-content\/uploads\/2025\/04\/WhatsApp-Image-2025-03-13-at-13.51.20_f58a9da9.jpg 1280w, https:\/\/h2lac.org\/wp-content\/uploads\/2025\/04\/WhatsApp-Image-2025-03-13-at-13.51.20_f58a9da9-300x156.jpg 300w, https:\/\/h2lac.org\/wp-content\/uploads\/2025\/04\/WhatsApp-Image-2025-03-13-at-13.51.20_f58a9da9-1024x534.jpg 1024w\" sizes=\"auto, (max-width: 1280px) 100vw, 1280px\" \/><\/div><div class=\"w-post-elm post_title usg_post_title_1 entry-title color_link_inherit\"><a href=\"\/en\/news\/advanced-certification-in-efficient-energy-management-eurem\/\">Advanced Certification in Efficient Energy Management &#8211; EUREM<\/a><\/div><\/div>\t\t<\/div>\r\n\t\t\t<\/article>\r\n\t<article class=\"w-grid-item size_1x1 post-22513 mec-events type-mec-events status-publish has-post-thumbnail hentry tag-green-hydrogen tag-mercado-en mec_category-eventos-en\" data-id=\"22513\">\r\n\t\t<div class=\"w-grid-item-h\">\r\n\t\t\t\t\t\t<div class=\"w-hwrapper usg_hwrapper_1 align_none valign_middle\" style=\"--hwrapper-gap:1.20rem\"><div class=\"w-post-elm post_custom_field usg_post_custom_field_1 type_image us_tile_additional_image color_link_inherit\"><img loading=\"lazy\" decoding=\"async\" width=\"750\" height=\"1315\" src=\"https:\/\/h2lac.org\/wp-content\/uploads\/2025\/04\/AHK-Foro-H2-Ed.Patagonia_-V5-Mailing-1.jpg\" class=\"attachment-full size-full\" alt=\"\" srcset=\"https:\/\/h2lac.org\/wp-content\/uploads\/2025\/04\/AHK-Foro-H2-Ed.Patagonia_-V5-Mailing-1.jpg 750w, https:\/\/h2lac.org\/wp-content\/uploads\/2025\/04\/AHK-Foro-H2-Ed.Patagonia_-V5-Mailing-1-171x300.jpg 171w, https:\/\/h2lac.org\/wp-content\/uploads\/2025\/04\/AHK-Foro-H2-Ed.Patagonia_-V5-Mailing-1-584x1024.jpg 584w\" sizes=\"auto, (max-width: 750px) 100vw, 750px\" \/><\/div><div class=\"w-post-elm post_title usg_post_title_1 entry-title color_link_inherit\"><a href=\"\/en\/events\/ahk-hydrogen-forum-patagonia-edition\/\">AHK Hydrogen Forum &#8211; Patagonia Edition<\/a><\/div><\/div>\t\t<\/div>\r\n\t\t\t<\/article>\r\n\t<article class=\"w-grid-item size_1x1 post-22710 post type-post status-publish format-standard has-post-thumbnail hentry category-news tag-amoniaco-verde-en tag-hnh-energy-en pais-chile\" data-id=\"22710\">\r\n\t\t<div class=\"w-grid-item-h\">\r\n\t\t\t\t\t\t<div class=\"w-hwrapper usg_hwrapper_1 align_none valign_middle\" style=\"--hwrapper-gap:1.20rem\"><div class=\"w-post-elm post_custom_field usg_post_custom_field_1 type_image us_tile_additional_image color_link_inherit\"><img loading=\"lazy\" decoding=\"async\" width=\"1080\" height=\"1080\" src=\"https:\/\/h2lac.org\/wp-content\/uploads\/2025\/02\/Canva2.png\" class=\"attachment-full size-full\" alt=\"\" srcset=\"https:\/\/h2lac.org\/wp-content\/uploads\/2025\/02\/Canva2.png 1080w, https:\/\/h2lac.org\/wp-content\/uploads\/2025\/02\/Canva2-300x300.png 300w, https:\/\/h2lac.org\/wp-content\/uploads\/2025\/02\/Canva2-1024x1024.png 1024w, https:\/\/h2lac.org\/wp-content\/uploads\/2025\/02\/Canva2-150x150.png 150w, https:\/\/h2lac.org\/wp-content\/uploads\/2025\/02\/Canva2-500x500.png 500w\" sizes=\"auto, (max-width: 1080px) 100vw, 1080px\" \/><\/div><div class=\"w-post-elm post_title usg_post_title_1 entry-title color_link_inherit\"><a href=\"\/en\/news\/ameropa-and-cip-sign-letter-of-intent-to-supply-green-ammonia-for-hnh-energy-project-in-chile\/\">Ameropa and CIP sign letter of intent to supply green ammonia for HNH Energy project in Chile<\/a><\/div><\/div>\t\t<\/div>\r\n\t\t\t<\/article>\r\n\t<article class=\"w-grid-item size_1x1 post-21174 us_portfolio type-us_portfolio status-publish has-post-thumbnail hentry us_portfolio_category-partners\" data-id=\"21174\">\r\n\t\t<div class=\"w-grid-item-h\">\r\n\t\t\t\t\t\t<div class=\"w-hwrapper usg_hwrapper_1 align_none valign_middle\" style=\"--hwrapper-gap:1.20rem\"><div class=\"w-post-elm post_custom_field usg_post_custom_field_1 type_image us_tile_additional_image color_link_inherit\"><img loading=\"lazy\" decoding=\"async\" width=\"471\" height=\"320\" src=\"https:\/\/h2lac.org\/wp-content\/uploads\/2022\/11\/1-e1669841928243.png\" class=\"attachment-full size-full\" alt=\"\" srcset=\"https:\/\/h2lac.org\/wp-content\/uploads\/2022\/11\/1-e1669841928243.png 471w, https:\/\/h2lac.org\/wp-content\/uploads\/2022\/11\/1-e1669841928243-300x204.png 300w\" sizes=\"auto, (max-width: 471px) 100vw, 471px\" \/><\/div><div class=\"w-post-elm post_title usg_post_title_1 entry-title color_link_inherit\"><a href=\"\/en\/portfolio\/camara-de-hidrogeno-andi-naturgas\/\">Andi Hydrogen Chamber &#8211; Naturgas de Colombia<\/a><\/div><\/div>\t\t<\/div>\r\n\t\t\t<\/article>\r\n\t<article class=\"w-grid-item size_1x1 post-22771 post type-post status-publish format-standard has-post-thumbnail hentry category-h2lac-review-en category-news\" data-id=\"22771\">\r\n\t\t<div class=\"w-grid-item-h\">\r\n\t\t\t\t\t\t<div class=\"w-hwrapper usg_hwrapper_1 align_none valign_middle\" style=\"--hwrapper-gap:1.20rem\"><div class=\"w-post-elm post_custom_field usg_post_custom_field_1 type_image us_tile_additional_image color_link_inherit\"><img loading=\"lazy\" decoding=\"async\" width=\"709\" height=\"530\" src=\"https:\/\/h2lac.org\/wp-content\/uploads\/2024\/07\/giz-copyright.png\" class=\"attachment-full size-full\" alt=\"\" srcset=\"https:\/\/h2lac.org\/wp-content\/uploads\/2024\/07\/giz-copyright.png 709w, https:\/\/h2lac.org\/wp-content\/uploads\/2024\/07\/giz-copyright-300x224.png 300w\" sizes=\"auto, (max-width: 709px) 100vw, 709px\" \/><\/div><div class=\"w-post-elm post_title usg_post_title_1 entry-title color_link_inherit\"><a href=\"\/en\/news\/argentina-moves-forward-in-its-energy-transition-with-eu-support\/\">Argentina moves forward in its energy transition with EU support<\/a><\/div><\/div>\t\t<\/div>\r\n\t\t\t<\/article>\r\n\t<article class=\"w-grid-item size_1x1 post-20875 page type-page status-publish hentry\" data-id=\"20875\">\r\n\t\t<div class=\"w-grid-item-h\">\r\n\t\t\t\t\t\t<div class=\"w-hwrapper usg_hwrapper_1 align_none valign_middle\" style=\"--hwrapper-gap:1.20rem\"><div class=\"w-post-elm post_title usg_post_title_1 entry-title color_link_inherit\"><a href=\"\/en\/atlas-h2lac\/\">Atlas H2LAC<\/a><\/div><\/div>\t\t<\/div>\r\n\t\t\t<\/article>\r\n\t<article class=\"w-grid-item size_1x1 post-22688 post type-post status-publish format-standard has-post-thumbnail hentry category-news tag-brine tag-green-hydrogen pais-chile\" data-id=\"22688\">\r\n\t\t<div class=\"w-grid-item-h\">\r\n\t\t\t\t\t\t<div class=\"w-hwrapper usg_hwrapper_1 align_none valign_middle\" style=\"--hwrapper-gap:1.20rem\"><div class=\"w-post-elm post_custom_field usg_post_custom_field_1 type_image us_tile_additional_image color_link_inherit\"><img loading=\"lazy\" decoding=\"async\" width=\"1080\" height=\"1080\" src=\"https:\/\/h2lac.org\/wp-content\/uploads\/2024\/12\/copyrights-1.png\" class=\"attachment-full size-full\" alt=\"\" srcset=\"https:\/\/h2lac.org\/wp-content\/uploads\/2024\/12\/copyrights-1.png 1080w, https:\/\/h2lac.org\/wp-content\/uploads\/2024\/12\/copyrights-1-300x300.png 300w, https:\/\/h2lac.org\/wp-content\/uploads\/2024\/12\/copyrights-1-1024x1024.png 1024w, https:\/\/h2lac.org\/wp-content\/uploads\/2024\/12\/copyrights-1-150x150.png 150w, https:\/\/h2lac.org\/wp-content\/uploads\/2024\/12\/copyrights-1-500x500.png 500w\" sizes=\"auto, (max-width: 1080px) 100vw, 1080px\" \/><\/div><div class=\"w-post-elm post_title usg_post_title_1 entry-title color_link_inherit\"><a href=\"\/en\/news\/bmwk-h2uppp-program-giz-and-k-utec-join-forces-to-valorize-desalination-by-products-and-enhance-sustainability-of-green-hydrogen-projects\/\">BMWK H2Uppp Program, GIZ and K-UTEC join forces to valorize desalination by-products and enhance sustainability of green hydrogen projects<\/a><\/div><\/div>\t\t<\/div>\r\n\t\t\t<\/article>\r\n\t<article class=\"w-grid-item size_1x1 post-22791 post type-post status-publish format-standard has-post-thumbnail hentry category-h2lac-review-en category-news tag-energy-transition tag-green-hydrogen pais-bolivia\" data-id=\"22791\">\r\n\t\t<div class=\"w-grid-item-h\">\r\n\t\t\t\t\t\t<div class=\"w-hwrapper usg_hwrapper_1 align_none valign_middle\" style=\"--hwrapper-gap:1.20rem\"><div class=\"w-post-elm post_custom_field usg_post_custom_field_1 type_image us_tile_additional_image color_link_inherit\"><img loading=\"lazy\" decoding=\"async\" width=\"1080\" height=\"1080\" src=\"https:\/\/h2lac.org\/wp-content\/uploads\/2024\/09\/Ministerio-de-Hidrocarburos-y-Energia.png\" class=\"attachment-full size-full\" alt=\"\" srcset=\"https:\/\/h2lac.org\/wp-content\/uploads\/2024\/09\/Ministerio-de-Hidrocarburos-y-Energia.png 1080w, https:\/\/h2lac.org\/wp-content\/uploads\/2024\/09\/Ministerio-de-Hidrocarburos-y-Energia-300x300.png 300w, https:\/\/h2lac.org\/wp-content\/uploads\/2024\/09\/Ministerio-de-Hidrocarburos-y-Energia-1024x1024.png 1024w, https:\/\/h2lac.org\/wp-content\/uploads\/2024\/09\/Ministerio-de-Hidrocarburos-y-Energia-150x150.png 150w, https:\/\/h2lac.org\/wp-content\/uploads\/2024\/09\/Ministerio-de-Hidrocarburos-y-Energia-500x500.png 500w\" sizes=\"auto, (max-width: 1080px) 100vw, 1080px\" \/><\/div><div class=\"w-post-elm post_title usg_post_title_1 entry-title color_link_inherit\"><a href=\"\/en\/news\/bolivia-2050-energy-transition-forum-renewable-energies-green-hydrogen-and-climate-finance\/\">Bolivia 2050 Energy Transition Forum: renewable energies, green hydrogen and climate finance<\/a><\/div><\/div>\t\t<\/div>\r\n\t\t\t<\/article>\r\n\t<article class=\"w-grid-item size_1x1 post-22681 post type-post status-publish format-standard has-post-thumbnail hentry category-events category-h2lac-review-en category-news tag-estrategia-nacional-de-h2-en tag-h2-roadmaps pais-bolivia\" data-id=\"22681\">\r\n\t\t<div class=\"w-grid-item-h\">\r\n\t\t\t\t\t\t<div class=\"w-hwrapper usg_hwrapper_1 align_none valign_middle\" style=\"--hwrapper-gap:1.20rem\"><div class=\"w-post-elm post_custom_field usg_post_custom_field_1 type_image us_tile_additional_image color_link_inherit\"><img loading=\"lazy\" decoding=\"async\" width=\"1080\" height=\"1080\" src=\"https:\/\/h2lac.org\/wp-content\/uploads\/2024\/12\/copyrights.png\" class=\"attachment-full size-full\" alt=\"\" srcset=\"https:\/\/h2lac.org\/wp-content\/uploads\/2024\/12\/copyrights.png 1080w, https:\/\/h2lac.org\/wp-content\/uploads\/2024\/12\/copyrights-300x300.png 300w, https:\/\/h2lac.org\/wp-content\/uploads\/2024\/12\/copyrights-1024x1024.png 1024w, https:\/\/h2lac.org\/wp-content\/uploads\/2024\/12\/copyrights-150x150.png 150w, https:\/\/h2lac.org\/wp-content\/uploads\/2024\/12\/copyrights-500x500.png 500w\" sizes=\"auto, (max-width: 1080px) 100vw, 1080px\" \/><\/div><div class=\"w-post-elm post_title usg_post_title_1 entry-title color_link_inherit\"><a href=\"\/en\/news\/bolivia-presents-its-roadmap-and-strategy-for-green-hydrogen-development\/\">Bolivia presents its roadmap and strategy for green hydrogen development<\/a><\/div><\/div>\t\t<\/div>\r\n\t\t\t<\/article>\r\n\t<article class=\"w-grid-item size_1x1 post-21171 us_portfolio type-us_portfolio status-publish has-post-thumbnail hentry us_portfolio_category-partners\" data-id=\"21171\">\r\n\t\t<div class=\"w-grid-item-h\">\r\n\t\t\t\t\t\t<div class=\"w-hwrapper usg_hwrapper_1 align_none valign_middle\" style=\"--hwrapper-gap:1.20rem\"><div class=\"w-post-elm post_custom_field usg_post_custom_field_1 type_image us_tile_additional_image color_link_inherit\"><img loading=\"lazy\" decoding=\"async\" width=\"1200\" height=\"543\" src=\"https:\/\/h2lac.org\/wp-content\/uploads\/2023\/02\/3.-Logo-ABER.png\" class=\"attachment-full size-full\" alt=\"\" srcset=\"https:\/\/h2lac.org\/wp-content\/uploads\/2023\/02\/3.-Logo-ABER.png 1200w, https:\/\/h2lac.org\/wp-content\/uploads\/2023\/02\/3.-Logo-ABER-300x136.png 300w, https:\/\/h2lac.org\/wp-content\/uploads\/2023\/02\/3.-Logo-ABER-1024x463.png 1024w\" sizes=\"auto, (max-width: 1200px) 100vw, 1200px\" \/><\/div><div class=\"w-post-elm post_title usg_post_title_1 entry-title color_link_inherit\"><a href=\"\/en\/portfolio\/asociacion-boliviana-de-energias-renovables-aber\/\">Bolivian Association of Renewable Energies, ABER<\/a><\/div><\/div>\t\t<\/div>\r\n\t\t\t<\/article>\r\n\t<article class=\"w-grid-item size_1x1 post-21179 us_portfolio type-us_portfolio status-publish has-post-thumbnail hentry us_portfolio_category-partners\" data-id=\"21179\">\r\n\t\t<div class=\"w-grid-item-h\">\r\n\t\t\t\t\t\t<div class=\"w-hwrapper usg_hwrapper_1 align_none valign_middle\" style=\"--hwrapper-gap:1.20rem\"><div class=\"w-post-elm post_custom_field usg_post_custom_field_1 type_image us_tile_additional_image color_link_inherit\"><img loading=\"lazy\" decoding=\"async\" width=\"2048\" height=\"2048\" src=\"https:\/\/h2lac.org\/wp-content\/uploads\/2022\/09\/LOGO-CBER-2022-OFICIAL.png\" class=\"attachment-full size-full\" alt=\"\" srcset=\"https:\/\/h2lac.org\/wp-content\/uploads\/2022\/09\/LOGO-CBER-2022-OFICIAL.png 2048w, https:\/\/h2lac.org\/wp-content\/uploads\/2022\/09\/LOGO-CBER-2022-OFICIAL-300x300.png 300w, https:\/\/h2lac.org\/wp-content\/uploads\/2022\/09\/LOGO-CBER-2022-OFICIAL-1024x1024.png 1024w, https:\/\/h2lac.org\/wp-content\/uploads\/2022\/09\/LOGO-CBER-2022-OFICIAL-150x150.png 150w, https:\/\/h2lac.org\/wp-content\/uploads\/2022\/09\/LOGO-CBER-2022-OFICIAL-500x500.png 500w\" sizes=\"auto, (max-width: 2048px) 100vw, 2048px\" \/><\/div><div class=\"w-post-elm post_title usg_post_title_1 entry-title color_link_inherit\"><a href=\"\/en\/portfolio\/centro-boliviano-de-energias-renovables\/\">Bolivian Center for Renewable Energies, CBER<\/a><\/div><\/div>\t\t<\/div>\r\n\t\t\t<\/article>\r\n\t<article class=\"w-grid-item size_1x1 post-21170 us_portfolio type-us_portfolio status-publish has-post-thumbnail hentry us_portfolio_category-partners\" data-id=\"21170\">\r\n\t\t<div class=\"w-grid-item-h\">\r\n\t\t\t\t\t\t<div class=\"w-hwrapper usg_hwrapper_1 align_none valign_middle\" style=\"--hwrapper-gap:1.20rem\"><div class=\"w-post-elm post_custom_field usg_post_custom_field_1 type_image us_tile_additional_image color_link_inherit\"><img loading=\"lazy\" decoding=\"async\" width=\"2560\" height=\"504\" src=\"https:\/\/h2lac.org\/wp-content\/uploads\/2023\/02\/1.-AHK-Bolivia-Color-1-scaled.jpg\" class=\"attachment-full size-full\" alt=\"\" srcset=\"https:\/\/h2lac.org\/wp-content\/uploads\/2023\/02\/1.-AHK-Bolivia-Color-1-scaled.jpg 2560w, https:\/\/h2lac.org\/wp-content\/uploads\/2023\/02\/1.-AHK-Bolivia-Color-1-300x59.jpg 300w, https:\/\/h2lac.org\/wp-content\/uploads\/2023\/02\/1.-AHK-Bolivia-Color-1-1024x201.jpg 1024w\" sizes=\"auto, (max-width: 2560px) 100vw, 2560px\" \/><\/div><div class=\"w-post-elm post_title usg_post_title_1 entry-title color_link_inherit\"><a href=\"\/en\/portfolio\/ahk-bolivia\/\">Bolivian-German Chamber of Commerce and Industry, AHK Bolivia<\/a><\/div><\/div>\t\t<\/div>\r\n\t\t\t<\/article>\r\n\t<article class=\"w-grid-item size_1x1 post-22795 post type-post status-publish format-standard has-post-thumbnail hentry category-news tag-saf-en pais-brasil\" data-id=\"22795\">\r\n\t\t<div class=\"w-grid-item-h\">\r\n\t\t\t\t\t\t<div class=\"w-hwrapper usg_hwrapper_1 align_none valign_middle\" style=\"--hwrapper-gap:1.20rem\"><div class=\"w-post-elm post_custom_field usg_post_custom_field_1 type_image us_tile_additional_image color_link_inherit\"><img loading=\"lazy\" decoding=\"async\" width=\"1080\" height=\"1080\" src=\"https:\/\/h2lac.org\/wp-content\/uploads\/2024\/10\/canva.png\" class=\"attachment-full size-full\" alt=\"\" srcset=\"https:\/\/h2lac.org\/wp-content\/uploads\/2024\/10\/canva.png 1080w, https:\/\/h2lac.org\/wp-content\/uploads\/2024\/10\/canva-300x300.png 300w, https:\/\/h2lac.org\/wp-content\/uploads\/2024\/10\/canva-1024x1024.png 1024w, https:\/\/h2lac.org\/wp-content\/uploads\/2024\/10\/canva-150x150.png 150w, https:\/\/h2lac.org\/wp-content\/uploads\/2024\/10\/canva-500x500.png 500w\" sizes=\"auto, (max-width: 1080px) 100vw, 1080px\" \/><\/div><div class=\"w-post-elm post_title usg_post_title_1 entry-title color_link_inherit\"><a href=\"\/en\/news\/brazil-fuel-of-the-future-law-to-boost-sustainable-mobility-in-the-country\/\">Brazil: &#8220;Fuel of the Future&#8221; law to boost sustainable mobility in the country<\/a><\/div><\/div>\t\t<\/div>\r\n\t\t\t<\/article>\r\n\t<article class=\"w-grid-item size_1x1 post-22706 post type-post status-publish format-standard has-post-thumbnail hentry category-news tag-ammonia tag-green-hydrogen pais-brasil\" data-id=\"22706\">\r\n\t\t<div class=\"w-grid-item-h\">\r\n\t\t\t\t\t\t<div class=\"w-hwrapper usg_hwrapper_1 align_none valign_middle\" style=\"--hwrapper-gap:1.20rem\"><div class=\"w-post-elm post_custom_field usg_post_custom_field_1 type_image us_tile_additional_image color_link_inherit\"><img loading=\"lazy\" decoding=\"async\" width=\"1080\" height=\"1080\" src=\"https:\/\/h2lac.org\/wp-content\/uploads\/2025\/02\/Canva-1.png\" class=\"attachment-full size-full\" alt=\"\" srcset=\"https:\/\/h2lac.org\/wp-content\/uploads\/2025\/02\/Canva-1.png 1080w, https:\/\/h2lac.org\/wp-content\/uploads\/2025\/02\/Canva-1-300x300.png 300w, https:\/\/h2lac.org\/wp-content\/uploads\/2025\/02\/Canva-1-1024x1024.png 1024w, https:\/\/h2lac.org\/wp-content\/uploads\/2025\/02\/Canva-1-150x150.png 150w, https:\/\/h2lac.org\/wp-content\/uploads\/2025\/02\/Canva-1-500x500.png 500w\" sizes=\"auto, (max-width: 1080px) 100vw, 1080px\" \/><\/div><div class=\"w-post-elm post_title usg_post_title_1 entry-title color_link_inherit\"><a href=\"\/en\/news\/brazil-port-of-acu-and-yamna-agree-to-reserve-land-for-the-development-of-a-green-ammonia-plant\/\">Brazil: Port of A\u00e7u and Yamna agree to reserve land for the development of a green ammonia plant<\/a><\/div><\/div>\t\t<\/div>\r\n\t\t\t<\/article>\r\n\t<article class=\"w-grid-item size_1x1 post-22779 post type-post status-publish format-standard has-post-thumbnail hentry category-news tag-law tag-regulatory-framework pais-brasil\" data-id=\"22779\">\r\n\t\t<div class=\"w-grid-item-h\">\r\n\t\t\t\t\t\t<div class=\"w-hwrapper usg_hwrapper_1 align_none valign_middle\" style=\"--hwrapper-gap:1.20rem\"><div class=\"w-post-elm post_custom_field usg_post_custom_field_1 type_image us_tile_additional_image color_link_inherit\"><img loading=\"lazy\" decoding=\"async\" width=\"1080\" height=\"1080\" src=\"https:\/\/h2lac.org\/wp-content\/uploads\/2024\/08\/Nuevo-marco-juridico-para-el-hidrogeno-en-brasil.png\" class=\"attachment-full size-full\" alt=\"\" srcset=\"https:\/\/h2lac.org\/wp-content\/uploads\/2024\/08\/Nuevo-marco-juridico-para-el-hidrogeno-en-brasil.png 1080w, https:\/\/h2lac.org\/wp-content\/uploads\/2024\/08\/Nuevo-marco-juridico-para-el-hidrogeno-en-brasil-300x300.png 300w, https:\/\/h2lac.org\/wp-content\/uploads\/2024\/08\/Nuevo-marco-juridico-para-el-hidrogeno-en-brasil-1024x1024.png 1024w, https:\/\/h2lac.org\/wp-content\/uploads\/2024\/08\/Nuevo-marco-juridico-para-el-hidrogeno-en-brasil-150x150.png 150w, https:\/\/h2lac.org\/wp-content\/uploads\/2024\/08\/Nuevo-marco-juridico-para-el-hidrogeno-en-brasil-500x500.png 500w\" sizes=\"auto, (max-width: 1080px) 100vw, 1080px\" \/><\/div><div class=\"w-post-elm post_title usg_post_title_1 entry-title color_link_inherit\"><a href=\"\/en\/news\/brazil-president-enacts-law-for-hydrogen-development\/\">Brazil: President enacts law for hydrogen development<\/a><\/div><\/div>\t\t<\/div>\r\n\t\t\t<\/article>\r\n\t<article class=\"w-grid-item size_1x1 post-22714 post type-post status-publish format-standard has-post-thumbnail hentry category-news tag-clean-hydrogen-mission-en tag-convocatoria-en tag-development tag-id-en tag-innovation tag-investigacion-en pais-lac\" data-id=\"22714\">\r\n\t\t<div class=\"w-grid-item-h\">\r\n\t\t\t\t\t\t<div class=\"w-hwrapper usg_hwrapper_1 align_none valign_middle\" style=\"--hwrapper-gap:1.20rem\"><div class=\"w-post-elm post_custom_field usg_post_custom_field_1 type_image us_tile_additional_image color_link_inherit\"><img loading=\"lazy\" decoding=\"async\" width=\"1280\" height=\"720\" src=\"https:\/\/h2lac.org\/wp-content\/uploads\/2025\/01\/1733836884952.jpg\" class=\"attachment-full size-full\" alt=\"\" srcset=\"https:\/\/h2lac.org\/wp-content\/uploads\/2025\/01\/1733836884952.jpg 1280w, https:\/\/h2lac.org\/wp-content\/uploads\/2025\/01\/1733836884952-300x169.jpg 300w, https:\/\/h2lac.org\/wp-content\/uploads\/2025\/01\/1733836884952-1024x576.jpg 1024w\" sizes=\"auto, (max-width: 1280px) 100vw, 1280px\" \/><\/div><div class=\"w-post-elm post_title usg_post_title_1 entry-title color_link_inherit\"><a href=\"\/en\/news\/call-for-case-studies-clean-hydrogen-mission-and-innovation-in-low-carbon-hydrogen-applications\/\">Call for Case Studies: Clean Hydrogen Mission and Innovation in Low-Carbon Hydrogen Applications<\/a><\/div><\/div>\t\t<\/div>\r\n\t\t\t<\/article>\r\n\t<article class=\"w-grid-item size_1x1 post-21018 us_portfolio type-us_portfolio status-publish has-post-thumbnail hentry us_portfolio_category-partners\" data-id=\"21018\">\r\n\t\t<div class=\"w-grid-item-h\">\r\n\t\t\t\t\t\t<div class=\"w-hwrapper usg_hwrapper_1 align_none valign_middle\" style=\"--hwrapper-gap:1.20rem\"><div class=\"w-post-elm post_custom_field usg_post_custom_field_1 type_image us_tile_additional_image color_link_inherit\"><img loading=\"lazy\" decoding=\"async\" width=\"1000\" height=\"288\" src=\"https:\/\/h2lac.org\/wp-content\/uploads\/2023\/05\/Logo-nuevo-Holland-House-e1684262177211.png\" class=\"attachment-full size-full\" alt=\"\" srcset=\"https:\/\/h2lac.org\/wp-content\/uploads\/2023\/05\/Logo-nuevo-Holland-House-e1684262177211.png 1000w, https:\/\/h2lac.org\/wp-content\/uploads\/2023\/05\/Logo-nuevo-Holland-House-e1684262177211-300x86.png 300w\" sizes=\"auto, (max-width: 1000px) 100vw, 1000px\" \/><\/div><div class=\"w-post-elm post_title usg_post_title_1 entry-title color_link_inherit\"><a href=\"\/en\/portfolio\/camara-de-comercio-colombo-holandesa-holland-house\/\">C\u00e1mara de Comercio Colombo &#8211; Holandesa, Holland House<\/a><\/div><\/div>\t\t<\/div>\r\n\t\t\t<\/article>\r\n\t<article class=\"w-grid-item size_1x1 post-21202 us_portfolio type-us_portfolio status-publish has-post-thumbnail hentry us_portfolio_category-partners\" data-id=\"21202\">\r\n\t\t<div class=\"w-grid-item-h\">\r\n\t\t\t\t\t\t<div class=\"w-hwrapper usg_hwrapper_1 align_none valign_middle\" style=\"--hwrapper-gap:1.20rem\"><div class=\"w-post-elm post_custom_field usg_post_custom_field_1 type_image us_tile_additional_image color_link_inherit\"><img loading=\"lazy\" decoding=\"async\" width=\"1142\" height=\"1141\" src=\"https:\/\/h2lac.org\/wp-content\/uploads\/2022\/03\/NUEVO_LOGO_Ceare_conbajada-02_v2.jpg\" class=\"attachment-full size-full\" alt=\"\" srcset=\"https:\/\/h2lac.org\/wp-content\/uploads\/2022\/03\/NUEVO_LOGO_Ceare_conbajada-02_v2.jpg 1142w, https:\/\/h2lac.org\/wp-content\/uploads\/2022\/03\/NUEVO_LOGO_Ceare_conbajada-02_v2-300x300.jpg 300w, https:\/\/h2lac.org\/wp-content\/uploads\/2022\/03\/NUEVO_LOGO_Ceare_conbajada-02_v2-1024x1024.jpg 1024w, https:\/\/h2lac.org\/wp-content\/uploads\/2022\/03\/NUEVO_LOGO_Ceare_conbajada-02_v2-150x150.jpg 150w, https:\/\/h2lac.org\/wp-content\/uploads\/2022\/03\/NUEVO_LOGO_Ceare_conbajada-02_v2-500x500.jpg 500w\" sizes=\"auto, (max-width: 1142px) 100vw, 1142px\" \/><\/div><div class=\"w-post-elm post_title usg_post_title_1 entry-title color_link_inherit\"><a href=\"\/en\/portfolio\/centro-de-estudios-de-la-actividad-regulatoria-energetica\/\">Centro de Estudios de la Actividad Regulatoria Energ\u00e9tica de la Universidad de Buenos Aires, Argentina, CEARE<\/a><\/div><\/div>\t\t<\/div>\r\n\t\t\t<\/article>\r\n\t<article class=\"w-grid-item size_1x1 post-22719 post type-post status-publish format-standard has-post-thumbnail hentry category-news tag-efuels-en tag-green-hydrogen tag-hydrolinera pais-chile\" data-id=\"22719\">\r\n\t\t<div class=\"w-grid-item-h\">\r\n\t\t\t\t\t\t<div class=\"w-hwrapper usg_hwrapper_1 align_none valign_middle\" style=\"--hwrapper-gap:1.20rem\"><div class=\"w-post-elm post_custom_field usg_post_custom_field_1 type_image us_tile_additional_image color_link_inherit\"><img loading=\"lazy\" decoding=\"async\" width=\"1080\" height=\"1080\" src=\"https:\/\/h2lac.org\/wp-content\/uploads\/2025\/01\/Canva.png\" class=\"attachment-full size-full\" alt=\"\" srcset=\"https:\/\/h2lac.org\/wp-content\/uploads\/2025\/01\/Canva.png 1080w, https:\/\/h2lac.org\/wp-content\/uploads\/2025\/01\/Canva-300x300.png 300w, https:\/\/h2lac.org\/wp-content\/uploads\/2025\/01\/Canva-1024x1024.png 1024w, https:\/\/h2lac.org\/wp-content\/uploads\/2025\/01\/Canva-150x150.png 150w, https:\/\/h2lac.org\/wp-content\/uploads\/2025\/01\/Canva-500x500.png 500w\" sizes=\"auto, (max-width: 1080px) 100vw, 1080px\" \/><\/div><div class=\"w-post-elm post_title usg_post_title_1 entry-title color_link_inherit\"><a href=\"\/en\/news\/chile-copec-will-implement-the-first-hydroline-station-for-high-tonnage-trucks-in-the-country\/\">Chile: Copec will implement the first hydroline station for high tonnage trucks in the country<\/a><\/div><\/div>\t\t<\/div>\r\n\t\t\t<\/article>\r\n\t<article class=\"w-grid-item size_1x1 post-22790 post type-post status-publish format-standard has-post-thumbnail hentry category-news tag-electrolizador-en pais-chile\" data-id=\"22790\">\r\n\t\t<div class=\"w-grid-item-h\">\r\n\t\t\t\t\t\t<div class=\"w-hwrapper usg_hwrapper_1 align_none valign_middle\" style=\"--hwrapper-gap:1.20rem\"><div class=\"w-post-elm post_custom_field usg_post_custom_field_1 type_image us_tile_additional_image color_link_inherit\"><img loading=\"lazy\" decoding=\"async\" width=\"1080\" height=\"1080\" src=\"https:\/\/h2lac.org\/wp-content\/uploads\/2024\/10\/cicitem-2.png\" class=\"attachment-full size-full\" alt=\"\" srcset=\"https:\/\/h2lac.org\/wp-content\/uploads\/2024\/10\/cicitem-2.png 1080w, https:\/\/h2lac.org\/wp-content\/uploads\/2024\/10\/cicitem-2-300x300.png 300w, https:\/\/h2lac.org\/wp-content\/uploads\/2024\/10\/cicitem-2-1024x1024.png 1024w, https:\/\/h2lac.org\/wp-content\/uploads\/2024\/10\/cicitem-2-150x150.png 150w, https:\/\/h2lac.org\/wp-content\/uploads\/2024\/10\/cicitem-2-500x500.png 500w\" sizes=\"auto, (max-width: 1080px) 100vw, 1080px\" \/><\/div><div class=\"w-post-elm post_title usg_post_title_1 entry-title color_link_inherit\"><a href=\"\/en\/news\/chile-corfo-extends-call-for-projects-to-develop-or-assemble-electrolyzers-in-the-country\/\">Chile: CORFO extends call for projects to develop or assemble electrolyzers in the country<\/a><\/div><\/div>\t\t<\/div>\r\n\t\t\t<\/article>\r\n\t<article class=\"w-grid-item size_1x1 post-22798 post type-post status-publish format-standard has-post-thumbnail hentry category-news tag-decarbonization tag-freight-forwarding tag-green-hydrogen pais-chile\" data-id=\"22798\">\r\n\t\t<div class=\"w-grid-item-h\">\r\n\t\t\t\t\t\t<div class=\"w-hwrapper usg_hwrapper_1 align_none valign_middle\" style=\"--hwrapper-gap:1.20rem\"><div class=\"w-post-elm post_custom_field usg_post_custom_field_1 type_image us_tile_additional_image color_link_inherit\"><img loading=\"lazy\" decoding=\"async\" width=\"1021\" height=\"680\" src=\"https:\/\/h2lac.org\/wp-content\/uploads\/2024\/11\/FCAB.png\" class=\"attachment-full size-full\" alt=\"\" srcset=\"https:\/\/h2lac.org\/wp-content\/uploads\/2024\/11\/FCAB.png 1021w, https:\/\/h2lac.org\/wp-content\/uploads\/2024\/11\/FCAB-300x200.png 300w, https:\/\/h2lac.org\/wp-content\/uploads\/2024\/11\/FCAB-391x260.png 391w\" sizes=\"auto, (max-width: 1021px) 100vw, 1021px\" \/><\/div><div class=\"w-post-elm post_title usg_post_title_1 entry-title color_link_inherit\"><a href=\"\/en\/news\/chile-ferrocarril-antofagasta-bolivia-fcab-inaugurates-first-hydrogen-locomotive-in-latin-america\/\">Chile: Ferrocarril Antofagasta Bolivia (FCAB) inaugurates first hydrogen locomotive in Latin America<\/a><\/div><\/div>\t\t<\/div>\r\n\t\t\t<\/article>\r\n\t<article class=\"w-grid-item size_1x1 post-21209 us_portfolio type-us_portfolio status-publish has-post-thumbnail hentry us_portfolio_category-partners\" data-id=\"21209\">\r\n\t\t<div class=\"w-grid-item-h\">\r\n\t\t\t\t\t\t<div class=\"w-hwrapper usg_hwrapper_1 align_none valign_middle\" style=\"--hwrapper-gap:1.20rem\"><div class=\"w-post-elm post_custom_field usg_post_custom_field_1 type_image us_tile_additional_image color_link_inherit\"><img loading=\"lazy\" decoding=\"async\" width=\"2363\" height=\"2363\" src=\"https:\/\/h2lac.org\/wp-content\/uploads\/2022\/02\/Logo-H2-Chile-1.png\" class=\"attachment-full size-full\" alt=\"\" srcset=\"https:\/\/h2lac.org\/wp-content\/uploads\/2022\/02\/Logo-H2-Chile-1.png 2363w, https:\/\/h2lac.org\/wp-content\/uploads\/2022\/02\/Logo-H2-Chile-1-300x300.png 300w, https:\/\/h2lac.org\/wp-content\/uploads\/2022\/02\/Logo-H2-Chile-1-1024x1024.png 1024w, https:\/\/h2lac.org\/wp-content\/uploads\/2022\/02\/Logo-H2-Chile-1-150x150.png 150w, https:\/\/h2lac.org\/wp-content\/uploads\/2022\/02\/Logo-H2-Chile-1-500x500.png 500w\" sizes=\"auto, (max-width: 2363px) 100vw, 2363px\" \/><\/div><div class=\"w-post-elm post_title usg_post_title_1 entry-title color_link_inherit\"><a href=\"\/en\/portfolio\/13083\/\">Chilean Hydrogen Association, H2 Chile<\/a><\/div><\/div>\t\t<\/div>\r\n\t\t\t<\/article>\r\n\t<article class=\"w-grid-item size_1x1 post-22693 post type-post status-publish format-standard has-post-thumbnail hentry category-news tag-energias-renovables-en tag-green-hydrogen pais-chile\" data-id=\"22693\">\r\n\t\t<div class=\"w-grid-item-h\">\r\n\t\t\t\t\t\t<div class=\"w-hwrapper usg_hwrapper_1 align_none valign_middle\" style=\"--hwrapper-gap:1.20rem\"><div class=\"w-post-elm post_custom_field usg_post_custom_field_1 type_image us_tile_additional_image color_link_inherit\"><img loading=\"lazy\" decoding=\"async\" width=\"2048\" height=\"1303\" src=\"https:\/\/h2lac.org\/wp-content\/uploads\/2024\/05\/CICITEM-3.png\" class=\"attachment-full size-full\" alt=\"\" srcset=\"https:\/\/h2lac.org\/wp-content\/uploads\/2024\/05\/CICITEM-3.png 2048w, https:\/\/h2lac.org\/wp-content\/uploads\/2024\/05\/CICITEM-3-300x191.png 300w, https:\/\/h2lac.org\/wp-content\/uploads\/2024\/05\/CICITEM-3-1024x652.png 1024w\" sizes=\"auto, (max-width: 2048px) 100vw, 2048px\" \/><\/div><div class=\"w-post-elm post_title usg_post_title_1 entry-title color_link_inherit\"><a href=\"\/en\/news\/cicitem-and-green-hydrogen-advancing-with-its-mobile-pilot-plant-in-northern-chile\/\">CICITEM and green hydrogen, advancing with its Mobile Pilot Plant in northern Chile<\/a><\/div><\/div>\t\t<\/div>\r\n\t\t\t<\/article>\r\n\t<article class=\"w-grid-item size_1x1 post-22726 post type-post status-publish format-standard has-post-thumbnail hentry category-h2lac-review-en category-news tag-hydrogen tag-public-policy pais-colombia\" data-id=\"22726\">\r\n\t\t<div class=\"w-grid-item-h\">\r\n\t\t\t\t\t\t<div class=\"w-hwrapper usg_hwrapper_1 align_none valign_middle\" style=\"--hwrapper-gap:1.20rem\"><div class=\"w-post-elm post_custom_field usg_post_custom_field_1 type_image us_tile_additional_image color_link_inherit\"><img loading=\"lazy\" decoding=\"async\" width=\"940\" height=\"455\" src=\"https:\/\/h2lac.org\/wp-content\/uploads\/2025\/04\/H2-Diplo.png\" class=\"attachment-full size-full\" alt=\"\" srcset=\"https:\/\/h2lac.org\/wp-content\/uploads\/2025\/04\/H2-Diplo.png 940w, https:\/\/h2lac.org\/wp-content\/uploads\/2025\/04\/H2-Diplo-300x145.png 300w\" sizes=\"auto, (max-width: 940px) 100vw, 940px\" \/><\/div><div class=\"w-post-elm post_title usg_post_title_1 entry-title color_link_inherit\"><a href=\"\/en\/news\/colombia-starts-the-construction-of-the-conpes-to-consolidate-the-national-policy-on-low-emissions-h2\/\">Colombia starts the construction of the CONPES to consolidate the National Policy on Low Emissions H2<\/a><\/div><\/div>\t\t<\/div>\r\n\t\t\t<\/article>\r\n\t<article class=\"w-grid-item size_1x1 post-22794 post type-post status-publish format-standard has-post-thumbnail hentry category-h2lac-review-en category-news tag-financing tag-green-hydrogen tag-projects pais-colombia\" data-id=\"22794\">\r\n\t\t<div class=\"w-grid-item-h\">\r\n\t\t\t\t\t\t<div class=\"w-hwrapper usg_hwrapper_1 align_none valign_middle\" style=\"--hwrapper-gap:1.20rem\"><div class=\"w-post-elm post_custom_field usg_post_custom_field_1 type_image us_tile_additional_image color_link_inherit\"><img loading=\"lazy\" decoding=\"async\" width=\"2560\" height=\"1920\" src=\"https:\/\/h2lac.org\/wp-content\/uploads\/2024\/09\/side-event-summit-scaled.jpg\" class=\"attachment-full size-full\" alt=\"\" srcset=\"https:\/\/h2lac.org\/wp-content\/uploads\/2024\/09\/side-event-summit-scaled.jpg 2560w, https:\/\/h2lac.org\/wp-content\/uploads\/2024\/09\/side-event-summit-300x225.jpg 300w, https:\/\/h2lac.org\/wp-content\/uploads\/2024\/09\/side-event-summit-1024x768.jpg 1024w\" sizes=\"auto, (max-width: 2560px) 100vw, 2560px\" \/><\/div><div class=\"w-post-elm post_title usg_post_title_1 entry-title color_link_inherit\"><a href=\"\/en\/news\/colombia-experiences-from-latin-america-to-accelerate-green-hydrogen-investment\/\">Colombia: Experiences from Latin America to accelerate green hydrogen investment<\/a><\/div><\/div>\t\t<\/div>\r\n\t\t\t<\/article>\r\n\t<article class=\"w-grid-item size_1x1 post-22786 post type-post status-publish format-standard has-post-thumbnail hentry category-h2lac-review-en category-news tag-amoniaco-verde-en pais-mexico\" data-id=\"22786\">\r\n\t\t<div class=\"w-grid-item-h\">\r\n\t\t\t\t\t\t<div class=\"w-hwrapper usg_hwrapper_1 align_none valign_middle\" style=\"--hwrapper-gap:1.20rem\"><div class=\"w-post-elm post_custom_field usg_post_custom_field_1 type_image us_tile_additional_image color_link_inherit\"><img loading=\"lazy\" decoding=\"async\" width=\"678\" height=\"910\" src=\"https:\/\/h2lac.org\/wp-content\/uploads\/2024\/09\/MX-Amoniaco.jpg\" class=\"attachment-full size-full\" alt=\"\" srcset=\"https:\/\/h2lac.org\/wp-content\/uploads\/2024\/09\/MX-Amoniaco.jpg 678w, https:\/\/h2lac.org\/wp-content\/uploads\/2024\/09\/MX-Amoniaco-224x300.jpg 224w\" sizes=\"auto, (max-width: 678px) 100vw, 678px\" \/><\/div><div class=\"w-post-elm post_title usg_post_title_1 entry-title color_link_inherit\"><a href=\"\/en\/news\/competitiveness-analysis-for-green-ammonia-production-in-mexico\/\">Competitiveness analysis for green ammonia production in Mexico<\/a><\/div><\/div>\t\t<\/div>\r\n\t\t\t<\/article>\r\n\t<article class=\"w-grid-item size_1x1 post-22743 page type-page status-publish hentry\" data-id=\"22743\">\r\n\t\t<div class=\"w-grid-item-h\">\r\n\t\t\t\t\t\t<div class=\"w-hwrapper usg_hwrapper_1 align_none valign_middle\" style=\"--hwrapper-gap:1.20rem\"><div class=\"w-post-elm post_title usg_post_title_1 entry-title color_link_inherit\"><a href=\"\/en\/contact\/\">Contact<\/a><\/div><\/div>\t\t<\/div>\r\n\t\t\t<\/article>\r\n\t<article class=\"w-grid-item size_1x1 post-21428 post type-post status-publish format-standard has-post-thumbnail hentry category-h2lac-review-en category-news tag-electrolizadores-en tag-investigacion-en pais-chile\" data-id=\"21428\">\r\n\t\t<div class=\"w-grid-item-h\">\r\n\t\t\t\t\t\t<div class=\"w-hwrapper usg_hwrapper_1 align_none valign_middle\" style=\"--hwrapper-gap:1.20rem\"><div class=\"w-post-elm post_custom_field usg_post_custom_field_1 type_image us_tile_additional_image color_link_inherit\"><img loading=\"lazy\" decoding=\"async\" width=\"1080\" height=\"1080\" src=\"https:\/\/h2lac.org\/wp-content\/uploads\/2024\/05\/GIZ-7.png\" class=\"attachment-full size-full\" alt=\"\" srcset=\"https:\/\/h2lac.org\/wp-content\/uploads\/2024\/05\/GIZ-7.png 1080w, https:\/\/h2lac.org\/wp-content\/uploads\/2024\/05\/GIZ-7-300x300.png 300w, https:\/\/h2lac.org\/wp-content\/uploads\/2024\/05\/GIZ-7-1024x1024.png 1024w, https:\/\/h2lac.org\/wp-content\/uploads\/2024\/05\/GIZ-7-150x150.png 150w, https:\/\/h2lac.org\/wp-content\/uploads\/2024\/05\/GIZ-7-500x500.png 500w\" sizes=\"auto, (max-width: 1080px) 100vw, 1080px\" \/><\/div><div class=\"w-post-elm post_title usg_post_title_1 entry-title color_link_inherit\"><a href=\"\/en\/news\/corfo-llama-a-presentar-propuestas-para-fabricar-electrolizadores-en-chile\/\">Corfo llama a presentar propuestas para fabricar electrolizadores en Chile<\/a><\/div><\/div>\t\t<\/div>\r\n\t\t\t<\/article>\r\n\t<article class=\"w-grid-item size_1x1 post-21203 us_portfolio type-us_portfolio status-publish has-post-thumbnail hentry us_portfolio_category-partners\" data-id=\"21203\">\r\n\t\t<div class=\"w-grid-item-h\">\r\n\t\t\t\t\t\t<div class=\"w-hwrapper usg_hwrapper_1 align_none valign_middle\" style=\"--hwrapper-gap:1.20rem\"><div class=\"w-post-elm post_custom_field usg_post_custom_field_1 type_image us_tile_additional_image color_link_inherit\"><img loading=\"lazy\" decoding=\"async\" width=\"555\" height=\"1008\" src=\"https:\/\/h2lac.org\/wp-content\/uploads\/2022\/03\/Logo-Alianza-por-el-hidrogenopng.png\" class=\"attachment-full size-full\" alt=\"\" srcset=\"https:\/\/h2lac.org\/wp-content\/uploads\/2022\/03\/Logo-Alianza-por-el-hidrogenopng.png 555w, https:\/\/h2lac.org\/wp-content\/uploads\/2022\/03\/Logo-Alianza-por-el-hidrogenopng-165x300.png 165w\" sizes=\"auto, (max-width: 555px) 100vw, 555px\" \/><\/div><div class=\"w-post-elm post_title usg_post_title_1 entry-title color_link_inherit\"><a href=\"\/en\/portfolio\/alianza-por-el-hidrogeno-de-costa-rica\/\">Costa Rica Hydrogen Alliance<\/a><\/div><\/div>\t\t<\/div>\r\n\t\t\t<\/article>\r\n\t<article class=\"w-grid-item size_1x1 post-22780 post type-post status-publish format-standard has-post-thumbnail hentry category-news tag-economy tag-green-hydrogen pais-costa-rica\" data-id=\"22780\">\r\n\t\t<div class=\"w-grid-item-h\">\r\n\t\t\t\t\t\t<div class=\"w-hwrapper usg_hwrapper_1 align_none valign_middle\" style=\"--hwrapper-gap:1.20rem\"><div class=\"w-post-elm post_custom_field usg_post_custom_field_1 type_image us_tile_additional_image color_link_inherit\"><img loading=\"lazy\" decoding=\"async\" width=\"940\" height=\"788\" src=\"https:\/\/h2lac.org\/wp-content\/uploads\/2024\/08\/GIZ-Costa-Rica.png\" class=\"attachment-full size-full\" alt=\"\" srcset=\"https:\/\/h2lac.org\/wp-content\/uploads\/2024\/08\/GIZ-Costa-Rica.png 940w, https:\/\/h2lac.org\/wp-content\/uploads\/2024\/08\/GIZ-Costa-Rica-300x251.png 300w\" sizes=\"auto, (max-width: 940px) 100vw, 940px\" \/><\/div><div class=\"w-post-elm post_title usg_post_title_1 entry-title color_link_inherit\"><a href=\"\/en\/news\/costa-rica-25-million-euro-green-hydrogen-project-approved\/\">Costa Rica: 25 million Euro green hydrogen project approved<\/a><\/div><\/div>\t\t<\/div>\r\n\t\t\t<\/article>\r\n\t<article class=\"w-grid-item size_1x1 post-21176 us_portfolio type-us_portfolio status-publish has-post-thumbnail hentry us_portfolio_category-partners\" data-id=\"21176\">\r\n\t\t<div class=\"w-grid-item-h\">\r\n\t\t\t\t\t\t<div class=\"w-hwrapper usg_hwrapper_1 align_none valign_middle\" style=\"--hwrapper-gap:1.20rem\"><div class=\"w-post-elm post_title usg_post_title_1 entry-title color_link_inherit\"><a href=\"\/en\/portfolio\/ach2\/\">Costa Rican Hydrogen Association, ACH2<\/a><\/div><\/div>\t\t<\/div>\r\n\t\t\t<\/article>\r\n\t<article class=\"w-grid-item size_1x1 post-22796 post type-post status-publish format-standard has-post-thumbnail hentry category-uncategorized tag-green-hydrogen tag-power-to-x-en tag-training pais-lac\" data-id=\"22796\">\r\n\t\t<div class=\"w-grid-item-h\">\r\n\t\t\t\t\t\t<div class=\"w-hwrapper usg_hwrapper_1 align_none valign_middle\" style=\"--hwrapper-gap:1.20rem\"><div class=\"w-post-elm post_custom_field usg_post_custom_field_1 type_image us_tile_additional_image color_link_inherit\"><img loading=\"lazy\" decoding=\"async\" width=\"596\" height=\"752\" src=\"https:\/\/h2lac.org\/wp-content\/uploads\/2024\/11\/curso-UY-1.png\" class=\"attachment-full size-full\" alt=\"\" srcset=\"https:\/\/h2lac.org\/wp-content\/uploads\/2024\/11\/curso-UY-1.png 596w, https:\/\/h2lac.org\/wp-content\/uploads\/2024\/11\/curso-UY-1-238x300.png 238w\" sizes=\"auto, (max-width: 596px) 100vw, 596px\" \/><\/div><div class=\"w-post-elm post_title usg_post_title_1 entry-title color_link_inherit\"><a href=\"\/en\/uncategorized\/course-on-hydrogen-and-derivatives-fundamentals-and-applications-in-the-energy-transition\/\">Course on hydrogen and derivatives: fundamentals and applications in the energy transition.<\/a><\/div><\/div>\t\t<\/div>\r\n\t\t\t<\/article>\r\n\t<article class=\"w-grid-item size_1x1 post-22730 page type-page status-publish hentry\" data-id=\"22730\">\r\n\t\t<div class=\"w-grid-item-h\">\r\n\t\t\t\t\t\t<div class=\"w-hwrapper usg_hwrapper_1 align_none valign_middle\" style=\"--hwrapper-gap:1.20rem\"><div class=\"w-post-elm post_title usg_post_title_1 entry-title color_link_inherit\"><a href=\"\/en\/data-protection\/\">Data protection<\/a><\/div><\/div>\t\t<\/div>\r\n\t\t\t<\/article>\r\n\t<article class=\"w-grid-item size_1x1 post-21215 us_portfolio type-us_portfolio status-publish has-post-thumbnail hentry us_portfolio_category-counterparty\" data-id=\"21215\">\r\n\t\t<div class=\"w-grid-item-h\">\r\n\t\t\t\t\t\t<div class=\"w-hwrapper usg_hwrapper_1 align_none valign_middle\" style=\"--hwrapper-gap:1.20rem\"><div class=\"w-post-elm post_title usg_post_title_1 entry-title color_link_inherit\"><a href=\"\/en\/portfolio\/giz\/\">Deutsche Gesellschaft f\u00fcr Internationale Zusammenarbeit, GIZ<\/a><\/div><\/div>\t\t<\/div>\r\n\t\t\t<\/article>\r\n\t<article class=\"w-grid-item size_1x1 post-22457 us_portfolio type-us_portfolio status-publish has-post-thumbnail hentry us_portfolio_category-partners\" data-id=\"22457\">\r\n\t\t<div class=\"w-grid-item-h\">\r\n\t\t\t\t\t\t<div class=\"w-hwrapper usg_hwrapper_1 align_none valign_middle\" style=\"--hwrapper-gap:1.20rem\"><div class=\"w-post-elm post_custom_field usg_post_custom_field_1 type_image us_tile_additional_image color_link_inherit\"><img loading=\"lazy\" decoding=\"async\" width=\"1000\" height=\"288\" src=\"https:\/\/h2lac.org\/wp-content\/uploads\/2023\/05\/Logo-nuevo-Holland-House-e1684262177211.png\" class=\"attachment-full size-full\" alt=\"\" srcset=\"https:\/\/h2lac.org\/wp-content\/uploads\/2023\/05\/Logo-nuevo-Holland-House-e1684262177211.png 1000w, https:\/\/h2lac.org\/wp-content\/uploads\/2023\/05\/Logo-nuevo-Holland-House-e1684262177211-300x86.png 300w\" sizes=\"auto, (max-width: 1000px) 100vw, 1000px\" \/><\/div><div class=\"w-post-elm post_title usg_post_title_1 entry-title color_link_inherit\"><a href=\"\/en\/portfolio\/dutch-colombian-chamber-of-commerce-holland-house\/\">Dutch-Colombian Chamber of Commerce, Holland House<\/a><\/div><\/div>\t\t<\/div>\r\n\t\t\t<\/article>\r\n\t<article class=\"w-grid-item size_1x1 post-21212 us_portfolio type-us_portfolio status-publish has-post-thumbnail hentry us_portfolio_category-counterparty\" data-id=\"21212\">\r\n\t\t<div class=\"w-grid-item-h\">\r\n\t\t\t\t\t\t<div class=\"w-hwrapper usg_hwrapper_1 align_none valign_middle\" style=\"--hwrapper-gap:1.20rem\"><div class=\"w-post-elm post_title usg_post_title_1 entry-title color_link_inherit\"><a href=\"\/en\/portfolio\/cepal\/\">Economic Commission for Latin America and the Caribbean, ECLAC<\/a><\/div><\/div>\t\t<\/div>\r\n\t\t\t<\/article>\r\n\t<article class=\"w-grid-item size_1x1 post-22707 post type-post status-publish format-standard has-post-thumbnail hentry category-news tag-h2v-plant pais-colombia\" data-id=\"22707\">\r\n\t\t<div class=\"w-grid-item-h\">\r\n\t\t\t\t\t\t<div class=\"w-hwrapper usg_hwrapper_1 align_none valign_middle\" style=\"--hwrapper-gap:1.20rem\"><div class=\"w-post-elm post_custom_field usg_post_custom_field_1 type_image us_tile_additional_image color_link_inherit\"><img loading=\"lazy\" decoding=\"async\" width=\"1080\" height=\"800\" src=\"https:\/\/h2lac.org\/wp-content\/uploads\/2024\/12\/copyrights-7.png\" class=\"attachment-full size-full\" alt=\"\" srcset=\"https:\/\/h2lac.org\/wp-content\/uploads\/2024\/12\/copyrights-7.png 1080w, https:\/\/h2lac.org\/wp-content\/uploads\/2024\/12\/copyrights-7-300x222.png 300w, https:\/\/h2lac.org\/wp-content\/uploads\/2024\/12\/copyrights-7-1024x759.png 1024w\" sizes=\"auto, (max-width: 1080px) 100vw, 1080px\" \/><\/div><div class=\"w-post-elm post_title usg_post_title_1 entry-title color_link_inherit\"><a href=\"\/en\/news\/ecopetrol-announces-us-28-5-million-investment-for-construction-of-latin-americas-largest-green-hydrogen-plant\/\">Ecopetrol announces US$ 28.5 million investment for construction of Latin America&#8217;s largest green hydrogen plant<\/a><\/div><\/div>\t\t<\/div>\r\n\t\t\t<\/article>\r\n\t<article class=\"w-grid-item size_1x1 post-22781 post type-post status-publish format-standard has-post-thumbnail hentry category-industry\" data-id=\"22781\">\r\n\t\t<div class=\"w-grid-item-h\">\r\n\t\t\t\t\t\t<div class=\"w-hwrapper usg_hwrapper_1 align_none valign_middle\" style=\"--hwrapper-gap:1.20rem\"><div class=\"w-post-elm post_title usg_post_title_1 entry-title color_link_inherit\"><a href=\"\/en\/industry\/ecosistema-h2-colombia-of-the-ministry-of-mines-and-energy-unique-hydrogen-information-system-in-the-country\/\">Ecosistema H2 Colombia of the Ministry of Mines and Energy &#8211; Unique hydrogen information system in the country.<\/a><\/div><\/div>\t\t<\/div>\r\n\t\t\t<\/article>\r\n\t<article class=\"w-grid-item size_1x1 post-21167 us_portfolio type-us_portfolio status-publish has-post-thumbnail hentry us_portfolio_category-partners\" data-id=\"21167\">\r\n\t\t<div class=\"w-grid-item-h\">\r\n\t\t\t\t\t\t<div class=\"w-hwrapper usg_hwrapper_1 align_none valign_middle\" style=\"--hwrapper-gap:1.20rem\"><div class=\"w-post-elm post_custom_field usg_post_custom_field_1 type_image us_tile_additional_image color_link_inherit\"><img loading=\"lazy\" decoding=\"async\" width=\"1200\" height=\"514\" src=\"https:\/\/h2lac.org\/wp-content\/uploads\/2023\/02\/thumbnail_20230125H2Ecuador-logo-final-claim-1-e1677073958345.png\" class=\"attachment-full size-full\" alt=\"\" srcset=\"https:\/\/h2lac.org\/wp-content\/uploads\/2023\/02\/thumbnail_20230125H2Ecuador-logo-final-claim-1-e1677073958345.png 1200w, https:\/\/h2lac.org\/wp-content\/uploads\/2023\/02\/thumbnail_20230125H2Ecuador-logo-final-claim-1-e1677073958345-300x129.png 300w, https:\/\/h2lac.org\/wp-content\/uploads\/2023\/02\/thumbnail_20230125H2Ecuador-logo-final-claim-1-e1677073958345-1024x439.png 1024w\" sizes=\"auto, (max-width: 1200px) 100vw, 1200px\" \/><\/div><div class=\"w-post-elm post_title usg_post_title_1 entry-title color_link_inherit\"><a href=\"\/en\/portfolio\/asociacion-ecuatoriana-de-hidrogeno-h2-ecuador\/\">Ecuadorian Hydrogen Association, H2 Ecuador<\/a><\/div><\/div>\t\t<\/div>\r\n\t\t\t<\/article>\r\n\t<article class=\"w-grid-item size_1x1 post-21169 us_portfolio type-us_portfolio status-publish has-post-thumbnail hentry us_portfolio_category-partners\" data-id=\"21169\">\r\n\t\t<div class=\"w-grid-item-h\">\r\n\t\t\t\t\t\t<div class=\"w-hwrapper usg_hwrapper_1 align_none valign_middle\" style=\"--hwrapper-gap:1.20rem\"><div class=\"w-post-elm post_custom_field usg_post_custom_field_1 type_image us_tile_additional_image color_link_inherit\"><img loading=\"lazy\" decoding=\"async\" width=\"497\" height=\"276\" src=\"https:\/\/h2lac.org\/wp-content\/uploads\/2023\/02\/2.-Logo-ENDE-Corporacion-e1675792251627.png\" class=\"attachment-full size-full\" alt=\"\" srcset=\"https:\/\/h2lac.org\/wp-content\/uploads\/2023\/02\/2.-Logo-ENDE-Corporacion-e1675792251627.png 497w, https:\/\/h2lac.org\/wp-content\/uploads\/2023\/02\/2.-Logo-ENDE-Corporacion-e1675792251627-300x167.png 300w\" sizes=\"auto, (max-width: 497px) 100vw, 497px\" \/><\/div><div class=\"w-post-elm post_title usg_post_title_1 entry-title color_link_inherit\"><a href=\"\/en\/portfolio\/empresa-nacional-de-electricidad-ende\/\">Empresa Nacional de Electricidad de Bolivia, ENDE (Bolivian National Electricity Company)<\/a><\/div><\/div>\t\t<\/div>\r\n\t\t\t<\/article>\r\n\t<article class=\"w-grid-item size_1x1 post-21182 us_portfolio type-us_portfolio status-publish has-post-thumbnail hentry us_portfolio_category-partners\" data-id=\"21182\">\r\n\t\t<div class=\"w-grid-item-h\">\r\n\t\t\t\t\t\t<div class=\"w-hwrapper usg_hwrapper_1 align_none valign_middle\" style=\"--hwrapper-gap:1.20rem\"><div class=\"w-post-elm post_custom_field usg_post_custom_field_1 type_image us_tile_additional_image color_link_inherit\"><img loading=\"lazy\" decoding=\"async\" width=\"568\" height=\"242\" src=\"https:\/\/h2lac.org\/wp-content\/uploads\/2022\/07\/AE_MEX_logo-e1658938904931.jpeg\" class=\"attachment-full size-full\" alt=\"\" srcset=\"https:\/\/h2lac.org\/wp-content\/uploads\/2022\/07\/AE_MEX_logo-e1658938904931.jpeg 568w, https:\/\/h2lac.org\/wp-content\/uploads\/2022\/07\/AE_MEX_logo-e1658938904931-300x128.jpeg 300w\" sizes=\"auto, (max-width: 568px) 100vw, 568px\" \/><\/div><div class=\"w-post-elm post_title usg_post_title_1 entry-title color_link_inherit\"><a href=\"\/en\/portfolio\/alianza-energetica-entre-mexico-y-alemania\/\">Energy Partnership between Mexico and Germany<\/a><\/div><\/div>\t\t<\/div>\r\n\t\t\t<\/article>\r\n\t<article class=\"w-grid-item size_1x1 post-21189 us_portfolio type-us_portfolio status-publish has-post-thumbnail hentry us_portfolio_category-partners\" data-id=\"21189\">\r\n\t\t<div class=\"w-grid-item-h\">\r\n\t\t\t\t\t\t<div class=\"w-hwrapper usg_hwrapper_1 align_none valign_middle\" style=\"--hwrapper-gap:1.20rem\"><div class=\"w-post-elm post_custom_field usg_post_custom_field_1 type_image us_tile_additional_image color_link_inherit\"><img loading=\"lazy\" decoding=\"async\" width=\"451\" height=\"140\" src=\"https:\/\/h2lac.org\/wp-content\/uploads\/2022\/06\/LOGO-EPtery.png\" class=\"attachment-full size-full\" alt=\"\" srcset=\"https:\/\/h2lac.org\/wp-content\/uploads\/2022\/06\/LOGO-EPtery.png 451w, https:\/\/h2lac.org\/wp-content\/uploads\/2022\/06\/LOGO-EPtery-300x93.png 300w\" sizes=\"auto, (max-width: 451px) 100vw, 451px\" \/><\/div><div class=\"w-post-elm post_title usg_post_title_1 entry-title color_link_inherit\"><a href=\"\/en\/portfolio\/energy-partnership-chile-alemania\/\">Energy Partnership Chile &#8211; Germany<\/a><\/div><\/div>\t\t<\/div>\r\n\t\t\t<\/article>\r\n\t<article class=\"w-grid-item size_1x1 post-22777 post type-post status-publish format-standard has-post-thumbnail hentry category-opportunities tag-convocatoria-en tag-energy-partnership-en estado-cerradas-en pais-chile\" data-id=\"22777\">\r\n\t\t<div class=\"w-grid-item-h\">\r\n\t\t\t\t\t\t<div class=\"w-hwrapper usg_hwrapper_1 align_none valign_middle\" style=\"--hwrapper-gap:1.20rem\"><div class=\"w-post-elm post_custom_field usg_post_custom_field_1 type_image us_tile_additional_image color_link_inherit\"><img loading=\"lazy\" decoding=\"async\" width=\"1200\" height=\"1200\" src=\"https:\/\/h2lac.org\/wp-content\/uploads\/2023\/04\/EP-Chile-Cuadrada.png\" class=\"attachment-full size-full\" alt=\"\" srcset=\"https:\/\/h2lac.org\/wp-content\/uploads\/2023\/04\/EP-Chile-Cuadrada.png 1200w, https:\/\/h2lac.org\/wp-content\/uploads\/2023\/04\/EP-Chile-Cuadrada-300x300.png 300w, https:\/\/h2lac.org\/wp-content\/uploads\/2023\/04\/EP-Chile-Cuadrada-1024x1024.png 1024w, https:\/\/h2lac.org\/wp-content\/uploads\/2023\/04\/EP-Chile-Cuadrada-150x150.png 150w\" sizes=\"auto, (max-width: 1200px) 100vw, 1200px\" \/><\/div><div class=\"w-post-elm post_title usg_post_title_1 entry-title color_link_inherit\"><a href=\"\/en\/opportunities\/energy-partnership-chile-germany-and-uruguay-germany-are-looking-for-interns\/\">Energy Partnership Chile-Germany and Uruguay-Germany are looking for interns<\/a><\/div><\/div>\t\t<\/div>\r\n\t\t\t<\/article>\r\n\t<article class=\"w-grid-item size_1x1 post-22718 post type-post status-publish format-standard has-post-thumbnail hentry category-opportunities tag-convocatoria-en tag-energy-partnership-en estado-cerradas-en pais-chile\" data-id=\"22718\">\r\n\t\t<div class=\"w-grid-item-h\">\r\n\t\t\t\t\t\t<div class=\"w-hwrapper usg_hwrapper_1 align_none valign_middle\" style=\"--hwrapper-gap:1.20rem\"><div class=\"w-post-elm post_custom_field usg_post_custom_field_1 type_image us_tile_additional_image color_link_inherit\"><img loading=\"lazy\" decoding=\"async\" width=\"1080\" height=\"1080\" src=\"https:\/\/h2lac.org\/wp-content\/uploads\/2025\/02\/logos-ep.png\" class=\"attachment-full size-full\" alt=\"\" srcset=\"https:\/\/h2lac.org\/wp-content\/uploads\/2025\/02\/logos-ep.png 1080w, https:\/\/h2lac.org\/wp-content\/uploads\/2025\/02\/logos-ep-300x300.png 300w, https:\/\/h2lac.org\/wp-content\/uploads\/2025\/02\/logos-ep-1024x1024.png 1024w, https:\/\/h2lac.org\/wp-content\/uploads\/2025\/02\/logos-ep-150x150.png 150w, https:\/\/h2lac.org\/wp-content\/uploads\/2025\/02\/logos-ep-500x500.png 500w\" sizes=\"auto, (max-width: 1080px) 100vw, 1080px\" \/><\/div><div class=\"w-post-elm post_title usg_post_title_1 entry-title color_link_inherit\"><a href=\"\/en\/opportunities\/energy-partnerships-chile-germany-and-uruguay-germany-are-looking-for-interns\/\">Energy Partnerships Chile-Germany, and Uruguay-Germany are looking for interns<\/a><\/div><\/div>\t\t<\/div>\r\n\t\t\t<\/article>\r\n\t<article class=\"w-grid-item size_1x1 post-23429 post type-post status-publish format-standard has-post-thumbnail hentry category-regulation tag-policy-and-regulation pais-global\" data-id=\"23429\">\r\n\t\t<div class=\"w-grid-item-h\">\r\n\t\t\t\t\t\t<div class=\"w-hwrapper usg_hwrapper_1 align_none valign_middle\" style=\"--hwrapper-gap:1.20rem\"><div class=\"w-post-elm post_title usg_post_title_1 entry-title color_link_inherit\"><a href=\"\/en\/regulation\/esmap-navigator-2025-a-guide-to-understanding-hydrogen-import-regulation-in-the-european-union\/\">ESMAP Navigator 2025: A guide to understanding hydrogen import regulation in the European Union<\/a><\/div><\/div>\t\t<\/div>\r\n\t\t\t<\/article>\r\n\t<article class=\"w-grid-item size_1x1 post-21214 us_portfolio type-us_portfolio status-publish has-post-thumbnail hentry us_portfolio_category-counterparty\" data-id=\"21214\">\r\n\t\t<div class=\"w-grid-item-h\">\r\n\t\t\t\t\t\t<div class=\"w-hwrapper usg_hwrapper_1 align_none valign_middle\" style=\"--hwrapper-gap:1.20rem\"><div class=\"w-post-elm post_title usg_post_title_1 entry-title color_link_inherit\"><a href=\"\/en\/portfolio\/euroclima\/\">Euroclima<\/a><\/div><\/div>\t\t<\/div>\r\n\t\t\t<\/article>\r\n\t<article class=\"w-grid-item size_1x1 post-21365 page type-page status-publish hentry\" data-id=\"21365\">\r\n\t\t<div class=\"w-grid-item-h\">\r\n\t\t\t\t\t\t<div class=\"w-hwrapper usg_hwrapper_1 align_none valign_middle\" style=\"--hwrapper-gap:1.20rem\"><div class=\"w-post-elm post_title usg_post_title_1 entry-title color_link_inherit\"><a href=\"\/en\/eventos\/\">Events<\/a><\/div><\/div>\t\t<\/div>\r\n\t\t\t<\/article>\r\n\t<article class=\"w-grid-item size_1x1 post-20889 page type-page status-publish has-post-thumbnail hentry\" data-id=\"20889\">\r\n\t\t<div class=\"w-grid-item-h\">\r\n\t\t\t\t\t\t<div class=\"w-hwrapper usg_hwrapper_1 align_none valign_middle\" style=\"--hwrapper-gap:1.20rem\"><div class=\"w-post-elm post_title usg_post_title_1 entry-title color_link_inherit\"><a href=\"\/en\/exploring-green-hydrogen\/\">Exploring Green Hydrogen<\/a><\/div><\/div>\t\t<\/div>\r\n\t\t\t<\/article>\r\n\t<article class=\"w-grid-item size_1x1 post-22723 post type-post status-publish format-standard has-post-thumbnail hentry category-news tag-energy pais-global pais-lac\" data-id=\"22723\">\r\n\t\t<div class=\"w-grid-item-h\">\r\n\t\t\t\t\t\t<div class=\"w-hwrapper usg_hwrapper_1 align_none valign_middle\" style=\"--hwrapper-gap:1.20rem\"><div class=\"w-post-elm post_custom_field usg_post_custom_field_1 type_image us_tile_additional_image color_link_inherit\"><img loading=\"lazy\" decoding=\"async\" width=\"1080\" height=\"1080\" src=\"https:\/\/h2lac.org\/wp-content\/uploads\/2025\/02\/Diseno-sin-titulo.png\" class=\"attachment-full size-full\" alt=\"\" srcset=\"https:\/\/h2lac.org\/wp-content\/uploads\/2025\/02\/Diseno-sin-titulo.png 1080w, https:\/\/h2lac.org\/wp-content\/uploads\/2025\/02\/Diseno-sin-titulo-300x300.png 300w, https:\/\/h2lac.org\/wp-content\/uploads\/2025\/02\/Diseno-sin-titulo-1024x1024.png 1024w, https:\/\/h2lac.org\/wp-content\/uploads\/2025\/02\/Diseno-sin-titulo-150x150.png 150w, https:\/\/h2lac.org\/wp-content\/uploads\/2025\/02\/Diseno-sin-titulo-500x500.png 500w\" sizes=\"auto, (max-width: 1080px) 100vw, 1080px\" \/><\/div><div class=\"w-post-elm post_title usg_post_title_1 entry-title color_link_inherit\"><a href=\"\/en\/news\/february-14-international-energy-day\/\">February 14, International Energy Day<\/a><\/div><\/div>\t\t<\/div>\r\n\t\t\t<\/article>\r\n\t<article class=\"w-grid-item size_1x1 post-22729 post type-post status-publish format-standard has-post-thumbnail hentry category-h2lac-review-en category-news tag-financing tag-renewable-hydrogen pais-chile\" data-id=\"22729\">\r\n\t\t<div class=\"w-grid-item-h\">\r\n\t\t\t\t\t\t<div class=\"w-hwrapper usg_hwrapper_1 align_none valign_middle\" style=\"--hwrapper-gap:1.20rem\"><div class=\"w-post-elm post_custom_field usg_post_custom_field_1 type_image us_tile_additional_image color_link_inherit\"><img loading=\"lazy\" decoding=\"async\" width=\"1280\" height=\"720\" src=\"https:\/\/h2lac.org\/wp-content\/uploads\/2025\/04\/FSA.png\" class=\"attachment-full size-full\" alt=\"\" srcset=\"https:\/\/h2lac.org\/wp-content\/uploads\/2025\/04\/FSA.png 1280w, https:\/\/h2lac.org\/wp-content\/uploads\/2025\/04\/FSA-300x169.png 300w, https:\/\/h2lac.org\/wp-content\/uploads\/2025\/04\/FSA-1024x576.png 1024w\" sizes=\"auto, (max-width: 1280px) 100vw, 1280px\" \/><\/div><div class=\"w-post-elm post_title usg_post_title_1 entry-title color_link_inherit\"><a href=\"\/en\/news\/financial-advice-for-renewable-hydrogen-projects-at-financial-service-assistance-fsa\/\">Financial advice for renewable hydrogen projects at Financial Service Assistance (FSA)<\/a><\/div><\/div>\t\t<\/div>\r\n\t\t\t<\/article>\r\n\t<article class=\"w-grid-item size_1x1 post-21193 us_portfolio type-us_portfolio status-publish has-post-thumbnail hentry us_portfolio_category-partners\" data-id=\"21193\">\r\n\t\t<div class=\"w-grid-item-h\">\r\n\t\t\t\t\t\t<div class=\"w-hwrapper usg_hwrapper_1 align_none valign_middle\" style=\"--hwrapper-gap:1.20rem\"><div class=\"w-post-elm post_title usg_post_title_1 entry-title color_link_inherit\"><a href=\"\/en\/portfolio\/fondo-de-energias-no-convencionales-y-gestion-eficiente-de-la-energia\/\">Fondo de Energ\u00edas No Convencionales y Gesti\u00f3n Eficiente de la Energ\u00eda de Colombia, FENOGE (Colombian Non-Conventional Energy and Efficient Energy Management Fund)<\/a><\/div><\/div>\t\t<\/div>\r\n\t\t\t<\/article>\r\n\t<article class=\"w-grid-item size_1x1 post-21248 archivos type-archivos status-publish format-standard has-post-thumbnail hentry category-biblioteca-h2-en tag-green-hydrogen pais-alemania pais-argentina\" data-id=\"21248\">\r\n\t\t<div class=\"w-grid-item-h\">\r\n\t\t\t\t\t\t<div class=\"w-hwrapper usg_hwrapper_1 align_none valign_middle\" style=\"--hwrapper-gap:1.20rem\"><div class=\"w-post-elm post_custom_field usg_post_custom_field_1 type_image us_tile_additional_image color_link_inherit\"><img loading=\"lazy\" decoding=\"async\" width=\"700\" height=\"900\" src=\"https:\/\/h2lac.org\/wp-content\/uploads\/2024\/06\/PtX-1.png\" class=\"attachment-full size-full\" alt=\"\" srcset=\"https:\/\/h2lac.org\/wp-content\/uploads\/2024\/06\/PtX-1.png 700w, https:\/\/h2lac.org\/wp-content\/uploads\/2024\/06\/PtX-1-233x300.png 233w\" sizes=\"auto, (max-width: 700px) 100vw, 700px\" \/><\/div><div class=\"w-post-elm post_title usg_post_title_1 entry-title color_link_inherit\"><a href=\"\/en\/archivos\/de-los-vinculos-a-una-vision-conjunta-alemania-como-socio-estrategico-de-argentina-en-la-economia-del-hidrogeno-verde\/\">From links to a joint vision: Germany as a strategic partner of Argentina in the green hydrogen economy<\/a><\/div><\/div>\t\t<\/div>\r\n\t\t\t<\/article>\r\n\t<article class=\"w-grid-item size_1x1 post-21233 post type-post status-publish format-standard has-post-thumbnail hentry category-industry tag-agua-en tag-power-to-x-en pais-chile-en\" data-id=\"21233\">\r\n\t\t<div class=\"w-grid-item-h\">\r\n\t\t\t\t\t\t<div class=\"w-hwrapper usg_hwrapper_1 align_none valign_middle\" style=\"--hwrapper-gap:1.20rem\"><div class=\"w-post-elm post_custom_field usg_post_custom_field_1 type_image us_tile_additional_image color_link_inherit\"><img loading=\"lazy\" decoding=\"async\" width=\"940\" height=\"788\" src=\"https:\/\/h2lac.org\/wp-content\/uploads\/2023\/10\/webinar-ptx-h2lac-1.png\" class=\"attachment-full size-full\" alt=\"\" srcset=\"https:\/\/h2lac.org\/wp-content\/uploads\/2023\/10\/webinar-ptx-h2lac-1.png 940w, https:\/\/h2lac.org\/wp-content\/uploads\/2023\/10\/webinar-ptx-h2lac-1-300x251.png 300w\" sizes=\"auto, (max-width: 940px) 100vw, 940px\" \/><\/div><div class=\"w-post-elm post_title usg_post_title_1 entry-title color_link_inherit\"><a href=\"\/en\/industry\/fuentes-no-convencionales-de-recurso-hidrico-para-power-to-x-2\/\">Fuentes no convencionales de recurso h\u00eddrico para Power-to-X<\/a><\/div><\/div>\t\t<\/div>\r\n\t\t\t<\/article>\r\n\t<article class=\"w-grid-item size_1x1 post-22503 mec-events type-mec-events status-publish has-post-thumbnail hentry tag-hydrogen tag-just-transition mec_category-eventos-en\" data-id=\"22503\">\r\n\t\t<div class=\"w-grid-item-h\">\r\n\t\t\t\t\t\t<div class=\"w-hwrapper usg_hwrapper_1 align_none valign_middle\" style=\"--hwrapper-gap:1.20rem\"><div class=\"w-post-elm post_custom_field usg_post_custom_field_1 type_image us_tile_additional_image color_link_inherit\"><img loading=\"lazy\" decoding=\"async\" width=\"920\" height=\"356\" src=\"https:\/\/h2lac.org\/wp-content\/uploads\/2025\/02\/evento-h2diplo.png\" class=\"attachment-full size-full\" alt=\"\" srcset=\"https:\/\/h2lac.org\/wp-content\/uploads\/2025\/02\/evento-h2diplo.png 920w, https:\/\/h2lac.org\/wp-content\/uploads\/2025\/02\/evento-h2diplo-300x116.png 300w\" sizes=\"auto, (max-width: 920px) 100vw, 920px\" \/><\/div><div class=\"w-post-elm post_title usg_post_title_1 entry-title color_link_inherit\"><a href=\"\/en\/events\/future-forum-green-hydrogen-challenging-power-structures-in-the-energy-sector-feminist-foreign-policy-as-key-to-a-just-transition\/\">Future Forum Green Hydrogen: Challenging Power Structures in the Energy Sector &#8211; Feminist Foreign Policy as Key to a Just Transition.<\/a><\/div><\/div>\t\t<\/div>\r\n\t\t\t<\/article>\r\n\t<article class=\"w-grid-item size_1x1 post-21201 us_portfolio type-us_portfolio status-publish has-post-thumbnail hentry us_portfolio_category-partners\" data-id=\"21201\">\r\n\t\t<div class=\"w-grid-item-h\">\r\n\t\t\t\t\t\t<div class=\"w-hwrapper usg_hwrapper_1 align_none valign_middle\" style=\"--hwrapper-gap:1.20rem\"><div class=\"w-post-elm post_custom_field usg_post_custom_field_1 type_image us_tile_additional_image color_link_inherit\"><img loading=\"lazy\" decoding=\"async\" width=\"1123\" height=\"225\" src=\"https:\/\/h2lac.org\/wp-content\/uploads\/2022\/03\/LogoAHKenEspanol.Alta-01.jpg\" class=\"attachment-full size-full\" alt=\"\" srcset=\"https:\/\/h2lac.org\/wp-content\/uploads\/2022\/03\/LogoAHKenEspanol.Alta-01.jpg 1123w, https:\/\/h2lac.org\/wp-content\/uploads\/2022\/03\/LogoAHKenEspanol.Alta-01-300x60.jpg 300w, https:\/\/h2lac.org\/wp-content\/uploads\/2022\/03\/LogoAHKenEspanol.Alta-01-1024x205.jpg 1024w\" sizes=\"auto, (max-width: 1123px) 100vw, 1123px\" \/><\/div><div class=\"w-post-elm post_title usg_post_title_1 entry-title color_link_inherit\"><a href=\"\/en\/portfolio\/ahk-argentina\/\">German-Argentinean Chamber of Industry and Commerce, AHK Argentina<\/a><\/div><\/div>\t\t<\/div>\r\n\t\t\t<\/article>\r\n\t<article class=\"w-grid-item size_1x1 post-21187 us_portfolio type-us_portfolio status-publish has-post-thumbnail hentry us_portfolio_category-partners\" data-id=\"21187\">\r\n\t\t<div class=\"w-grid-item-h\">\r\n\t\t\t\t\t\t<div class=\"w-hwrapper usg_hwrapper_1 align_none valign_middle\" style=\"--hwrapper-gap:1.20rem\"><div class=\"w-post-elm post_custom_field usg_post_custom_field_1 type_image us_tile_additional_image color_link_inherit\"><img loading=\"lazy\" decoding=\"async\" width=\"818\" height=\"293\" src=\"https:\/\/h2lac.org\/wp-content\/uploads\/2022\/07\/2021_Logo-AHK-Chile_PNG-e1657573915425.png\" class=\"attachment-full size-full\" alt=\"\" srcset=\"https:\/\/h2lac.org\/wp-content\/uploads\/2022\/07\/2021_Logo-AHK-Chile_PNG-e1657573915425.png 818w, https:\/\/h2lac.org\/wp-content\/uploads\/2022\/07\/2021_Logo-AHK-Chile_PNG-e1657573915425-300x107.png 300w\" sizes=\"auto, (max-width: 818px) 100vw, 818px\" \/><\/div><div class=\"w-post-elm post_title usg_post_title_1 entry-title color_link_inherit\"><a href=\"\/en\/portfolio\/ahk-chile\/\">German-Chilean Chamber of Commerce and Industry, AHK Chile<\/a><\/div><\/div>\t\t<\/div>\r\n\t\t\t<\/article>\r\n\t<article class=\"w-grid-item size_1x1 post-21204 us_portfolio type-us_portfolio status-publish has-post-thumbnail hentry us_portfolio_category-partners\" data-id=\"21204\">\r\n\t\t<div class=\"w-grid-item-h\">\r\n\t\t\t\t\t\t<div class=\"w-hwrapper usg_hwrapper_1 align_none valign_middle\" style=\"--hwrapper-gap:1.20rem\"><div class=\"w-post-elm post_custom_field usg_post_custom_field_1 type_image us_tile_additional_image color_link_inherit\"><img loading=\"lazy\" decoding=\"async\" width=\"1802\" height=\"389\" src=\"https:\/\/h2lac.org\/wp-content\/uploads\/2022\/02\/LogoAHKColombia_CMYK.jpg\" class=\"attachment-full size-full\" alt=\"\" srcset=\"https:\/\/h2lac.org\/wp-content\/uploads\/2022\/02\/LogoAHKColombia_CMYK.jpg 1802w, https:\/\/h2lac.org\/wp-content\/uploads\/2022\/02\/LogoAHKColombia_CMYK-300x65.jpg 300w, https:\/\/h2lac.org\/wp-content\/uploads\/2022\/02\/LogoAHKColombia_CMYK-1024x221.jpg 1024w\" sizes=\"auto, (max-width: 1802px) 100vw, 1802px\" \/><\/div><div class=\"w-post-elm post_title usg_post_title_1 entry-title color_link_inherit\"><a href=\"\/en\/portfolio\/ahk-colombia\/\">German-Colombian Chamber of Commerce and Industry, AHK Colombia<\/a><\/div><\/div>\t\t<\/div>\r\n\t\t\t<\/article>\r\n\t<article class=\"w-grid-item size_1x1 post-21172 us_portfolio type-us_portfolio status-publish has-post-thumbnail hentry us_portfolio_category-partners\" data-id=\"21172\">\r\n\t\t<div class=\"w-grid-item-h\">\r\n\t\t\t\t\t\t<div class=\"w-hwrapper usg_hwrapper_1 align_none valign_middle\" style=\"--hwrapper-gap:1.20rem\"><div class=\"w-post-elm post_custom_field usg_post_custom_field_1 type_image us_tile_additional_image color_link_inherit\"><img loading=\"lazy\" decoding=\"async\" width=\"1337\" height=\"312\" src=\"https:\/\/h2lac.org\/wp-content\/uploads\/2022\/12\/logo-oficial-ahk-1-01-4-1-1.png\" class=\"attachment-full size-full\" alt=\"\" srcset=\"https:\/\/h2lac.org\/wp-content\/uploads\/2022\/12\/logo-oficial-ahk-1-01-4-1-1.png 1337w, https:\/\/h2lac.org\/wp-content\/uploads\/2022\/12\/logo-oficial-ahk-1-01-4-1-1-300x70.png 300w, https:\/\/h2lac.org\/wp-content\/uploads\/2022\/12\/logo-oficial-ahk-1-01-4-1-1-1024x239.png 1024w\" sizes=\"auto, (max-width: 1337px) 100vw, 1337px\" \/><\/div><div class=\"w-post-elm post_title usg_post_title_1 entry-title color_link_inherit\"><a href=\"\/en\/portfolio\/ahk-ecuador\/\">German-Ecuadorian Chamber of Industry and Commerce, AHK Ecuador<\/a><\/div><\/div>\t\t<\/div>\r\n\t\t\t<\/article>\r\n\t<article class=\"w-grid-item size_1x1 post-21175 us_portfolio type-us_portfolio status-publish has-post-thumbnail hentry us_portfolio_category-partners\" data-id=\"21175\">\r\n\t\t<div class=\"w-grid-item-h\">\r\n\t\t\t\t\t\t<div class=\"w-hwrapper usg_hwrapper_1 align_none valign_middle\" style=\"--hwrapper-gap:1.20rem\"><div class=\"w-post-elm post_title usg_post_title_1 entry-title color_link_inherit\"><a href=\"\/en\/portfolio\/ahk-mexico\/\">German-Mexican Chamber of Commerce and Industry, CAMEXA<\/a><\/div><\/div>\t\t<\/div>\r\n\t\t\t<\/article>\r\n\t<article class=\"w-grid-item size_1x1 post-21190 us_portfolio type-us_portfolio status-publish has-post-thumbnail hentry us_portfolio_category-partners\" data-id=\"21190\">\r\n\t\t<div class=\"w-grid-item-h\">\r\n\t\t\t\t\t\t<div class=\"w-hwrapper usg_hwrapper_1 align_none valign_middle\" style=\"--hwrapper-gap:1.20rem\"><div class=\"w-post-elm post_custom_field usg_post_custom_field_1 type_image us_tile_additional_image color_link_inherit\"><img loading=\"lazy\" decoding=\"async\" width=\"622\" height=\"188\" src=\"https:\/\/h2lac.org\/wp-content\/uploads\/2022\/06\/Logo_AHK_Uruguay_lo_hacemos_posible.png\" class=\"attachment-full size-full\" alt=\"\" srcset=\"https:\/\/h2lac.org\/wp-content\/uploads\/2022\/06\/Logo_AHK_Uruguay_lo_hacemos_posible.png 622w, https:\/\/h2lac.org\/wp-content\/uploads\/2022\/06\/Logo_AHK_Uruguay_lo_hacemos_posible-300x91.png 300w\" sizes=\"auto, (max-width: 622px) 100vw, 622px\" \/><\/div><div class=\"w-post-elm post_title usg_post_title_1 entry-title color_link_inherit\"><a href=\"\/en\/portfolio\/ahk-uruguay\/\">German-Uruguayan Chamber of Industry and Commerce, AHK Uruguay<\/a><\/div><\/div>\t\t<\/div>\r\n\t\t\t<\/article>\r\n\t<article class=\"w-grid-item size_1x1 post-22682 post type-post status-publish format-standard has-post-thumbnail hentry category-news tag-green-hydrogen pais-argentina\" data-id=\"22682\">\r\n\t\t<div class=\"w-grid-item-h\">\r\n\t\t\t\t\t\t<div class=\"w-hwrapper usg_hwrapper_1 align_none valign_middle\" style=\"--hwrapper-gap:1.20rem\"><div class=\"w-post-elm post_custom_field usg_post_custom_field_1 type_image us_tile_additional_image color_link_inherit\"><img loading=\"lazy\" decoding=\"async\" width=\"1080\" height=\"800\" src=\"https:\/\/h2lac.org\/wp-content\/uploads\/2024\/12\/copyrights-2.png\" class=\"attachment-full size-full\" alt=\"\" srcset=\"https:\/\/h2lac.org\/wp-content\/uploads\/2024\/12\/copyrights-2.png 1080w, https:\/\/h2lac.org\/wp-content\/uploads\/2024\/12\/copyrights-2-300x222.png 300w, https:\/\/h2lac.org\/wp-content\/uploads\/2024\/12\/copyrights-2-1024x759.png 1024w\" sizes=\"auto, (max-width: 1080px) 100vw, 1080px\" \/><\/div><div class=\"w-post-elm post_title usg_post_title_1 entry-title color_link_inherit\"><a href=\"\/en\/news\/giz-and-rp-global-team-up-in-bmwk-h2uppp-program-to-develop-a-portfolio-of-green-hydrogen-projects-in-southern-argentina\/\">GIZ and RP Global team up in BMWK H2Uppp Program to develop a portfolio of green hydrogen projects in southern Argentina<\/a><\/div><\/div>\t\t<\/div>\r\n\t\t\t<\/article>\r\n\t<article class=\"w-grid-item size_1x1 post-22507 mec-events type-mec-events status-publish has-post-thumbnail hentry tag-hydrogen tag-mercado-en mec_category-eventos-en\" data-id=\"22507\">\r\n\t\t<div class=\"w-grid-item-h\">\r\n\t\t\t\t\t\t<div class=\"w-hwrapper usg_hwrapper_1 align_none valign_middle\" style=\"--hwrapper-gap:1.20rem\"><div class=\"w-post-elm post_custom_field usg_post_custom_field_1 type_image us_tile_additional_image color_link_inherit\"><img loading=\"lazy\" decoding=\"async\" width=\"1201\" height=\"630\" src=\"https:\/\/h2lac.org\/wp-content\/uploads\/2025\/04\/Facebook-1.jpg\" class=\"attachment-full size-full\" alt=\"\" srcset=\"https:\/\/h2lac.org\/wp-content\/uploads\/2025\/04\/Facebook-1.jpg 1201w, https:\/\/h2lac.org\/wp-content\/uploads\/2025\/04\/Facebook-1-300x157.jpg 300w, https:\/\/h2lac.org\/wp-content\/uploads\/2025\/04\/Facebook-1-1024x537.jpg 1024w\" sizes=\"auto, (max-width: 1201px) 100vw, 1201px\" \/><\/div><div class=\"w-post-elm post_title usg_post_title_1 entry-title color_link_inherit\"><a href=\"\/en\/events\/global-hydrogen-market-exploration-business-and-training-trip\/\">Global Hydrogen Market Exploration Business and Training Trip<\/a><\/div><\/div>\t\t<\/div>\r\n\t\t\t<\/article>\r\n\t<article class=\"w-grid-item size_1x1 post-22792 post type-post status-publish format-standard has-post-thumbnail hentry category-h2lac-review-en category-news tag-green-hydrogen tag-law pais-peru\" data-id=\"22792\">\r\n\t\t<div class=\"w-grid-item-h\">\r\n\t\t\t\t\t\t<div class=\"w-hwrapper usg_hwrapper_1 align_none valign_middle\" style=\"--hwrapper-gap:1.20rem\"><div class=\"w-post-elm post_custom_field usg_post_custom_field_1 type_image us_tile_additional_image color_link_inherit\"><img loading=\"lazy\" decoding=\"async\" width=\"1080\" height=\"1080\" src=\"https:\/\/h2lac.org\/wp-content\/uploads\/2024\/02\/GIZ-nota-PE.png\" class=\"attachment-full size-full\" alt=\"\" srcset=\"https:\/\/h2lac.org\/wp-content\/uploads\/2024\/02\/GIZ-nota-PE.png 1080w, https:\/\/h2lac.org\/wp-content\/uploads\/2024\/02\/GIZ-nota-PE-300x300.png 300w, https:\/\/h2lac.org\/wp-content\/uploads\/2024\/02\/GIZ-nota-PE-1024x1024.png 1024w, https:\/\/h2lac.org\/wp-content\/uploads\/2024\/02\/GIZ-nota-PE-150x150.png 150w, https:\/\/h2lac.org\/wp-content\/uploads\/2024\/02\/GIZ-nota-PE-500x500.png 500w\" sizes=\"auto, (max-width: 1080px) 100vw, 1080px\" \/><\/div><div class=\"w-post-elm post_title usg_post_title_1 entry-title color_link_inherit\"><a href=\"\/en\/news\/green-hydrogen-in-peru-amendments-to-h2v-promotion-law-presented\/\">Green hydrogen in Peru: amendments to H2V promotion law presented<\/a><\/div><\/div>\t\t<\/div>\r\n\t\t\t<\/article>\r\n\t<article class=\"w-grid-item size_1x1 post-22788 post type-post status-publish format-standard has-post-thumbnail hentry category-h2lac-review-en category-news tag-electromobility tag-green-hydrogen pais-peru\" data-id=\"22788\">\r\n\t\t<div class=\"w-grid-item-h\">\r\n\t\t\t\t\t\t<div class=\"w-hwrapper usg_hwrapper_1 align_none valign_middle\" style=\"--hwrapper-gap:1.20rem\"><div class=\"w-post-elm post_custom_field usg_post_custom_field_1 type_image us_tile_additional_image color_link_inherit\"><img loading=\"lazy\" decoding=\"async\" width=\"1080\" height=\"1080\" src=\"https:\/\/h2lac.org\/wp-content\/uploads\/2024\/05\/GIZ-8.png\" class=\"attachment-full size-full\" alt=\"\" srcset=\"https:\/\/h2lac.org\/wp-content\/uploads\/2024\/05\/GIZ-8.png 1080w, https:\/\/h2lac.org\/wp-content\/uploads\/2024\/05\/GIZ-8-300x300.png 300w, https:\/\/h2lac.org\/wp-content\/uploads\/2024\/05\/GIZ-8-1024x1024.png 1024w, https:\/\/h2lac.org\/wp-content\/uploads\/2024\/05\/GIZ-8-150x150.png 150w, https:\/\/h2lac.org\/wp-content\/uploads\/2024\/05\/GIZ-8-500x500.png 500w\" sizes=\"auto, (max-width: 1080px) 100vw, 1080px\" \/><\/div><div class=\"w-post-elm post_title usg_post_title_1 entry-title color_link_inherit\"><a href=\"\/en\/news\/green-hydrogen-plant-presented-at-asia-pacific-economic-cooperation-apec-forum\/\">Green hydrogen plant presented at Asia Pacific Economic Cooperation (APEC) Forum<\/a><\/div><\/div>\t\t<\/div>\r\n\t\t\t<\/article>\r\n\t<article class=\"w-grid-item size_1x1 post-21200 us_portfolio type-us_portfolio status-publish has-post-thumbnail hentry us_portfolio_category-partners\" data-id=\"21200\">\r\n\t\t<div class=\"w-grid-item-h\">\r\n\t\t\t\t\t\t<div class=\"w-hwrapper usg_hwrapper_1 align_none valign_middle\" style=\"--hwrapper-gap:1.20rem\"><div class=\"w-post-elm post_custom_field usg_post_custom_field_1 type_image us_tile_additional_image color_link_inherit\"><img loading=\"lazy\" decoding=\"async\" width=\"1439\" height=\"456\" src=\"https:\/\/h2lac.org\/wp-content\/uploads\/2022\/04\/logo-ACR-jpg.jpg\" class=\"attachment-full size-full\" alt=\"\" srcset=\"https:\/\/h2lac.org\/wp-content\/uploads\/2022\/04\/logo-ACR-jpg.jpg 1439w, https:\/\/h2lac.org\/wp-content\/uploads\/2022\/04\/logo-ACR-jpg-300x95.jpg 300w, https:\/\/h2lac.org\/wp-content\/uploads\/2022\/04\/logo-ACR-jpg-1024x324.jpg 1024w\" sizes=\"auto, (max-width: 1439px) 100vw, 1439px\" \/><\/div><div class=\"w-post-elm post_title usg_post_title_1 entry-title color_link_inherit\"><a href=\"\/en\/portfolio\/asociacion-de-combustibles-renovables-de-guatemala\/\">Guatemalan Renewable Fuels Association, ACR<\/a><\/div><\/div>\t\t<\/div>\r\n\t\t\t<\/article>\r\n\t<article class=\"w-grid-item size_1x1 post-21239 page type-page status-publish hentry\" data-id=\"21239\">\r\n\t\t<div class=\"w-grid-item-h\">\r\n\t\t\t\t\t\t<div class=\"w-hwrapper usg_hwrapper_1 align_none valign_middle\" style=\"--hwrapper-gap:1.20rem\"><div class=\"w-post-elm post_title usg_post_title_1 entry-title color_link_inherit\"><a href=\"\/en\/h2-library\/\">H2 Library<\/a><\/div><\/div>\t\t<\/div>\r\n\t\t\t<\/article>\r\n\t<article class=\"w-grid-item size_1x1 post-21198 us_portfolio type-us_portfolio status-publish has-post-thumbnail hentry us_portfolio_category-partners\" data-id=\"21198\">\r\n\t\t<div class=\"w-grid-item-h\">\r\n\t\t\t\t\t\t<div class=\"w-hwrapper usg_hwrapper_1 align_none valign_middle\" style=\"--hwrapper-gap:1.20rem\"><div class=\"w-post-elm post_custom_field usg_post_custom_field_1 type_image us_tile_additional_image color_link_inherit\"><img loading=\"lazy\" decoding=\"async\" width=\"476\" height=\"694\" src=\"https:\/\/h2lac.org\/wp-content\/uploads\/2022\/04\/LOGO-FINAL.png\" class=\"attachment-full size-full\" alt=\"\" srcset=\"https:\/\/h2lac.org\/wp-content\/uploads\/2022\/04\/LOGO-FINAL.png 476w, https:\/\/h2lac.org\/wp-content\/uploads\/2022\/04\/LOGO-FINAL-206x300.png 206w\" sizes=\"auto, (max-width: 476px) 100vw, 476px\" \/><\/div><div class=\"w-post-elm post_title usg_post_title_1 entry-title color_link_inherit\"><a href=\"\/en\/portfolio\/h2-news\/\">H2 News from Chile<\/a><\/div><\/div>\t\t<\/div>\r\n\t\t\t<\/article>\r\n\t<article class=\"w-grid-item size_1x1 post-22695 post type-post status-publish format-standard has-post-thumbnail hentry category-events category-h2lac-review-en category-news tag-bill tag-green-hydrogen pais-peru\" data-id=\"22695\">\r\n\t\t<div class=\"w-grid-item-h\">\r\n\t\t\t\t\t\t<div class=\"w-hwrapper usg_hwrapper_1 align_none valign_middle\" style=\"--hwrapper-gap:1.20rem\"><div class=\"w-post-elm post_custom_field usg_post_custom_field_1 type_image us_tile_additional_image color_link_inherit\"><img loading=\"lazy\" decoding=\"async\" width=\"768\" height=\"576\" src=\"https:\/\/h2lac.org\/wp-content\/uploads\/2024\/12\/H2-Peru-1.png\" class=\"attachment-full size-full\" alt=\"\" srcset=\"https:\/\/h2lac.org\/wp-content\/uploads\/2024\/12\/H2-Peru-1.png 768w, https:\/\/h2lac.org\/wp-content\/uploads\/2024\/12\/H2-Peru-1-300x225.png 300w\" sizes=\"auto, (max-width: 768px) 100vw, 768px\" \/><\/div><div class=\"w-post-elm post_title usg_post_title_1 entry-title color_link_inherit\"><a href=\"\/en\/news\/h2-peru-and-british-embassy-in-lima-hold-workshop-to-socialize-the-proposed-regulation-of-the-green-hydrogen-promotion-law\/\">H2 Peru and British Embassy in Lima hold workshop to socialize the proposed regulation of the Green Hydrogen Promotion Law<\/a><\/div><\/div>\t\t<\/div>\r\n\t\t\t<\/article>\r\n\t<article class=\"w-grid-item size_1x1 post-22690 post type-post status-publish format-standard has-post-thumbnail hentry category-h2lac-review-en category-news tag-mou-en tag-renewable-hydrogen pais-peru\" data-id=\"22690\">\r\n\t\t<div class=\"w-grid-item-h\">\r\n\t\t\t\t\t\t<div class=\"w-hwrapper usg_hwrapper_1 align_none valign_middle\" style=\"--hwrapper-gap:1.20rem\"><div class=\"w-post-elm post_custom_field usg_post_custom_field_1 type_image us_tile_additional_image color_link_inherit\"><img loading=\"lazy\" decoding=\"async\" width=\"768\" height=\"512\" src=\"https:\/\/h2lac.org\/wp-content\/uploads\/2024\/12\/MoU-Peru-Paises-Bajos-1.png\" class=\"attachment-full size-full\" alt=\"\" srcset=\"https:\/\/h2lac.org\/wp-content\/uploads\/2024\/12\/MoU-Peru-Paises-Bajos-1.png 768w, https:\/\/h2lac.org\/wp-content\/uploads\/2024\/12\/MoU-Peru-Paises-Bajos-1-300x200.png 300w, https:\/\/h2lac.org\/wp-content\/uploads\/2024\/12\/MoU-Peru-Paises-Bajos-1-391x260.png 391w\" sizes=\"auto, (max-width: 768px) 100vw, 768px\" \/><\/div><div class=\"w-post-elm post_title usg_post_title_1 entry-title color_link_inherit\"><a href=\"\/en\/news\/h2-peru-and-netherlands-sign-memorandum-of-understanding-to-boost-renewable-hydrogen-development-in-peru\/\">H2 Peru and Netherlands sign Memorandum of Understanding to boost renewable hydrogen development in Peru<\/a><\/div><\/div>\t\t<\/div>\r\n\t\t\t<\/article>\r\n\t<article class=\"w-grid-item size_1x1 post-22484 mec-events type-mec-events status-publish has-post-thumbnail hentry tag-energy-efficiency tag-green-hydrogen mec_category-eventos-en\" data-id=\"22484\">\r\n\t\t<div class=\"w-grid-item-h\">\r\n\t\t\t\t\t\t<div class=\"w-hwrapper usg_hwrapper_1 align_none valign_middle\" style=\"--hwrapper-gap:1.20rem\"><div class=\"w-post-elm post_custom_field usg_post_custom_field_1 type_image us_tile_additional_image color_link_inherit\"><img loading=\"lazy\" decoding=\"async\" width=\"2560\" height=\"1693\" src=\"https:\/\/h2lac.org\/wp-content\/uploads\/2024\/07\/H2Tour-Colombia-1-scaled.jpg\" class=\"attachment-full size-full\" alt=\"\" srcset=\"https:\/\/h2lac.org\/wp-content\/uploads\/2024\/07\/H2Tour-Colombia-1-scaled.jpg 2560w, https:\/\/h2lac.org\/wp-content\/uploads\/2024\/07\/H2Tour-Colombia-1-300x198.jpg 300w, https:\/\/h2lac.org\/wp-content\/uploads\/2024\/07\/H2Tour-Colombia-1-1024x677.jpg 1024w, https:\/\/h2lac.org\/wp-content\/uploads\/2024\/07\/H2Tour-Colombia-1-391x260.jpg 391w\" sizes=\"auto, (max-width: 2560px) 100vw, 2560px\" \/><\/div><div class=\"w-post-elm post_title usg_post_title_1 entry-title color_link_inherit\"><a href=\"\/en\/events\/h2-tour-colombia-2024\/\">H2 Tour Colombia 2024<\/a><\/div><\/div>\t\t<\/div>\r\n\t\t\t<\/article>\r\n\t<article class=\"w-grid-item size_1x1 post-22755 page type-page status-publish hentry\" data-id=\"22755\">\r\n\t\t<div class=\"w-grid-item-h\">\r\n\t\t\t\t\t\t<div class=\"w-hwrapper usg_hwrapper_1 align_none valign_middle\" style=\"--hwrapper-gap:1.20rem\"><div class=\"w-post-elm post_title usg_post_title_1 entry-title color_link_inherit\"><a href=\"\/en\/h2-verde-latam-regional-innovation-call-for-proposals\/\">H2 Verde LATAM Regional Innovation Call for Proposals<\/a><\/div><\/div>\t\t<\/div>\r\n\t\t\t<\/article>\r\n\t<article class=\"w-grid-item size_1x1 post-21211 us_portfolio type-us_portfolio status-publish has-post-thumbnail hentry us_portfolio_category-counterparty\" data-id=\"21211\">\r\n\t\t<div class=\"w-grid-item-h\">\r\n\t\t\t\t\t\t<div class=\"w-hwrapper usg_hwrapper_1 align_none valign_middle\" style=\"--hwrapper-gap:1.20rem\"><div class=\"w-post-elm post_title usg_post_title_1 entry-title color_link_inherit\"><a href=\"\/en\/portfolio\/h2lac\/\">H2LAC<\/a><\/div><\/div>\t\t<\/div>\r\n\t\t\t<\/article>\r\n\t<article class=\"w-grid-item size_1x1 post-21250 archivos type-archivos status-publish format-standard has-post-thumbnail hentry category-publicaciones-en tag-h2lac-en tag-lac-en tag-lanzamiento-en pais-lac tipo_documento-video-en\" data-id=\"21250\">\r\n\t\t<div class=\"w-grid-item-h\">\r\n\t\t\t\t\t\t<div class=\"w-hwrapper usg_hwrapper_1 align_none valign_middle\" style=\"--hwrapper-gap:1.20rem\"><div class=\"w-post-elm post_custom_field usg_post_custom_field_1 type_image us_tile_additional_image color_link_inherit\"><img decoding=\"async\" src=\"https:\/\/h2lac.org\/wp-content\/uploads\/2023\/06\/h2lac-logo-con-eslogan-1.svg\" class=\"attachment-full size-full\" alt=\"\" \/><\/div><div class=\"w-post-elm post_title usg_post_title_1 entry-title color_link_inherit\"><a href=\"\/en\/archivos\/video_h2lac_es\/\">H2LAC &#8211; The platform for green hydrogen in Latin America and the Caribbean<\/a><\/div><\/div>\t\t<\/div>\r\n\t\t\t<\/article>\r\n\t<article class=\"w-grid-item size_1x1 post-21424 post type-post status-publish format-standard has-post-thumbnail hentry category-opportunities tag-convocatoria-en tag-h2lac-en estado-cerradas-en pais-chile\" data-id=\"21424\">\r\n\t\t<div class=\"w-grid-item-h\">\r\n\t\t\t\t\t\t<div class=\"w-hwrapper usg_hwrapper_1 align_none valign_middle\" style=\"--hwrapper-gap:1.20rem\"><div class=\"w-post-elm post_custom_field usg_post_custom_field_1 type_image us_tile_additional_image color_link_inherit\"><img loading=\"lazy\" decoding=\"async\" width=\"1200\" height=\"1200\" src=\"https:\/\/h2lac.org\/wp-content\/uploads\/2022\/10\/H2LAC-cuadrada-1.png\" class=\"attachment-full size-full\" alt=\"\" srcset=\"https:\/\/h2lac.org\/wp-content\/uploads\/2022\/10\/H2LAC-cuadrada-1.png 1200w, https:\/\/h2lac.org\/wp-content\/uploads\/2022\/10\/H2LAC-cuadrada-1-300x300.png 300w, https:\/\/h2lac.org\/wp-content\/uploads\/2022\/10\/H2LAC-cuadrada-1-1024x1024.png 1024w, https:\/\/h2lac.org\/wp-content\/uploads\/2022\/10\/H2LAC-cuadrada-1-150x150.png 150w\" sizes=\"auto, (max-width: 1200px) 100vw, 1200px\" \/><\/div><div class=\"w-post-elm post_title usg_post_title_1 entry-title color_link_inherit\"><a href=\"\/en\/opportunities\/h2lac-busca-practicante-en-chile-2\/\">H2LAC busca practicante en Chile<\/a><\/div><\/div>\t\t<\/div>\r\n\t\t\t<\/article>\r\n\t<article class=\"w-grid-item size_1x1 post-22711 post type-post status-publish format-standard has-post-thumbnail hentry category-opportunities tag-convocatoria-en estado-cerradas-en pais-chile\" data-id=\"22711\">\r\n\t\t<div class=\"w-grid-item-h\">\r\n\t\t\t\t\t\t<div class=\"w-hwrapper usg_hwrapper_1 align_none valign_middle\" style=\"--hwrapper-gap:1.20rem\"><div class=\"w-post-elm post_custom_field usg_post_custom_field_1 type_image us_tile_additional_image color_link_inherit\"><img loading=\"lazy\" decoding=\"async\" width=\"1080\" height=\"1080\" src=\"https:\/\/h2lac.org\/wp-content\/uploads\/2024\/10\/h2lac-1.png\" class=\"attachment-full size-full\" alt=\"\" srcset=\"https:\/\/h2lac.org\/wp-content\/uploads\/2024\/10\/h2lac-1.png 1080w, https:\/\/h2lac.org\/wp-content\/uploads\/2024\/10\/h2lac-1-300x300.png 300w, https:\/\/h2lac.org\/wp-content\/uploads\/2024\/10\/h2lac-1-1024x1024.png 1024w, https:\/\/h2lac.org\/wp-content\/uploads\/2024\/10\/h2lac-1-150x150.png 150w, https:\/\/h2lac.org\/wp-content\/uploads\/2024\/10\/h2lac-1-500x500.png 500w\" sizes=\"auto, (max-width: 1080px) 100vw, 1080px\" \/><\/div><div class=\"w-post-elm post_title usg_post_title_1 entry-title color_link_inherit\"><a href=\"\/en\/opportunities\/h2lac-is-looking-for-an-intern-in-chile\/\">H2LAC is looking for an intern in Chile<\/a><\/div><\/div>\t\t<\/div>\r\n\t\t\t<\/article>\r\n\t<article class=\"w-grid-item size_1x1 post-22737 page type-page status-publish hentry\" data-id=\"22737\">\r\n\t\t<div class=\"w-grid-item-h\">\r\n\t\t\t\t\t\t<div class=\"w-hwrapper usg_hwrapper_1 align_none valign_middle\" style=\"--hwrapper-gap:1.20rem\"><div class=\"w-post-elm post_title usg_post_title_1 entry-title color_link_inherit\"><a href=\"\/en\/h2lac-map\/\">H2LAC Map<\/a><\/div><\/div>\t\t<\/div>\r\n\t\t\t<\/article>\r\n\t<article class=\"w-grid-item size_1x1 post-22734 page type-page status-publish hentry\" data-id=\"22734\">\r\n\t\t<div class=\"w-grid-item-h\">\r\n\t\t\t\t\t\t<div class=\"w-hwrapper usg_hwrapper_1 align_none valign_middle\" style=\"--hwrapper-gap:1.20rem\"><div class=\"w-post-elm post_title usg_post_title_1 entry-title color_link_inherit\"><a href=\"\/en\/h2lac-registration-form\/\">H2LAC registration form<\/a><\/div><\/div>\t\t<\/div>\r\n\t\t\t<\/article>\r\n\t<article class=\"w-grid-item size_1x1 post-21252 page type-page status-publish hentry\" data-id=\"21252\">\r\n\t\t<div class=\"w-grid-item-h\">\r\n\t\t\t\t\t\t<div class=\"w-hwrapper usg_hwrapper_1 align_none valign_middle\" style=\"--hwrapper-gap:1.20rem\"><div class=\"w-post-elm post_title usg_post_title_1 entry-title color_link_inherit\"><a href=\"\/en\/h2lac-review\/\">H2LAC Review<\/a><\/div><\/div>\t\t<\/div>\r\n\t\t\t<\/article>\r\n\t<article class=\"w-grid-item size_1x1 post-21256 post type-post status-publish format-standard has-post-thumbnail hentry category-newsletter-h2lac-review-en tag-h2lac-review-en tag-newsletter-en pais-brasil pais-colombia pais-costa-rica\" data-id=\"21256\">\r\n\t\t<div class=\"w-grid-item-h\">\r\n\t\t\t\t\t\t<div class=\"w-hwrapper usg_hwrapper_1 align_none valign_middle\" style=\"--hwrapper-gap:1.20rem\"><div class=\"w-post-elm post_custom_field usg_post_custom_field_1 type_image us_tile_additional_image color_link_inherit\"><img loading=\"lazy\" decoding=\"async\" width=\"833\" height=\"517\" src=\"https:\/\/h2lac.org\/wp-content\/uploads\/2023\/09\/18-1.png\" class=\"attachment-full size-full\" alt=\"\" srcset=\"https:\/\/h2lac.org\/wp-content\/uploads\/2023\/09\/18-1.png 833w, https:\/\/h2lac.org\/wp-content\/uploads\/2023\/09\/18-1-300x186.png 300w\" sizes=\"auto, (max-width: 833px) 100vw, 833px\" \/><\/div><div class=\"w-post-elm post_title usg_post_title_1 entry-title color_link_inherit\"><a href=\"\/en\/newsletter-h2lac-review-en\/h2lac-review-19\/\">H2LAC REVIEW \/19<\/a><\/div><\/div>\t\t<\/div>\r\n\t\t\t<\/article>\r\n\t<article class=\"w-grid-item size_1x1 post-22722 post type-post status-publish format-standard has-post-thumbnail hentry category-news tag-h2uppp-en pais-alc pais-lac\" data-id=\"22722\">\r\n\t\t<div class=\"w-grid-item-h\">\r\n\t\t\t\t\t\t<div class=\"w-hwrapper usg_hwrapper_1 align_none valign_middle\" style=\"--hwrapper-gap:1.20rem\"><div class=\"w-post-elm post_custom_field usg_post_custom_field_1 type_image us_tile_additional_image color_link_inherit\"><img loading=\"lazy\" decoding=\"async\" width=\"1280\" height=\"1913\" src=\"https:\/\/h2lac.org\/wp-content\/uploads\/2025\/01\/1736521737594.jpg\" class=\"attachment-full size-full\" alt=\"\" srcset=\"https:\/\/h2lac.org\/wp-content\/uploads\/2025\/01\/1736521737594.jpg 1280w, https:\/\/h2lac.org\/wp-content\/uploads\/2025\/01\/1736521737594-201x300.jpg 201w, https:\/\/h2lac.org\/wp-content\/uploads\/2025\/01\/1736521737594-685x1024.jpg 685w\" sizes=\"auto, (max-width: 1280px) 100vw, 1280px\" \/><\/div><div class=\"w-post-elm post_title usg_post_title_1 entry-title color_link_inherit\"><a href=\"\/en\/news\/h2uppp-extends-call-for-proposals-to-support-green-hydrogen-and-its-derivatives-initiatives-in-latin-america\/\">H2Uppp extends call for proposals to support green hydrogen and its derivatives initiatives in Latin America<\/a><\/div><\/div>\t\t<\/div>\r\n\t\t\t<\/article>\r\n\t<article class=\"w-grid-item size_1x1 post-21231 post type-post status-publish format-standard has-post-thumbnail hentry category-hydrogen-strategies tag-estrategias-de-hidrogeno-en pais-alemania pais-colombia\" data-id=\"21231\">\r\n\t\t<div class=\"w-grid-item-h\">\r\n\t\t\t\t\t\t<div class=\"w-hwrapper usg_hwrapper_1 align_none valign_middle\" style=\"--hwrapper-gap:1.20rem\"><div class=\"w-post-elm post_title usg_post_title_1 entry-title color_link_inherit\"><a href=\"\/en\/hydrogen-strategies\/h2v-estrategias-nacionales-y-hojas-de-ruta-en-america-latina-y-el-caribe-alemania-y-colombia-2\/\">H2V: Estrategias nacionales y hojas de ruta en Am\u00e9rica Latina y el Caribe \u2013 Alemania y Colombia<\/a><\/div><\/div>\t\t<\/div>\r\n\t\t\t<\/article>\r\n\t<article class=\"w-grid-item size_1x1 post-21230 post type-post status-publish format-standard has-post-thumbnail hentry category-hydrogen-strategies tag-estrategias-de-hidrogeno-en pais-argentina pais-uruguay\" data-id=\"21230\">\r\n\t\t<div class=\"w-grid-item-h\">\r\n\t\t\t\t\t\t<div class=\"w-hwrapper usg_hwrapper_1 align_none valign_middle\" style=\"--hwrapper-gap:1.20rem\"><div class=\"w-post-elm post_custom_field usg_post_custom_field_1 type_image us_tile_additional_image color_link_inherit\"><img loading=\"lazy\" decoding=\"async\" width=\"1640\" height=\"924\" src=\"https:\/\/h2lac.org\/wp-content\/uploads\/2023\/11\/grafica-webinars-h2v-4.png\" class=\"attachment-full size-full\" alt=\"\" srcset=\"https:\/\/h2lac.org\/wp-content\/uploads\/2023\/11\/grafica-webinars-h2v-4.png 1640w, https:\/\/h2lac.org\/wp-content\/uploads\/2023\/11\/grafica-webinars-h2v-4-300x169.png 300w, https:\/\/h2lac.org\/wp-content\/uploads\/2023\/11\/grafica-webinars-h2v-4-1024x577.png 1024w\" sizes=\"auto, (max-width: 1640px) 100vw, 1640px\" \/><\/div><div class=\"w-post-elm post_title usg_post_title_1 entry-title color_link_inherit\"><a href=\"\/en\/hydrogen-strategies\/h2v-estrategias-nacionales-y-hojas-de-ruta-en-america-latina-y-el-caribe-argentina-y-uruguay-2\/\">H2V: Estrategias nacionales y hojas de ruta en Am\u00e9rica Latina y el Caribe \u2013 Argentina y Uruguay<\/a><\/div><\/div>\t\t<\/div>\r\n\t\t\t<\/article>\r\n\t<article class=\"w-grid-item size_1x1 post-21229 post type-post status-publish format-standard has-post-thumbnail hentry category-hydrogen-strategies tag-estrategias-de-hidrogeno-en tag-green-hydrogen pais-chile pais-panama\" data-id=\"21229\">\r\n\t\t<div class=\"w-grid-item-h\">\r\n\t\t\t\t\t\t<div class=\"w-hwrapper usg_hwrapper_1 align_none valign_middle\" style=\"--hwrapper-gap:1.20rem\"><div class=\"w-post-elm post_custom_field usg_post_custom_field_1 type_image us_tile_additional_image color_link_inherit\"><img loading=\"lazy\" decoding=\"async\" width=\"1640\" height=\"924\" src=\"https:\/\/h2lac.org\/wp-content\/uploads\/2024\/01\/grafica-webinars-YT.png\" class=\"attachment-full size-full\" alt=\"\" srcset=\"https:\/\/h2lac.org\/wp-content\/uploads\/2024\/01\/grafica-webinars-YT.png 1640w, https:\/\/h2lac.org\/wp-content\/uploads\/2024\/01\/grafica-webinars-YT-300x169.png 300w, https:\/\/h2lac.org\/wp-content\/uploads\/2024\/01\/grafica-webinars-YT-1024x577.png 1024w\" sizes=\"auto, (max-width: 1640px) 100vw, 1640px\" \/><\/div><div class=\"w-post-elm post_title usg_post_title_1 entry-title color_link_inherit\"><a href=\"\/en\/hydrogen-strategies\/h2v-estrategias-nacionales-y-hojas-de-ruta-en-america-latina-y-el-caribe-chile-y-panama-2\/\">H2V: Estrategias nacionales y hojas de ruta en Am\u00e9rica Latina y el Caribe \u2013 Chile y Panam\u00e1<\/a><\/div><\/div>\t\t<\/div>\r\n\t\t\t<\/article>\r\n\t<article class=\"w-grid-item size_1x1 post-21232 post type-post status-publish format-standard has-post-thumbnail hentry category-hydrogen-strategies tag-estrategia-nacional-de-h2-en pais-costa-rica\" data-id=\"21232\">\r\n\t\t<div class=\"w-grid-item-h\">\r\n\t\t\t\t\t\t<div class=\"w-hwrapper usg_hwrapper_1 align_none valign_middle\" style=\"--hwrapper-gap:1.20rem\"><div class=\"w-post-elm post_custom_field usg_post_custom_field_1 type_image us_tile_additional_image color_link_inherit\"><img loading=\"lazy\" decoding=\"async\" width=\"600\" height=\"741\" src=\"https:\/\/h2lac.org\/wp-content\/uploads\/2023\/10\/1\u00b0Ciclo-de-webinars-sobre-estrat.png\" class=\"attachment-full size-full\" alt=\"\" srcset=\"https:\/\/h2lac.org\/wp-content\/uploads\/2023\/10\/1\u00b0Ciclo-de-webinars-sobre-estrat.png 600w, https:\/\/h2lac.org\/wp-content\/uploads\/2023\/10\/1\u00b0Ciclo-de-webinars-sobre-estrat-243x300.png 243w\" sizes=\"auto, (max-width: 600px) 100vw, 600px\" \/><\/div><div class=\"w-post-elm post_title usg_post_title_1 entry-title color_link_inherit\"><a href=\"\/en\/hydrogen-strategies\/hidrogeno-verde-estrategias-nacionales-y-hojas-de-ruta-en-america-latina-y-el-caribe-costa-rica\/\">Hidr\u00f3geno verde: Estrategias nacionales y hojas de ruta en Am\u00e9rica Latina y el Caribe &#8211; Costa Rica<\/a><\/div><\/div>\t\t<\/div>\r\n\t\t\t<\/article>\r\n\t<article class=\"w-grid-item size_1x1 post-22778 post type-post status-publish format-standard has-post-thumbnail hentry category-news pais-global\" data-id=\"22778\">\r\n\t\t<div class=\"w-grid-item-h\">\r\n\t\t\t\t\t\t<div class=\"w-hwrapper usg_hwrapper_1 align_none valign_middle\" style=\"--hwrapper-gap:1.20rem\"><div class=\"w-post-elm post_custom_field usg_post_custom_field_1 type_image us_tile_additional_image color_link_inherit\"><img loading=\"lazy\" decoding=\"async\" width=\"940\" height=\"788\" src=\"https:\/\/h2lac.org\/wp-content\/uploads\/2024\/08\/civil-aviation-day.png\" class=\"attachment-full size-full\" alt=\"\" srcset=\"https:\/\/h2lac.org\/wp-content\/uploads\/2024\/08\/civil-aviation-day.png 940w, https:\/\/h2lac.org\/wp-content\/uploads\/2024\/08\/civil-aviation-day-300x251.png 300w\" sizes=\"auto, (max-width: 940px) 100vw, 940px\" \/><\/div><div class=\"w-post-elm post_title usg_post_title_1 entry-title color_link_inherit\"><a href=\"\/en\/news\/hif-global-and-airbus-move-towards-sustainable-aviation\/\">HIF Global and Airbus move towards sustainable aviation<\/a><\/div><\/div>\t\t<\/div>\r\n\t\t\t<\/article>\r\n\t<article class=\"w-grid-item size_1x1 post-22789 post type-post status-publish format-standard has-post-thumbnail hentry category-news tag-green-hydrogen pais-brasil\" data-id=\"22789\">\r\n\t\t<div class=\"w-grid-item-h\">\r\n\t\t\t\t\t\t<div class=\"w-hwrapper usg_hwrapper_1 align_none valign_middle\" style=\"--hwrapper-gap:1.20rem\"><div class=\"w-post-elm post_custom_field usg_post_custom_field_1 type_image us_tile_additional_image color_link_inherit\"><img loading=\"lazy\" decoding=\"async\" width=\"861\" height=\"567\" src=\"https:\/\/h2lac.org\/wp-content\/uploads\/2024\/10\/giz-foto-123-br-biodiv-oekosystem-tropenwald.jpg\" class=\"attachment-full size-full\" alt=\"\" srcset=\"https:\/\/h2lac.org\/wp-content\/uploads\/2024\/10\/giz-foto-123-br-biodiv-oekosystem-tropenwald.jpg 861w, https:\/\/h2lac.org\/wp-content\/uploads\/2024\/10\/giz-foto-123-br-biodiv-oekosystem-tropenwald-300x198.jpg 300w\" sizes=\"auto, (max-width: 861px) 100vw, 861px\" \/><\/div><div class=\"w-post-elm post_title usg_post_title_1 entry-title color_link_inherit\"><a href=\"\/en\/news\/hif-global-announces-its-first-project-in-brazil\/\">HIF Global announces its first project in Brazil<\/a><\/div><\/div>\t\t<\/div>\r\n\t\t\t<\/article>\r\n\t<article class=\"w-grid-item size_1x1 post-22773 post type-post status-publish format-standard has-post-thumbnail hentry category-h2lac-review-en category-news tag-amoniaco-verde-en tag-energias-renovables-en pais-chile\" data-id=\"22773\">\r\n\t\t<div class=\"w-grid-item-h\">\r\n\t\t\t\t\t\t<div class=\"w-hwrapper usg_hwrapper_1 align_none valign_middle\" style=\"--hwrapper-gap:1.20rem\"><div class=\"w-post-elm post_custom_field usg_post_custom_field_1 type_image us_tile_additional_image color_link_inherit\"><img loading=\"lazy\" decoding=\"async\" width=\"1080\" height=\"1080\" src=\"https:\/\/h2lac.org\/wp-content\/uploads\/2024\/07\/Fotos-copyright-2.png\" class=\"attachment-full size-full\" alt=\"\" srcset=\"https:\/\/h2lac.org\/wp-content\/uploads\/2024\/07\/Fotos-copyright-2.png 1080w, https:\/\/h2lac.org\/wp-content\/uploads\/2024\/07\/Fotos-copyright-2-300x300.png 300w, https:\/\/h2lac.org\/wp-content\/uploads\/2024\/07\/Fotos-copyright-2-1024x1024.png 1024w, https:\/\/h2lac.org\/wp-content\/uploads\/2024\/07\/Fotos-copyright-2-150x150.png 150w, https:\/\/h2lac.org\/wp-content\/uploads\/2024\/07\/Fotos-copyright-2-500x500.png 500w\" sizes=\"auto, (max-width: 1080px) 100vw, 1080px\" \/><\/div><div class=\"w-post-elm post_title usg_post_title_1 entry-title color_link_inherit\"><a href=\"\/en\/news\/hnh-energys-green-ammonia-project-enters-the-environmental-process-in-chile\/\">HNH Energy&#8217;s green ammonia project enters the environmental process in Chile<\/a><\/div><\/div>\t\t<\/div>\r\n\t\t\t<\/article>\r\n\t<article class=\"w-grid-item size_1x1 post-21196 us_portfolio type-us_portfolio status-publish has-post-thumbnail hentry us_portfolio_category-partners\" data-id=\"21196\">\r\n\t\t<div class=\"w-grid-item-h\">\r\n\t\t\t\t\t\t<div class=\"w-hwrapper usg_hwrapper_1 align_none valign_middle\" style=\"--hwrapper-gap:1.20rem\"><div class=\"w-post-elm post_custom_field usg_post_custom_field_1 type_image us_tile_additional_image color_link_inherit\"><img loading=\"lazy\" decoding=\"async\" width=\"1822\" height=\"1247\" src=\"https:\/\/h2lac.org\/wp-content\/uploads\/2022\/05\/Logo-de-asociacion.png\" class=\"attachment-full size-full\" alt=\"\" srcset=\"https:\/\/h2lac.org\/wp-content\/uploads\/2022\/05\/Logo-de-asociacion.png 1822w, https:\/\/h2lac.org\/wp-content\/uploads\/2022\/05\/Logo-de-asociacion-300x205.png 300w, https:\/\/h2lac.org\/wp-content\/uploads\/2022\/05\/Logo-de-asociacion-1024x701.png 1024w, https:\/\/h2lac.org\/wp-content\/uploads\/2022\/05\/Logo-de-asociacion-474x324.png 474w\" sizes=\"auto, (max-width: 1822px) 100vw, 1822px\" \/><\/div><div class=\"w-post-elm post_title usg_post_title_1 entry-title color_link_inherit\"><a href=\"\/en\/portfolio\/asociacion-hondurena-de-hidrogeno\/\">Honduran Hydrogen Association<\/a><\/div><\/div>\t\t<\/div>\r\n\t\t\t<\/article>\r\n\t<article class=\"w-grid-item size_1x1 post-21207 us_portfolio type-us_portfolio status-publish has-post-thumbnail hentry us_portfolio_category-partners\" data-id=\"21207\">\r\n\t\t<div class=\"w-grid-item-h\">\r\n\t\t\t\t\t\t<div class=\"w-hwrapper usg_hwrapper_1 align_none valign_middle\" style=\"--hwrapper-gap:1.20rem\"><div class=\"w-post-elm post_custom_field usg_post_custom_field_1 type_image us_tile_additional_image color_link_inherit\"><img loading=\"lazy\" decoding=\"async\" width=\"1500\" height=\"1500\" src=\"https:\/\/h2lac.org\/wp-content\/uploads\/2022\/02\/Hidrogeno-Colombia-logo-JPG.jpg\" class=\"attachment-full size-full\" alt=\"\" srcset=\"https:\/\/h2lac.org\/wp-content\/uploads\/2022\/02\/Hidrogeno-Colombia-logo-JPG.jpg 1500w, https:\/\/h2lac.org\/wp-content\/uploads\/2022\/02\/Hidrogeno-Colombia-logo-JPG-300x300.jpg 300w, https:\/\/h2lac.org\/wp-content\/uploads\/2022\/02\/Hidrogeno-Colombia-logo-JPG-1024x1024.jpg 1024w, https:\/\/h2lac.org\/wp-content\/uploads\/2022\/02\/Hidrogeno-Colombia-logo-JPG-150x150.jpg 150w, https:\/\/h2lac.org\/wp-content\/uploads\/2022\/02\/Hidrogeno-Colombia-logo-JPG-500x500.jpg 500w\" sizes=\"auto, (max-width: 1500px) 100vw, 1500px\" \/><\/div><div class=\"w-post-elm post_title usg_post_title_1 entry-title color_link_inherit\"><a href=\"\/en\/portfolio\/asociacion-hidrogeno-colombia\/\">Hydrogen Association Colombia<\/a><\/div><\/div>\t\t<\/div>\r\n\t\t\t<\/article>\r\n\t<article class=\"w-grid-item size_1x1 post-22492 mec-events type-mec-events status-publish has-post-thumbnail hentry tag-green-hydrogen mec_category-eventos-en\" data-id=\"22492\">\r\n\t\t<div class=\"w-grid-item-h\">\r\n\t\t\t\t\t\t<div class=\"w-hwrapper usg_hwrapper_1 align_none valign_middle\" style=\"--hwrapper-gap:1.20rem\"><div class=\"w-post-elm post_custom_field usg_post_custom_field_1 type_image us_tile_additional_image color_link_inherit\"><img loading=\"lazy\" decoding=\"async\" width=\"1585\" height=\"826\" src=\"https:\/\/h2lac.org\/wp-content\/uploads\/2024\/09\/viaje-AHK-AR.jpg\" class=\"attachment-full size-full\" alt=\"\" srcset=\"https:\/\/h2lac.org\/wp-content\/uploads\/2024\/09\/viaje-AHK-AR.jpg 1585w, https:\/\/h2lac.org\/wp-content\/uploads\/2024\/09\/viaje-AHK-AR-300x156.jpg 300w, https:\/\/h2lac.org\/wp-content\/uploads\/2024\/09\/viaje-AHK-AR-1024x534.jpg 1024w\" sizes=\"auto, (max-width: 1585px) 100vw, 1585px\" \/><\/div><div class=\"w-post-elm post_title usg_post_title_1 entry-title color_link_inherit\"><a href=\"\/en\/events\/hydrogen-economy-immersion-tour\/\">Hydrogen Economy Immersion Tour<\/a><\/div><\/div>\t\t<\/div>\r\n\t\t\t<\/article>\r\n\t<article class=\"w-grid-item size_1x1 post-22502 mec-events type-mec-events status-publish has-post-thumbnail hentry tag-green-hydrogen tag-regulation mec_category-eventos-en\" data-id=\"22502\">\r\n\t\t<div class=\"w-grid-item-h\">\r\n\t\t\t\t\t\t<div class=\"w-hwrapper usg_hwrapper_1 align_none valign_middle\" style=\"--hwrapper-gap:1.20rem\"><div class=\"w-post-elm post_custom_field usg_post_custom_field_1 type_image us_tile_additional_image color_link_inherit\"><img loading=\"lazy\" decoding=\"async\" width=\"643\" height=\"810\" src=\"https:\/\/h2lac.org\/wp-content\/uploads\/2024\/11\/evento-h2colombia.png\" class=\"attachment-full size-full\" alt=\"\" srcset=\"https:\/\/h2lac.org\/wp-content\/uploads\/2024\/11\/evento-h2colombia.png 643w, https:\/\/h2lac.org\/wp-content\/uploads\/2024\/11\/evento-h2colombia-238x300.png 238w\" sizes=\"auto, (max-width: 643px) 100vw, 643px\" \/><\/div><div class=\"w-post-elm post_title usg_post_title_1 entry-title color_link_inherit\"><a href=\"\/en\/events\/hydrogen-in-latin-america-regulation-and-energy-future\/\">Hydrogen in Latin America: regulation and energy future<\/a><\/div><\/div>\t\t<\/div>\r\n\t\t\t<\/article>\r\n\t<article class=\"w-grid-item size_1x1 post-22482 mec-events type-mec-events status-publish has-post-thumbnail hentry tag-energy-efficiency tag-green-hydrogen mec_category-eventos-en\" data-id=\"22482\">\r\n\t\t<div class=\"w-grid-item-h\">\r\n\t\t\t\t\t\t<div class=\"w-hwrapper usg_hwrapper_1 align_none valign_middle\" style=\"--hwrapper-gap:1.20rem\"><div class=\"w-post-elm post_custom_field usg_post_custom_field_1 type_image us_tile_additional_image color_link_inherit\"><img loading=\"lazy\" decoding=\"async\" width=\"1080\" height=\"1080\" src=\"https:\/\/h2lac.org\/wp-content\/uploads\/2024\/07\/Hydrogen-Expo-flyer.png\" class=\"attachment-full size-full\" alt=\"\" srcset=\"https:\/\/h2lac.org\/wp-content\/uploads\/2024\/07\/Hydrogen-Expo-flyer.png 1080w, https:\/\/h2lac.org\/wp-content\/uploads\/2024\/07\/Hydrogen-Expo-flyer-300x300.png 300w, https:\/\/h2lac.org\/wp-content\/uploads\/2024\/07\/Hydrogen-Expo-flyer-1024x1024.png 1024w, https:\/\/h2lac.org\/wp-content\/uploads\/2024\/07\/Hydrogen-Expo-flyer-150x150.png 150w, https:\/\/h2lac.org\/wp-content\/uploads\/2024\/07\/Hydrogen-Expo-flyer-500x500.png 500w\" sizes=\"auto, (max-width: 1080px) 100vw, 1080px\" \/><\/div><div class=\"w-post-elm post_title usg_post_title_1 entry-title color_link_inherit\"><a href=\"\/en\/events\/hydrogen-technology-expo-europe\/\">Hydrogen Technology Expo Europe<\/a><\/div><\/div>\t\t<\/div>\r\n\t\t\t<\/article>\r\n\t<article class=\"w-grid-item size_1x1 post-22803 post type-post status-publish format-standard has-post-thumbnail hentry category-industry tag-hydrogen tag-iea-en tag-lac-en\" data-id=\"22803\">\r\n\t\t<div class=\"w-grid-item-h\">\r\n\t\t\t\t\t\t<div class=\"w-hwrapper usg_hwrapper_1 align_none valign_middle\" style=\"--hwrapper-gap:1.20rem\"><div class=\"w-post-elm post_title usg_post_title_1 entry-title color_link_inherit\"><a href=\"\/en\/industry\/iea-global-hydrogen-review-2024-regional-outlook-for-latin-america-and-the-caribbean\/\">IEA Global Hydrogen Review 2024: Regional Outlook for Latin America and the Caribbean<\/a><\/div><\/div>\t\t<\/div>\r\n\t\t\t<\/article>\r\n\t<article class=\"w-grid-item size_1x1 post-22496 mec-events type-mec-events status-publish has-post-thumbnail hentry tag-hydrogen tag-lac-en mec_category-eventos-en\" data-id=\"22496\">\r\n\t\t<div class=\"w-grid-item-h\">\r\n\t\t\t\t\t\t<div class=\"w-hwrapper usg_hwrapper_1 align_none valign_middle\" style=\"--hwrapper-gap:1.20rem\"><div class=\"w-post-elm post_custom_field usg_post_custom_field_1 type_image us_tile_additional_image color_link_inherit\"><img loading=\"lazy\" decoding=\"async\" width=\"1920\" height=\"1080\" src=\"https:\/\/h2lac.org\/wp-content\/uploads\/2024\/11\/Webinar-IEA-VF.png\" class=\"attachment-full size-full\" alt=\"\" srcset=\"https:\/\/h2lac.org\/wp-content\/uploads\/2024\/11\/Webinar-IEA-VF.png 1920w, https:\/\/h2lac.org\/wp-content\/uploads\/2024\/11\/Webinar-IEA-VF-300x169.png 300w, https:\/\/h2lac.org\/wp-content\/uploads\/2024\/11\/Webinar-IEA-VF-1024x576.png 1024w\" sizes=\"auto, (max-width: 1920px) 100vw, 1920px\" \/><\/div><div class=\"w-post-elm post_title usg_post_title_1 entry-title color_link_inherit\"><a href=\"\/en\/events\/iea-global-hydrogen-review-2024-regional-outlook-for-latin-america-and-the-caribbean\/\">IEA Global Hydrogen Review 2024: Regional Outlook for Latin America and the Caribbean<\/a><\/div><\/div>\t\t<\/div>\r\n\t\t\t<\/article>\r\n\t<article class=\"w-grid-item size_1x1 post-21219 post type-post status-publish format-standard has-post-thumbnail hentry category-cycle-of-technical-bills tag-cadena-de-valor-en tag-green-hydrogen tag-h2uppp-en pais-brasil\" data-id=\"21219\">\r\n\t\t<div class=\"w-grid-item-h\">\r\n\t\t\t\t\t\t<div class=\"w-hwrapper usg_hwrapper_1 align_none valign_middle\" style=\"--hwrapper-gap:1.20rem\"><div class=\"w-post-elm post_custom_field usg_post_custom_field_1 type_image us_tile_additional_image color_link_inherit\"><img loading=\"lazy\" decoding=\"async\" width=\"1640\" height=\"924\" src=\"https:\/\/h2lac.org\/wp-content\/uploads\/2024\/05\/2ciclo-talleres-3.png\" class=\"attachment-full size-full\" alt=\"\" srcset=\"https:\/\/h2lac.org\/wp-content\/uploads\/2024\/05\/2ciclo-talleres-3.png 1640w, https:\/\/h2lac.org\/wp-content\/uploads\/2024\/05\/2ciclo-talleres-3-300x169.png 300w, https:\/\/h2lac.org\/wp-content\/uploads\/2024\/05\/2ciclo-talleres-3-1024x577.png 1024w\" sizes=\"auto, (max-width: 1640px) 100vw, 1640px\" \/><\/div><div class=\"w-post-elm post_title usg_post_title_1 entry-title color_link_inherit\"><a href=\"\/en\/cycle-of-technical-bills\/ii-ciclo-de-talleres-tecnicos-proyectos-h2uppp-en-brasil\/\">II Ciclo de talleres t\u00e9cnicos: Proyectos H2Uppp en Brasil<\/a><\/div><\/div>\t\t<\/div>\r\n\t\t\t<\/article>\r\n\t<article class=\"w-grid-item size_1x1 post-21228 post type-post status-publish format-standard has-post-thumbnail hentry category-cycle-of-technical-bills tag-ciclo-de-talleres-tecnicos-en pais-chile\" data-id=\"21228\">\r\n\t\t<div class=\"w-grid-item-h\">\r\n\t\t\t\t\t\t<div class=\"w-hwrapper usg_hwrapper_1 align_none valign_middle\" style=\"--hwrapper-gap:1.20rem\"><div class=\"w-post-elm post_custom_field usg_post_custom_field_1 type_image us_tile_additional_image color_link_inherit\"><img loading=\"lazy\" decoding=\"async\" width=\"1640\" height=\"924\" src=\"https:\/\/h2lac.org\/wp-content\/uploads\/2024\/03\/2ciclo-talleres-II.png\" class=\"attachment-full size-full\" alt=\"\" srcset=\"https:\/\/h2lac.org\/wp-content\/uploads\/2024\/03\/2ciclo-talleres-II.png 1640w, https:\/\/h2lac.org\/wp-content\/uploads\/2024\/03\/2ciclo-talleres-II-300x169.png 300w, https:\/\/h2lac.org\/wp-content\/uploads\/2024\/03\/2ciclo-talleres-II-1024x577.png 1024w\" sizes=\"auto, (max-width: 1640px) 100vw, 1640px\" \/><\/div><div class=\"w-post-elm post_title usg_post_title_1 entry-title color_link_inherit\"><a href=\"\/en\/cycle-of-technical-bills\/ii-ciclo-de-talleres-tecnicos-proyectos-h2uppp-en-chile\/\">II Ciclo de talleres t\u00e9cnicos: Proyectos H2Uppp en Chile<\/a><\/div><\/div>\t\t<\/div>\r\n\t\t\t<\/article>\r\n\t<article class=\"w-grid-item size_1x1 post-21227 post type-post status-publish format-standard has-post-thumbnail hentry category-cycle-of-technical-bills tag-amoniaco-verde-en pais-mexico\" data-id=\"21227\">\r\n\t\t<div class=\"w-grid-item-h\">\r\n\t\t\t\t\t\t<div class=\"w-hwrapper usg_hwrapper_1 align_none valign_middle\" style=\"--hwrapper-gap:1.20rem\"><div class=\"w-post-elm post_custom_field usg_post_custom_field_1 type_image us_tile_additional_image color_link_inherit\"><img loading=\"lazy\" decoding=\"async\" width=\"1640\" height=\"924\" src=\"https:\/\/h2lac.org\/wp-content\/uploads\/2024\/02\/2ciclo-talleres.png\" class=\"attachment-full size-full\" alt=\"\" srcset=\"https:\/\/h2lac.org\/wp-content\/uploads\/2024\/02\/2ciclo-talleres.png 1640w, https:\/\/h2lac.org\/wp-content\/uploads\/2024\/02\/2ciclo-talleres-300x169.png 300w, https:\/\/h2lac.org\/wp-content\/uploads\/2024\/02\/2ciclo-talleres-1024x577.png 1024w\" sizes=\"auto, (max-width: 1640px) 100vw, 1640px\" \/><\/div><div class=\"w-post-elm post_title usg_post_title_1 entry-title color_link_inherit\"><a href=\"\/en\/cycle-of-technical-bills\/ii-ciclo-de-talleres-tecnicos-proyectos-h2uppp-en-mexico-2\/\">II Ciclo de talleres t\u00e9cnicos: Proyectos H2Uppp en M\u00e9xico<\/a><\/div><\/div>\t\t<\/div>\r\n\t\t\t<\/article>\r\n\t<article class=\"w-grid-item size_1x1 post-22746 page type-page status-publish hentry\" data-id=\"22746\">\r\n\t\t<div class=\"w-grid-item-h\">\r\n\t\t\t\t\t\t<div class=\"w-hwrapper usg_hwrapper_1 align_none valign_middle\" style=\"--hwrapper-gap:1.20rem\"><div class=\"w-post-elm post_title usg_post_title_1 entry-title color_link_inherit\"><a href=\"\/en\/impressum\/\">Impressum<\/a><\/div><\/div>\t\t<\/div>\r\n\t\t\t<\/article>\r\n\t<article class=\"w-grid-item size_1x1 post-22752 page type-page status-publish hentry\" data-id=\"22752\">\r\n\t\t<div class=\"w-grid-item-h\">\r\n\t\t\t\t\t\t<div class=\"w-hwrapper usg_hwrapper_1 align_none valign_middle\" style=\"--hwrapper-gap:1.20rem\"><div class=\"w-post-elm post_title usg_post_title_1 entry-title color_link_inherit\"><a href=\"\/en\/in-maintenance\/\">In maintenance<\/a><\/div><\/div>\t\t<\/div>\r\n\t\t\t<\/article>\r\n\t<article class=\"w-grid-item size_1x1 post-22740 page type-page status-publish hentry\" data-id=\"22740\">\r\n\t\t<div class=\"w-grid-item-h\">\r\n\t\t\t\t\t\t<div class=\"w-hwrapper usg_hwrapper_1 align_none valign_middle\" style=\"--hwrapper-gap:1.20rem\"><div class=\"w-post-elm post_title usg_post_title_1 entry-title color_link_inherit\"><a href=\"\/en\/inicio-2\/\">Inicio<\/a><\/div><\/div>\t\t<\/div>\r\n\t\t\t<\/article>\r\n\t<article class=\"w-grid-item size_1x1 post-18616 page type-page status-publish has-post-thumbnail hentry\" data-id=\"18616\">\r\n\t\t<div class=\"w-grid-item-h\">\r\n\t\t\t\t\t\t<div class=\"w-hwrapper usg_hwrapper_1 align_none valign_middle\" style=\"--hwrapper-gap:1.20rem\"><div class=\"w-post-elm post_title usg_post_title_1 entry-title color_link_inherit\"><a href=\"\/en\/inicio\/\">Inicio<\/a><\/div><\/div>\t\t<\/div>\r\n\t\t\t<\/article>\r\n\t<article class=\"w-grid-item size_1x1 post-20854 page type-page status-publish has-post-thumbnail hentry\" data-id=\"20854\">\r\n\t\t<div class=\"w-grid-item-h\">\r\n\t\t\t\t\t\t<div class=\"w-hwrapper usg_hwrapper_1 align_none valign_middle\" style=\"--hwrapper-gap:1.20rem\"><div class=\"w-post-elm post_title usg_post_title_1 entry-title color_link_inherit\"><a href=\"\/en\/\">Inicio<\/a><\/div><\/div>\t\t<\/div>\r\n\t\t\t<\/article>\r\n\t<article class=\"w-grid-item size_1x1 post-21195 us_portfolio type-us_portfolio status-publish has-post-thumbnail hentry us_portfolio_category-partners\" data-id=\"21195\">\r\n\t\t<div class=\"w-grid-item-h\">\r\n\t\t\t\t\t\t<div class=\"w-hwrapper usg_hwrapper_1 align_none valign_middle\" style=\"--hwrapper-gap:1.20rem\"><div class=\"w-post-elm post_title usg_post_title_1 entry-title color_link_inherit\"><a href=\"\/en\/portfolio\/e-transicao-energetica\/\">Instituto E+ Transi\u00e7\u00e3o Energ\u00e9tica do Brasil<\/a><\/div><\/div>\t\t<\/div>\r\n\t\t\t<\/article>\r\n\t<article class=\"w-grid-item size_1x1 post-22775 post type-post status-publish format-standard has-post-thumbnail hentry category-h2lac-review-en category-news tag-training pais-argentina\" data-id=\"22775\">\r\n\t\t<div class=\"w-grid-item-h\">\r\n\t\t\t\t\t\t<div class=\"w-hwrapper usg_hwrapper_1 align_none valign_middle\" style=\"--hwrapper-gap:1.20rem\"><div class=\"w-post-elm post_custom_field usg_post_custom_field_1 type_image us_tile_additional_image color_link_inherit\"><img loading=\"lazy\" decoding=\"async\" width=\"1585\" height=\"826\" src=\"https:\/\/h2lac.org\/wp-content\/uploads\/2024\/07\/AHK_Seminario-WPP-v2.jpg\" class=\"attachment-full size-full\" alt=\"\" srcset=\"https:\/\/h2lac.org\/wp-content\/uploads\/2024\/07\/AHK_Seminario-WPP-v2.jpg 1585w, https:\/\/h2lac.org\/wp-content\/uploads\/2024\/07\/AHK_Seminario-WPP-v2-300x156.jpg 300w, https:\/\/h2lac.org\/wp-content\/uploads\/2024\/07\/AHK_Seminario-WPP-v2-1024x534.jpg 1024w\" sizes=\"auto, (max-width: 1585px) 100vw, 1585px\" \/><\/div><div class=\"w-post-elm post_title usg_post_title_1 entry-title color_link_inherit\"><a href=\"\/en\/news\/intensive-seminar-on-renewable-energy-projects\/\">Intensive seminar on renewable energy projects<\/a><\/div><\/div>\t\t<\/div>\r\n\t\t\t<\/article>\r\n\t<article class=\"w-grid-item size_1x1 post-21197 us_portfolio type-us_portfolio status-publish has-post-thumbnail hentry us_portfolio_category-strategic-allies\" data-id=\"21197\">\r\n\t\t<div class=\"w-grid-item-h\">\r\n\t\t\t\t\t\t<div class=\"w-hwrapper usg_hwrapper_1 align_none valign_middle\" style=\"--hwrapper-gap:1.20rem\"><div class=\"w-post-elm post_title usg_post_title_1 entry-title color_link_inherit\"><a href=\"\/en\/portfolio\/agencia-internacional-de-energia\/\">International Energy Agency, IEA<\/a><\/div><\/div>\t\t<\/div>\r\n\t\t\t<\/article>\r\n\t<article class=\"w-grid-item size_1x1 post-21185 us_portfolio type-us_portfolio status-publish has-post-thumbnail hentry us_portfolio_category-strategic-allies\" data-id=\"21185\">\r\n\t\t<div class=\"w-grid-item-h\">\r\n\t\t\t\t\t\t<div class=\"w-hwrapper usg_hwrapper_1 align_none valign_middle\" style=\"--hwrapper-gap:1.20rem\"><div class=\"w-post-elm post_title usg_post_title_1 entry-title color_link_inherit\"><a href=\"\/en\/portfolio\/ptx-hub\/\">International Power-to-X Hub<\/a><\/div><\/div>\t\t<\/div>\r\n\t\t\t<\/article>\r\n\t<article class=\"w-grid-item size_1x1 post-21369 mec-events type-mec-events status-publish has-post-thumbnail hentry tag-energias-renovables-en tag-h2uppp-en mec_category-eventos-en\" data-id=\"21369\">\r\n\t\t<div class=\"w-grid-item-h\">\r\n\t\t\t\t\t\t<div class=\"w-hwrapper usg_hwrapper_1 align_none valign_middle\" style=\"--hwrapper-gap:1.20rem\"><div class=\"w-post-elm post_custom_field usg_post_custom_field_1 type_image us_tile_additional_image color_link_inherit\"><img loading=\"lazy\" decoding=\"async\" width=\"2457\" height=\"1584\" src=\"https:\/\/h2lac.org\/wp-content\/uploads\/2024\/06\/SAVE-THE-DATE-02.png\" class=\"attachment-full size-full\" alt=\"\" srcset=\"https:\/\/h2lac.org\/wp-content\/uploads\/2024\/06\/SAVE-THE-DATE-02.png 2457w, https:\/\/h2lac.org\/wp-content\/uploads\/2024\/06\/SAVE-THE-DATE-02-300x193.png 300w, https:\/\/h2lac.org\/wp-content\/uploads\/2024\/06\/SAVE-THE-DATE-02-1024x660.png 1024w\" sizes=\"auto, (max-width: 2457px) 100vw, 2457px\" \/><\/div><div class=\"w-post-elm post_title usg_post_title_1 entry-title color_link_inherit\"><a href=\"\/en\/events\/lac-h2-summit-cartagena-2024-america-latina-y-el-caribe-avanzando-hacia-una-transicion-sostenible\/\">LAC H2 SUMMIT Cartagena 2024 &#8211; Latin America and the Caribbean: Moving towards a sustainable transition<\/a><\/div><\/div>\t\t<\/div>\r\n\t\t\t<\/article>\r\n\t<article class=\"w-grid-item size_1x1 post-22487 mec-events type-mec-events status-publish has-post-thumbnail hentry tag-green-hydrogen tag-platform mec_category-eventos-en\" data-id=\"22487\">\r\n\t\t<div class=\"w-grid-item-h\">\r\n\t\t\t\t\t\t<div class=\"w-hwrapper usg_hwrapper_1 align_none valign_middle\" style=\"--hwrapper-gap:1.20rem\"><div class=\"w-post-elm post_custom_field usg_post_custom_field_1 type_image us_tile_additional_image color_link_inherit\"><img loading=\"lazy\" decoding=\"async\" width=\"2560\" height=\"1440\" src=\"https:\/\/h2lac.org\/wp-content\/uploads\/2024\/08\/imagen-h2diplo.jpeg\" class=\"attachment-full size-full\" alt=\"\" srcset=\"https:\/\/h2lac.org\/wp-content\/uploads\/2024\/08\/imagen-h2diplo.jpeg 2560w, https:\/\/h2lac.org\/wp-content\/uploads\/2024\/08\/imagen-h2diplo-300x169.jpeg 300w, https:\/\/h2lac.org\/wp-content\/uploads\/2024\/08\/imagen-h2diplo-1024x576.jpeg 1024w\" sizes=\"auto, (max-width: 2560px) 100vw, 2560px\" \/><\/div><div class=\"w-post-elm post_title usg_post_title_1 entry-title color_link_inherit\"><a href=\"\/en\/events\/launching-h2-colombia-ecosystem-of-the-ministry-of-mines-and-energy-unique-hydrogen-information-system-in-the-country\/\">Launching: H2 Colombia Ecosystem of the Ministry of Mines and Energy &#8211; Unique hydrogen information system in the country.<\/a><\/div><\/div>\t\t<\/div>\r\n\t\t\t<\/article>\r\n\t<article class=\"w-grid-item size_1x1 post-22698 post type-post status-publish format-standard has-post-thumbnail hentry category-regulation tag-policy-and-regulation tag-regulation tag-renewable-hydrogen pais-argentina pais-chile pais-colombia pais-uruguay\" data-id=\"22698\">\r\n\t\t<div class=\"w-grid-item-h\">\r\n\t\t\t\t\t\t<div class=\"w-hwrapper usg_hwrapper_1 align_none valign_middle\" style=\"--hwrapper-gap:1.20rem\"><div class=\"w-post-elm post_title usg_post_title_1 entry-title color_link_inherit\"><a href=\"\/en\/regulation\/low-emission-hydrogen-regulatory-framework-in-latin-america-lessons-learned-and-shared-challenges\/\">Low-emission hydrogen regulatory framework in Latin America: lessons learned and shared challenges<\/a><\/div><\/div>\t\t<\/div>\r\n\t\t\t<\/article>\r\n\t<article class=\"w-grid-item size_1x1 post-22499 mec-events type-mec-events status-publish has-post-thumbnail hentry tag-hydrogen tag-lac-en tag-regulatory-framework mec_category-eventos-en\" data-id=\"22499\">\r\n\t\t<div class=\"w-grid-item-h\">\r\n\t\t\t\t\t\t<div class=\"w-hwrapper usg_hwrapper_1 align_none valign_middle\" style=\"--hwrapper-gap:1.20rem\"><div class=\"w-post-elm post_custom_field usg_post_custom_field_1 type_image us_tile_additional_image color_link_inherit\"><img loading=\"lazy\" decoding=\"async\" width=\"1920\" height=\"1080\" src=\"https:\/\/h2lac.org\/wp-content\/uploads\/2024\/12\/Webinar-Regulacion.png\" class=\"attachment-full size-full\" alt=\"\" srcset=\"https:\/\/h2lac.org\/wp-content\/uploads\/2024\/12\/Webinar-Regulacion.png 1920w, https:\/\/h2lac.org\/wp-content\/uploads\/2024\/12\/Webinar-Regulacion-300x169.png 300w, https:\/\/h2lac.org\/wp-content\/uploads\/2024\/12\/Webinar-Regulacion-1024x576.png 1024w\" sizes=\"auto, (max-width: 1920px) 100vw, 1920px\" \/><\/div><div class=\"w-post-elm post_title usg_post_title_1 entry-title color_link_inherit\"><a href=\"\/en\/events\/low-emission-hydrogen-regulatory-framework-in-latin-america-lessons-learned-and-shared-challenges\/\">Low-emission hydrogen regulatory framework in Latin America: lessons learned and shared challenges<\/a><\/div><\/div>\t\t<\/div>\r\n\t\t\t<\/article>\r\n\t<article class=\"w-grid-item size_1x1 post-20881 page type-page status-publish hentry\" data-id=\"20881\">\r\n\t\t<div class=\"w-grid-item-h\">\r\n\t\t\t\t\t\t<div class=\"w-hwrapper usg_hwrapper_1 align_none valign_middle\" style=\"--hwrapper-gap:1.20rem\"><div class=\"w-post-elm post_title usg_post_title_1 entry-title color_link_inherit\"><a href=\"\/en\/maps\/\">Maps<\/a><\/div><\/div>\t\t<\/div>\r\n\t\t\t<\/article>\r\n\t<article class=\"w-grid-item size_1x1 post-21206 us_portfolio type-us_portfolio status-publish has-post-thumbnail hentry us_portfolio_category-partners\" data-id=\"21206\">\r\n\t\t<div class=\"w-grid-item-h\">\r\n\t\t\t\t\t\t<div class=\"w-hwrapper usg_hwrapper_1 align_none valign_middle\" style=\"--hwrapper-gap:1.20rem\"><div class=\"w-post-elm post_title usg_post_title_1 entry-title color_link_inherit\"><a href=\"\/en\/portfolio\/asociacion-mexicana-de-hidrogeno\/\">Mexican Hydrogen Association, H2 Mexico<\/a><\/div><\/div>\t\t<\/div>\r\n\t\t\t<\/article>\r\n\t<article class=\"w-grid-item size_1x1 post-21180 us_portfolio type-us_portfolio status-publish has-post-thumbnail hentry us_portfolio_category-partners\" data-id=\"21180\">\r\n\t\t<div class=\"w-grid-item-h\">\r\n\t\t\t\t\t\t<div class=\"w-hwrapper usg_hwrapper_1 align_none valign_middle\" style=\"--hwrapper-gap:1.20rem\"><div class=\"w-post-elm post_custom_field usg_post_custom_field_1 type_image us_tile_additional_image color_link_inherit\"><img loading=\"lazy\" decoding=\"async\" width=\"4500\" height=\"4500\" src=\"https:\/\/h2lac.org\/wp-content\/uploads\/2022\/08\/Logotipo-SMH_transparente-1.png\" class=\"attachment-full size-full\" alt=\"\" srcset=\"https:\/\/h2lac.org\/wp-content\/uploads\/2022\/08\/Logotipo-SMH_transparente-1.png 4500w, https:\/\/h2lac.org\/wp-content\/uploads\/2022\/08\/Logotipo-SMH_transparente-1-300x300.png 300w, https:\/\/h2lac.org\/wp-content\/uploads\/2022\/08\/Logotipo-SMH_transparente-1-1024x1024.png 1024w, https:\/\/h2lac.org\/wp-content\/uploads\/2022\/08\/Logotipo-SMH_transparente-1-150x150.png 150w, https:\/\/h2lac.org\/wp-content\/uploads\/2022\/08\/Logotipo-SMH_transparente-1-500x500.png 500w\" sizes=\"auto, (max-width: 4500px) 100vw, 4500px\" \/><\/div><div class=\"w-post-elm post_title usg_post_title_1 entry-title color_link_inherit\"><a href=\"\/en\/portfolio\/sociedad-mexicana-del-hidrogeno\/\">Mexican Hydrogen Society, SMH<\/a><\/div><\/div>\t\t<\/div>\r\n\t\t\t<\/article>\r\n\t<article class=\"w-grid-item size_1x1 post-21015 post type-post status-publish format-standard has-post-thumbnail hentry category-h2lac-review-en category-news tag-energia-solar-en tag-green-hydrogen pais-mexico-en\" data-id=\"21015\">\r\n\t\t<div class=\"w-grid-item-h\">\r\n\t\t\t\t\t\t<div class=\"w-hwrapper usg_hwrapper_1 align_none valign_middle\" style=\"--hwrapper-gap:1.20rem\"><div class=\"w-post-elm post_custom_field usg_post_custom_field_1 type_image us_tile_additional_image color_link_inherit\"><img loading=\"lazy\" decoding=\"async\" width=\"1080\" height=\"1080\" src=\"https:\/\/h2lac.org\/wp-content\/uploads\/2024\/05\/GIZ-6.png\" class=\"attachment-full size-full\" alt=\"\" srcset=\"https:\/\/h2lac.org\/wp-content\/uploads\/2024\/05\/GIZ-6.png 1080w, https:\/\/h2lac.org\/wp-content\/uploads\/2024\/05\/GIZ-6-300x300.png 300w, https:\/\/h2lac.org\/wp-content\/uploads\/2024\/05\/GIZ-6-1024x1024.png 1024w, https:\/\/h2lac.org\/wp-content\/uploads\/2024\/05\/GIZ-6-150x150.png 150w, https:\/\/h2lac.org\/wp-content\/uploads\/2024\/05\/GIZ-6-500x500.png 500w\" sizes=\"auto, (max-width: 1080px) 100vw, 1080px\" \/><\/div><div class=\"w-post-elm post_title usg_post_title_1 entry-title color_link_inherit\"><a href=\"\/en\/news\/mexico-anuncia-la-construccion-de-una-nueva-planta-de-hidrogeno-verde\/\">M\u00e9xico anuncia la construcci\u00f3n de una nueva planta de hidr\u00f3geno verde<\/a><\/div><\/div>\t\t<\/div>\r\n\t\t\t<\/article>\r\n\t<article class=\"w-grid-item size_1x1 post-22807 post type-post status-publish format-standard has-post-thumbnail hentry category-h2lac-review-en category-news tag-amoniaco-verde-en pais-chile\" data-id=\"22807\">\r\n\t\t<div class=\"w-grid-item-h\">\r\n\t\t\t\t\t\t<div class=\"w-hwrapper usg_hwrapper_1 align_none valign_middle\" style=\"--hwrapper-gap:1.20rem\"><div class=\"w-post-elm post_custom_field usg_post_custom_field_1 type_image us_tile_additional_image color_link_inherit\"><img loading=\"lazy\" decoding=\"async\" width=\"1080\" height=\"1080\" src=\"https:\/\/h2lac.org\/wp-content\/uploads\/2024\/12\/MIGA.png\" class=\"attachment-full size-full\" alt=\"\" srcset=\"https:\/\/h2lac.org\/wp-content\/uploads\/2024\/12\/MIGA.png 1080w, https:\/\/h2lac.org\/wp-content\/uploads\/2024\/12\/MIGA-300x300.png 300w, https:\/\/h2lac.org\/wp-content\/uploads\/2024\/12\/MIGA-1024x1024.png 1024w, https:\/\/h2lac.org\/wp-content\/uploads\/2024\/12\/MIGA-150x150.png 150w, https:\/\/h2lac.org\/wp-content\/uploads\/2024\/12\/MIGA-500x500.png 500w\" sizes=\"auto, (max-width: 1080px) 100vw, 1080px\" \/><\/div><div class=\"w-post-elm post_title usg_post_title_1 entry-title color_link_inherit\"><a href=\"\/en\/news\/miga-science-center-in-chile-officially-launches-the-second-chapter-of-its-animated-series\/\">MIGA Science Center in Chile officially launches the second chapter of its animated series<\/a><\/div><\/div>\t\t<\/div>\r\n\t\t\t<\/article>\r\n\t<article class=\"w-grid-item size_1x1 post-22445 us_portfolio type-us_portfolio status-publish has-post-thumbnail hentry us_portfolio_category-partners\" data-id=\"22445\">\r\n\t\t<div class=\"w-grid-item-h\">\r\n\t\t\t\t\t\t<div class=\"w-hwrapper usg_hwrapper_1 align_none valign_middle\" style=\"--hwrapper-gap:1.20rem\"><div class=\"w-post-elm post_custom_field usg_post_custom_field_1 type_image us_tile_additional_image color_link_inherit\"><img loading=\"lazy\" decoding=\"async\" width=\"10943\" height=\"3283\" src=\"https:\/\/h2lac.org\/wp-content\/uploads\/2024\/10\/logo-miga.png\" class=\"attachment-full size-full\" alt=\"\" srcset=\"https:\/\/h2lac.org\/wp-content\/uploads\/2024\/10\/logo-miga.png 10943w, https:\/\/h2lac.org\/wp-content\/uploads\/2024\/10\/logo-miga-300x90.png 300w, https:\/\/h2lac.org\/wp-content\/uploads\/2024\/10\/logo-miga-1024x307.png 1024w\" sizes=\"auto, (max-width: 10943px) 100vw, 10943px\" \/><\/div><div class=\"w-post-elm post_title usg_post_title_1 entry-title color_link_inherit\"><a href=\"\/en\/portfolio\/millennium-institute-on-green-ammonia-as-an-energy-vector-miga\/\">Millennium Institute on Green Ammonia as an Energy Vector (MIGA)<\/a><\/div><\/div>\t\t<\/div>\r\n\t\t\t<\/article>\r\n\t<article class=\"w-grid-item size_1x1 post-21184 us_portfolio type-us_portfolio status-publish has-post-thumbnail hentry us_portfolio_category-partners\" data-id=\"21184\">\r\n\t\t<div class=\"w-grid-item-h\">\r\n\t\t\t\t\t\t<div class=\"w-hwrapper usg_hwrapper_1 align_none valign_middle\" style=\"--hwrapper-gap:1.20rem\"><div class=\"w-post-elm post_custom_field usg_post_custom_field_1 type_image us_tile_additional_image color_link_inherit\"><img loading=\"lazy\" decoding=\"async\" width=\"1247\" height=\"1133\" src=\"https:\/\/h2lac.org\/wp-content\/uploads\/2022\/07\/Color_MinEnergia-2.jpg\" class=\"attachment-full size-full\" alt=\"\" srcset=\"https:\/\/h2lac.org\/wp-content\/uploads\/2022\/07\/Color_MinEnergia-2.jpg 1247w, https:\/\/h2lac.org\/wp-content\/uploads\/2022\/07\/Color_MinEnergia-2-300x273.jpg 300w, https:\/\/h2lac.org\/wp-content\/uploads\/2022\/07\/Color_MinEnergia-2-1024x930.jpg 1024w\" sizes=\"auto, (max-width: 1247px) 100vw, 1247px\" \/><\/div><div class=\"w-post-elm post_title usg_post_title_1 entry-title color_link_inherit\"><a href=\"\/en\/portfolio\/ministerio-de-energia-de-chile\/\">Ministry of Energy of Chile<\/a><\/div><\/div>\t\t<\/div>\r\n\t\t\t<\/article>\r\n\t<article class=\"w-grid-item size_1x1 post-21188 us_portfolio type-us_portfolio status-publish has-post-thumbnail hentry us_portfolio_category-partners\" data-id=\"21188\">\r\n\t\t<div class=\"w-grid-item-h\">\r\n\t\t\t\t\t\t<div class=\"w-hwrapper usg_hwrapper_1 align_none valign_middle\" style=\"--hwrapper-gap:1.20rem\"><div class=\"w-post-elm post_custom_field usg_post_custom_field_1 type_image us_tile_additional_image color_link_inherit\"><img loading=\"lazy\" decoding=\"async\" width=\"3088\" height=\"1161\" src=\"https:\/\/h2lac.org\/wp-content\/uploads\/2022\/06\/MINAE-1-1.png\" class=\"attachment-full size-full\" alt=\"\" srcset=\"https:\/\/h2lac.org\/wp-content\/uploads\/2022\/06\/MINAE-1-1.png 3088w, https:\/\/h2lac.org\/wp-content\/uploads\/2022\/06\/MINAE-1-1-300x113.png 300w, https:\/\/h2lac.org\/wp-content\/uploads\/2022\/06\/MINAE-1-1-1024x385.png 1024w\" sizes=\"auto, (max-width: 3088px) 100vw, 3088px\" \/><\/div><div class=\"w-post-elm post_title usg_post_title_1 entry-title color_link_inherit\"><a href=\"\/en\/portfolio\/ministerio-de-ambiente-y-energia-de-costa-rica\/\">Ministry of Environment and Energy of Costa Rica<\/a><\/div><\/div>\t\t<\/div>\r\n\t\t\t<\/article>\r\n\t<article class=\"w-grid-item size_1x1 post-21181 us_portfolio type-us_portfolio status-publish has-post-thumbnail hentry us_portfolio_category-partners\" data-id=\"21181\">\r\n\t\t<div class=\"w-grid-item-h\">\r\n\t\t\t\t\t\t<div class=\"w-hwrapper usg_hwrapper_1 align_none valign_middle\" style=\"--hwrapper-gap:1.20rem\"><div class=\"w-post-elm post_custom_field usg_post_custom_field_1 type_image us_tile_additional_image color_link_inherit\"><img loading=\"lazy\" decoding=\"async\" width=\"1818\" height=\"1920\" src=\"https:\/\/h2lac.org\/wp-content\/uploads\/2022\/08\/Logo-MHE_vertical.jpg\" class=\"attachment-full size-full\" alt=\"\" srcset=\"https:\/\/h2lac.org\/wp-content\/uploads\/2022\/08\/Logo-MHE_vertical.jpg 1818w, https:\/\/h2lac.org\/wp-content\/uploads\/2022\/08\/Logo-MHE_vertical-284x300.jpg 284w, https:\/\/h2lac.org\/wp-content\/uploads\/2022\/08\/Logo-MHE_vertical-970x1024.jpg 970w\" sizes=\"auto, (max-width: 1818px) 100vw, 1818px\" \/><\/div><div class=\"w-post-elm post_title usg_post_title_1 entry-title color_link_inherit\"><a href=\"\/en\/portfolio\/ministerio-de-hidrocarburos-y-energia-de-bolivia\/\">Ministry of Hydrocarbons and Energy of Bolivia<\/a><\/div><\/div>\t\t<\/div>\r\n\t\t\t<\/article>\r\n\t<article class=\"w-grid-item size_1x1 post-21191 us_portfolio type-us_portfolio status-publish has-post-thumbnail hentry us_portfolio_category-partners\" data-id=\"21191\">\r\n\t\t<div class=\"w-grid-item-h\">\r\n\t\t\t\t\t\t<div class=\"w-hwrapper usg_hwrapper_1 align_none valign_middle\" style=\"--hwrapper-gap:1.20rem\"><div class=\"w-post-elm post_custom_field usg_post_custom_field_1 type_image us_tile_additional_image color_link_inherit\"><img loading=\"lazy\" decoding=\"async\" width=\"2217\" height=\"1084\" src=\"https:\/\/h2lac.org\/wp-content\/uploads\/2022\/06\/MIEM-horizontal-blanco.jpg\" class=\"attachment-full size-full\" alt=\"\" srcset=\"https:\/\/h2lac.org\/wp-content\/uploads\/2022\/06\/MIEM-horizontal-blanco.jpg 2217w, https:\/\/h2lac.org\/wp-content\/uploads\/2022\/06\/MIEM-horizontal-blanco-300x147.jpg 300w, https:\/\/h2lac.org\/wp-content\/uploads\/2022\/06\/MIEM-horizontal-blanco-1024x501.jpg 1024w\" sizes=\"auto, (max-width: 2217px) 100vw, 2217px\" \/><\/div><div class=\"w-post-elm post_title usg_post_title_1 entry-title color_link_inherit\"><a href=\"\/en\/portfolio\/ministerio-de-industria-energia-y-mineria-de-uruguay\/\">Ministry of Industry, Energy and Mining of Uruguay<\/a><\/div><\/div>\t\t<\/div>\r\n\t\t\t<\/article>\r\n\t<article class=\"w-grid-item size_1x1 post-21208 us_portfolio type-us_portfolio status-publish has-post-thumbnail hentry us_portfolio_category-partners\" data-id=\"21208\">\r\n\t\t<div class=\"w-grid-item-h\">\r\n\t\t\t\t\t\t<div class=\"w-hwrapper usg_hwrapper_1 align_none valign_middle\" style=\"--hwrapper-gap:1.20rem\"><div class=\"w-post-elm post_title usg_post_title_1 entry-title color_link_inherit\"><a href=\"\/en\/portfolio\/ministerio-de-minas-y-energia-de-colombia\/\">Ministry of Mines and Energy of Colombia<\/a><\/div><\/div>\t\t<\/div>\r\n\t\t\t<\/article>\r\n\t<article class=\"w-grid-item size_1x1 post-21186 us_portfolio type-us_portfolio status-publish has-post-thumbnail hentry us_portfolio_category-partners\" data-id=\"21186\">\r\n\t\t<div class=\"w-grid-item-h\">\r\n\t\t\t\t\t\t<div class=\"w-hwrapper usg_hwrapper_1 align_none valign_middle\" style=\"--hwrapper-gap:1.20rem\"><div class=\"w-post-elm post_custom_field usg_post_custom_field_1 type_image us_tile_additional_image color_link_inherit\"><img loading=\"lazy\" decoding=\"async\" width=\"184\" height=\"130\" src=\"https:\/\/h2lac.org\/wp-content\/uploads\/2022\/07\/uy-ancap-2.png\" class=\"attachment-full size-full\" alt=\"\" \/><\/div><div class=\"w-post-elm post_title usg_post_title_1 entry-title color_link_inherit\"><a href=\"\/en\/portfolio\/ancap\/\">National Administration of Fuels, Alcohol and Portland of Uruguay, ANCAP<\/a><\/div><\/div>\t\t<\/div>\r\n\t\t\t<\/article>\r\n\t<article class=\"w-grid-item size_1x1 post-20925 page type-page status-publish hentry\" data-id=\"20925\">\r\n\t\t<div class=\"w-grid-item-h\">\r\n\t\t\t\t\t\t<div class=\"w-hwrapper usg_hwrapper_1 align_none valign_middle\" style=\"--hwrapper-gap:1.20rem\"><div class=\"w-post-elm post_title usg_post_title_1 entry-title color_link_inherit\"><a href=\"\/en\/news\/\">News<\/a><\/div><\/div>\t\t<\/div>\r\n\t\t\t<\/article>\r\n\t<article class=\"w-grid-item size_1x1 post-20930 page type-page status-publish hentry\" data-id=\"20930\">\r\n\t\t<div class=\"w-grid-item-h\">\r\n\t\t\t\t\t\t<div class=\"w-hwrapper usg_hwrapper_1 align_none valign_middle\" style=\"--hwrapper-gap:1.20rem\"><div class=\"w-post-elm post_title usg_post_title_1 entry-title color_link_inherit\"><a href=\"\/en\/opportunities\/\">Opportunities<\/a><\/div><\/div>\t\t<\/div>\r\n\t\t\t<\/article>\r\n\t<article class=\"w-grid-item size_1x1 post-22696 post type-post status-publish format-standard has-post-thumbnail hentry category-news tag-estrategia-nacional-de-h2-en tag-green-hydrogen pais-panama\" data-id=\"22696\">\r\n\t\t<div class=\"w-grid-item-h\">\r\n\t\t\t\t\t\t<div class=\"w-hwrapper usg_hwrapper_1 align_none valign_middle\" style=\"--hwrapper-gap:1.20rem\"><div class=\"w-post-elm post_custom_field usg_post_custom_field_1 type_image us_tile_additional_image color_link_inherit\"><img loading=\"lazy\" decoding=\"async\" width=\"1080\" height=\"800\" src=\"https:\/\/h2lac.org\/wp-content\/uploads\/2024\/12\/copyrights-4.png\" class=\"attachment-full size-full\" alt=\"\" srcset=\"https:\/\/h2lac.org\/wp-content\/uploads\/2024\/12\/copyrights-4.png 1080w, https:\/\/h2lac.org\/wp-content\/uploads\/2024\/12\/copyrights-4-300x222.png 300w, https:\/\/h2lac.org\/wp-content\/uploads\/2024\/12\/copyrights-4-1024x759.png 1024w\" sizes=\"auto, (max-width: 1080px) 100vw, 1080px\" \/><\/div><div class=\"w-post-elm post_title usg_post_title_1 entry-title color_link_inherit\"><a href=\"\/en\/news\/panama-develops-its-potential-to-produce-and-store-green-hydrogen-with-euroclima\/\">Panama develops its potential to produce and store green hydrogen with Euroclima<\/a><\/div><\/div>\t\t<\/div>\r\n\t\t\t<\/article>\r\n\t<article class=\"w-grid-item size_1x1 post-22785 post type-post status-publish format-standard has-post-thumbnail hentry category-news tag-ethanol tag-green-hydrogen pais-panama\" data-id=\"22785\">\r\n\t\t<div class=\"w-grid-item-h\">\r\n\t\t\t\t\t\t<div class=\"w-hwrapper usg_hwrapper_1 align_none valign_middle\" style=\"--hwrapper-gap:1.20rem\"><div class=\"w-post-elm post_custom_field usg_post_custom_field_1 type_image us_tile_additional_image color_link_inherit\"><img loading=\"lazy\" decoding=\"async\" width=\"1080\" height=\"1080\" src=\"https:\/\/h2lac.org\/wp-content\/uploads\/2024\/09\/GIZ-PA.png\" class=\"attachment-full size-full\" alt=\"\" srcset=\"https:\/\/h2lac.org\/wp-content\/uploads\/2024\/09\/GIZ-PA.png 1080w, https:\/\/h2lac.org\/wp-content\/uploads\/2024\/09\/GIZ-PA-300x300.png 300w, https:\/\/h2lac.org\/wp-content\/uploads\/2024\/09\/GIZ-PA-1024x1024.png 1024w, https:\/\/h2lac.org\/wp-content\/uploads\/2024\/09\/GIZ-PA-150x150.png 150w, https:\/\/h2lac.org\/wp-content\/uploads\/2024\/09\/GIZ-PA-500x500.png 500w\" sizes=\"auto, (max-width: 1080px) 100vw, 1080px\" \/><\/div><div class=\"w-post-elm post_title usg_post_title_1 entry-title color_link_inherit\"><a href=\"\/en\/news\/panama-expands-its-energy-market-by-promoting-green-hydrogen-and-its-derivatives\/\">Panama expands its energy market by promoting green hydrogen and its derivatives<\/a><\/div><\/div>\t\t<\/div>\r\n\t\t\t<\/article>\r\n\t<article class=\"w-grid-item size_1x1 post-21168 us_portfolio type-us_portfolio status-publish has-post-thumbnail hentry us_portfolio_category-partners\" data-id=\"21168\">\r\n\t\t<div class=\"w-grid-item-h\">\r\n\t\t\t\t\t\t<div class=\"w-hwrapper usg_hwrapper_1 align_none valign_middle\" style=\"--hwrapper-gap:1.20rem\"><div class=\"w-post-elm post_custom_field usg_post_custom_field_1 type_image us_tile_additional_image color_link_inherit\"><img loading=\"lazy\" decoding=\"async\" width=\"2468\" height=\"493\" src=\"https:\/\/h2lac.org\/wp-content\/uploads\/2023\/02\/1154_ahk_panama_rgb-1.jpg\" class=\"attachment-full size-full\" alt=\"\" srcset=\"https:\/\/h2lac.org\/wp-content\/uploads\/2023\/02\/1154_ahk_panama_rgb-1.jpg 2468w, https:\/\/h2lac.org\/wp-content\/uploads\/2023\/02\/1154_ahk_panama_rgb-1-300x60.jpg 300w, https:\/\/h2lac.org\/wp-content\/uploads\/2023\/02\/1154_ahk_panama_rgb-1-1024x205.jpg 1024w\" sizes=\"auto, (max-width: 2468px) 100vw, 2468px\" \/><\/div><div class=\"w-post-elm post_title usg_post_title_1 entry-title color_link_inherit\"><a href=\"\/en\/portfolio\/camara-de-comercio-e-industria-panamena-alemana\/\">Panamanian-German Chamber of Commerce and Industry, AHK Panam\u00e1<\/a><\/div><\/div>\t\t<\/div>\r\n\t\t\t<\/article>\r\n\t<article class=\"w-grid-item size_1x1 post-20870 page type-page status-publish hentry\" data-id=\"20870\">\r\n\t\t<div class=\"w-grid-item-h\">\r\n\t\t\t\t\t\t<div class=\"w-hwrapper usg_hwrapper_1 align_none valign_middle\" style=\"--hwrapper-gap:1.20rem\"><div class=\"w-post-elm post_title usg_post_title_1 entry-title color_link_inherit\"><a href=\"\/en\/partners\/\">Partners<\/a><\/div><\/div>\t\t<\/div>\r\n\t\t\t<\/article>\r\n\t<article class=\"w-grid-item size_1x1 post-22715 post type-post status-publish format-standard has-post-thumbnail hentry category-news tag-green-hydrogen tag-law pais-peru\" data-id=\"22715\">\r\n\t\t<div class=\"w-grid-item-h\">\r\n\t\t\t\t\t\t<div class=\"w-hwrapper usg_hwrapper_1 align_none valign_middle\" style=\"--hwrapper-gap:1.20rem\"><div class=\"w-post-elm post_custom_field usg_post_custom_field_1 type_image us_tile_additional_image color_link_inherit\"><img loading=\"lazy\" decoding=\"async\" width=\"1080\" height=\"1080\" src=\"https:\/\/h2lac.org\/wp-content\/uploads\/2025\/02\/Un-marco-regulatorio-para-el-hidrogeno-verde-en-peru-1.png\" class=\"attachment-full size-full\" alt=\"\" srcset=\"https:\/\/h2lac.org\/wp-content\/uploads\/2025\/02\/Un-marco-regulatorio-para-el-hidrogeno-verde-en-peru-1.png 1080w, https:\/\/h2lac.org\/wp-content\/uploads\/2025\/02\/Un-marco-regulatorio-para-el-hidrogeno-verde-en-peru-1-300x300.png 300w, https:\/\/h2lac.org\/wp-content\/uploads\/2025\/02\/Un-marco-regulatorio-para-el-hidrogeno-verde-en-peru-1-1024x1024.png 1024w, https:\/\/h2lac.org\/wp-content\/uploads\/2025\/02\/Un-marco-regulatorio-para-el-hidrogeno-verde-en-peru-1-150x150.png 150w, https:\/\/h2lac.org\/wp-content\/uploads\/2025\/02\/Un-marco-regulatorio-para-el-hidrogeno-verde-en-peru-1-500x500.png 500w\" sizes=\"auto, (max-width: 1080px) 100vw, 1080px\" \/><\/div><div class=\"w-post-elm post_title usg_post_title_1 entry-title color_link_inherit\"><a href=\"\/en\/news\/peru-advances-in-green-hydrogen-regulation-with-new-regulation-proposal\/\">Peru advances in green hydrogen regulation with new regulation proposal<\/a><\/div><\/div>\t\t<\/div>\r\n\t\t\t<\/article>\r\n\t<article class=\"w-grid-item size_1x1 post-22727 post type-post status-publish format-standard has-post-thumbnail hentry category-h2lac-review-en category-news tag-green-hydrogen tag-law pais-peru\" data-id=\"22727\">\r\n\t\t<div class=\"w-grid-item-h\">\r\n\t\t\t\t\t\t<div class=\"w-hwrapper usg_hwrapper_1 align_none valign_middle\" style=\"--hwrapper-gap:1.20rem\"><div class=\"w-post-elm post_custom_field usg_post_custom_field_1 type_image us_tile_additional_image color_link_inherit\"><img loading=\"lazy\" decoding=\"async\" width=\"1080\" height=\"875\" src=\"https:\/\/h2lac.org\/wp-content\/uploads\/2025\/04\/H2-Peru-y-la-Embajada-del-Reino-Unido-en-Lima.png\" class=\"attachment-full size-full\" alt=\"\" srcset=\"https:\/\/h2lac.org\/wp-content\/uploads\/2025\/04\/H2-Peru-y-la-Embajada-del-Reino-Unido-en-Lima.png 1080w, https:\/\/h2lac.org\/wp-content\/uploads\/2025\/04\/H2-Peru-y-la-Embajada-del-Reino-Unido-en-Lima-300x243.png 300w, https:\/\/h2lac.org\/wp-content\/uploads\/2025\/04\/H2-Peru-y-la-Embajada-del-Reino-Unido-en-Lima-1024x830.png 1024w\" sizes=\"auto, (max-width: 1080px) 100vw, 1080px\" \/><\/div><div class=\"w-post-elm post_title usg_post_title_1 entry-title color_link_inherit\"><a href=\"\/en\/news\/peru-proposal-for-the-regulation-of-the-green-hydrogen-promotion-law-is-presented\/\">Peru: Proposal for the Regulation of the Green Hydrogen Promotion Law is presented<\/a><\/div><\/div>\t\t<\/div>\r\n\t\t\t<\/article>\r\n\t<article class=\"w-grid-item size_1x1 post-21177 us_portfolio type-us_portfolio status-publish has-post-thumbnail hentry us_portfolio_category-partners\" data-id=\"21177\">\r\n\t\t<div class=\"w-grid-item-h\">\r\n\t\t\t\t\t\t<div class=\"w-hwrapper usg_hwrapper_1 align_none valign_middle\" style=\"--hwrapper-gap:1.20rem\"><div class=\"w-post-elm post_title usg_post_title_1 entry-title color_link_inherit\"><a href=\"\/en\/portfolio\/spr\/\">Peruvian Association of Renewable Energies, SPR<\/a><\/div><\/div>\t\t<\/div>\r\n\t\t\t<\/article>\r\n\t<article class=\"w-grid-item size_1x1 post-21205 us_portfolio type-us_portfolio status-publish has-post-thumbnail hentry us_portfolio_category-partners\" data-id=\"21205\">\r\n\t\t<div class=\"w-grid-item-h\">\r\n\t\t\t\t\t\t<div class=\"w-hwrapper usg_hwrapper_1 align_none valign_middle\" style=\"--hwrapper-gap:1.20rem\"><div class=\"w-post-elm post_title usg_post_title_1 entry-title color_link_inherit\"><a href=\"\/en\/portfolio\/asociacion-peruana-de-hidrogeno\/\">Peruvian Hydrogen Association, H2 Peru<\/a><\/div><\/div>\t\t<\/div>\r\n\t\t\t<\/article>\r\n\t<article class=\"w-grid-item size_1x1 post-21178 us_portfolio type-us_portfolio status-publish has-post-thumbnail hentry us_portfolio_category-partners\" data-id=\"21178\">\r\n\t\t<div class=\"w-grid-item-h\">\r\n\t\t\t\t\t\t<div class=\"w-hwrapper usg_hwrapper_1 align_none valign_middle\" style=\"--hwrapper-gap:1.20rem\"><div class=\"w-post-elm post_custom_field usg_post_custom_field_1 type_image us_tile_additional_image color_link_inherit\"><img loading=\"lazy\" decoding=\"async\" width=\"848\" height=\"172\" src=\"https:\/\/h2lac.org\/wp-content\/uploads\/2022\/09\/Logo-Ahk-azul-transparente-1.png\" class=\"attachment-full size-full\" alt=\"\" srcset=\"https:\/\/h2lac.org\/wp-content\/uploads\/2022\/09\/Logo-Ahk-azul-transparente-1.png 848w, https:\/\/h2lac.org\/wp-content\/uploads\/2022\/09\/Logo-Ahk-azul-transparente-1-300x61.png 300w\" sizes=\"auto, (max-width: 848px) 100vw, 848px\" \/><\/div><div class=\"w-post-elm post_title usg_post_title_1 entry-title color_link_inherit\"><a href=\"\/en\/portfolio\/ahk-peru\/\">Peruvian-German Chamber of Commerce and Industry, AHK Peru<\/a><\/div><\/div>\t\t<\/div>\r\n\t\t\t<\/article>\r\n\t<article class=\"w-grid-item size_1x1 post-22772 post type-post status-publish format-standard has-post-thumbnail hentry category-infrastructure tag-infrastructure tag-international-power-to-x-hub-en tag-power-to-x-en pais-argentina\" data-id=\"22772\">\r\n\t\t<div class=\"w-grid-item-h\">\r\n\t\t\t\t\t\t<div class=\"w-hwrapper usg_hwrapper_1 align_none valign_middle\" style=\"--hwrapper-gap:1.20rem\"><div class=\"w-post-elm post_title usg_post_title_1 entry-title color_link_inherit\"><a href=\"\/en\/infrastructure\/port-infrastructure-for-the-development-of-green-hydrogen-and-power-to-x-projects-in-argentina\/\">Port infrastructure for the development of green hydrogen and Power-to-X projects in Argentina<\/a><\/div><\/div>\t\t<\/div>\r\n\t\t\t<\/article>\r\n\t<article class=\"w-grid-item size_1x1 post-22486 mec-events type-mec-events status-publish has-post-thumbnail hentry tag-green-hydrogen tag-power-to-x-en mec_category-eventos-en\" data-id=\"22486\">\r\n\t\t<div class=\"w-grid-item-h\">\r\n\t\t\t\t\t\t<div class=\"w-hwrapper usg_hwrapper_1 align_none valign_middle\" style=\"--hwrapper-gap:1.20rem\"><div class=\"w-post-elm post_custom_field usg_post_custom_field_1 type_image us_tile_additional_image color_link_inherit\"><img loading=\"lazy\" decoding=\"async\" width=\"1920\" height=\"1080\" src=\"https:\/\/h2lac.org\/wp-content\/uploads\/2024\/08\/Webinar-Infraestructura-Portuaria-1.png\" class=\"attachment-full size-full\" alt=\"\" srcset=\"https:\/\/h2lac.org\/wp-content\/uploads\/2024\/08\/Webinar-Infraestructura-Portuaria-1.png 1920w, https:\/\/h2lac.org\/wp-content\/uploads\/2024\/08\/Webinar-Infraestructura-Portuaria-1-300x169.png 300w, https:\/\/h2lac.org\/wp-content\/uploads\/2024\/08\/Webinar-Infraestructura-Portuaria-1-1024x576.png 1024w\" sizes=\"auto, (max-width: 1920px) 100vw, 1920px\" \/><\/div><div class=\"w-post-elm post_title usg_post_title_1 entry-title color_link_inherit\"><a href=\"\/en\/events\/port-infrastructure-for-the-development-of-green-hydrogen-and-ptx-projects\/\">Port infrastructure for the development of green hydrogen and PtX projects.<\/a><\/div><\/div>\t\t<\/div>\r\n\t\t\t<\/article>\r\n\t<article class=\"w-grid-item size_1x1 post-22528 mec-events type-mec-events status-publish has-post-thumbnail hentry tag-colombia-en tag-hydrogen-colombia mec_category-eventos-en\" data-id=\"22528\">\r\n\t\t<div class=\"w-grid-item-h\">\r\n\t\t\t\t\t\t<div class=\"w-hwrapper usg_hwrapper_1 align_none valign_middle\" style=\"--hwrapper-gap:1.20rem\"><div class=\"w-post-elm post_title usg_post_title_1 entry-title color_link_inherit\"><a href=\"\/en\/events\/projects-in-latin-america-driving-the-regions-future\/\">Projects in Latin America &#8211; Driving the region&#8217;s future<\/a><\/div><\/div>\t\t<\/div>\r\n\t\t\t<\/article>\r\n\t<article class=\"w-grid-item size_1x1 post-22493 mec-events type-mec-events status-publish has-post-thumbnail hentry tag-financing tag-international-power-to-x-hub-en tag-power-to-x-en mec_category-eventos-en\" data-id=\"22493\">\r\n\t\t<div class=\"w-grid-item-h\">\r\n\t\t\t\t\t\t<div class=\"w-hwrapper usg_hwrapper_1 align_none valign_middle\" style=\"--hwrapper-gap:1.20rem\"><div class=\"w-post-elm post_custom_field usg_post_custom_field_1 type_image us_tile_additional_image color_link_inherit\"><img loading=\"lazy\" decoding=\"async\" width=\"1280\" height=\"720\" src=\"https:\/\/h2lac.org\/wp-content\/uploads\/2024\/11\/csm_ptx-lab-talk-plus-scaling-power-to-x-solutions-to-financial-and-market-barriers-en_a376d94f42.jpg\" class=\"attachment-full size-full\" alt=\"\" srcset=\"https:\/\/h2lac.org\/wp-content\/uploads\/2024\/11\/csm_ptx-lab-talk-plus-scaling-power-to-x-solutions-to-financial-and-market-barriers-en_a376d94f42.jpg 1280w, https:\/\/h2lac.org\/wp-content\/uploads\/2024\/11\/csm_ptx-lab-talk-plus-scaling-power-to-x-solutions-to-financial-and-market-barriers-en_a376d94f42-300x169.jpg 300w, https:\/\/h2lac.org\/wp-content\/uploads\/2024\/11\/csm_ptx-lab-talk-plus-scaling-power-to-x-solutions-to-financial-and-market-barriers-en_a376d94f42-1024x576.jpg 1024w\" sizes=\"auto, (max-width: 1280px) 100vw, 1280px\" \/><\/div><div class=\"w-post-elm post_title usg_post_title_1 entry-title color_link_inherit\"><a href=\"\/en\/events\/ptx-lab-talkscaling-power-to-x-solutions-to-financial-and-market-barriers\/\">PtX Lab Talk+&#8221;Scaling Power-to-X: Solutions to Financial and Market Barriers&#8221;.<\/a><\/div><\/div>\t\t<\/div>\r\n\t\t\t<\/article>\r\n\t<article class=\"w-grid-item size_1x1 post-21405 mec-events type-mec-events status-publish has-post-thumbnail hentry tag-genero-en tag-green-hydrogen tag-lac-en tag-mujeres-en mec_category-eventos-en\" data-id=\"21405\">\r\n\t\t<div class=\"w-grid-item-h\">\r\n\t\t\t\t\t\t<div class=\"w-hwrapper usg_hwrapper_1 align_none valign_middle\" style=\"--hwrapper-gap:1.20rem\"><div class=\"w-post-elm post_custom_field usg_post_custom_field_1 type_image us_tile_additional_image color_link_inherit\"><img loading=\"lazy\" decoding=\"async\" width=\"1920\" height=\"1200\" src=\"https:\/\/h2lac.org\/wp-content\/uploads\/2024\/06\/Evento-WHIG-H2LAC-1920-x-1200-px-2.png\" class=\"attachment-full size-full\" alt=\"\" srcset=\"https:\/\/h2lac.org\/wp-content\/uploads\/2024\/06\/Evento-WHIG-H2LAC-1920-x-1200-px-2.png 1920w, https:\/\/h2lac.org\/wp-content\/uploads\/2024\/06\/Evento-WHIG-H2LAC-1920-x-1200-px-2-300x188.png 300w, https:\/\/h2lac.org\/wp-content\/uploads\/2024\/06\/Evento-WHIG-H2LAC-1920-x-1200-px-2-1024x640.png 1024w\" sizes=\"auto, (max-width: 1920px) 100vw, 1920px\" \/><\/div><div class=\"w-post-elm post_title usg_post_title_1 entry-title color_link_inherit\"><a href=\"\/en\/events\/panorama-regional-del-hidrogeno-verde-en-america-latina-y-el-caribe-by-women-in-green-hydrogen\/\">Regional overview of green hydrogen in Latin America<\/a><\/div><\/div>\t\t<\/div>\r\n\t\t\t<\/article>\r\n\t<article class=\"w-grid-item size_1x1 post-21234 post type-post status-publish format-standard has-post-thumbnail hentry category-industry tag-mineria-en pais-chile\" data-id=\"21234\">\r\n\t\t<div class=\"w-grid-item-h\">\r\n\t\t\t\t\t\t<div class=\"w-hwrapper usg_hwrapper_1 align_none valign_middle\" style=\"--hwrapper-gap:1.20rem\"><div class=\"w-post-elm post_custom_field usg_post_custom_field_1 type_image us_tile_additional_image color_link_inherit\"><img loading=\"lazy\" decoding=\"async\" width=\"600\" height=\"600\" src=\"https:\/\/h2lac.org\/wp-content\/uploads\/2023\/09\/Lanzamiento-Estudio-rh2-600-\u00d7-600-px.png\" class=\"attachment-full size-full\" alt=\"\" srcset=\"https:\/\/h2lac.org\/wp-content\/uploads\/2023\/09\/Lanzamiento-Estudio-rh2-600-\u00d7-600-px.png 600w, https:\/\/h2lac.org\/wp-content\/uploads\/2023\/09\/Lanzamiento-Estudio-rh2-600-\u00d7-600-px-300x300.png 300w, https:\/\/h2lac.org\/wp-content\/uploads\/2023\/09\/Lanzamiento-Estudio-rh2-600-\u00d7-600-px-150x150.png 150w\" sizes=\"auto, (max-width: 600px) 100vw, 600px\" \/><\/div><div class=\"w-post-elm post_title usg_post_title_1 entry-title color_link_inherit\"><a href=\"\/en\/industry\/estudio-de-prefactibilidad-de-cogeneracion-con-hidrogeno-y-recuperacion-de-calor-en-minera-valle-central\/\">Resultados del estudio de prefactibilidad de cogeneraci\u00f3n con hidr\u00f3geno y recuperaci\u00f3n de calor en Minera Valle Central<\/a><\/div><\/div>\t\t<\/div>\r\n\t\t\t<\/article>\r\n\t<article class=\"w-grid-item size_1x1 post-22800 post type-post status-publish format-standard has-post-thumbnail hentry category-infrastructure tag-infrastructure pais-chile\" data-id=\"22800\">\r\n\t\t<div class=\"w-grid-item-h\">\r\n\t\t\t\t\t\t<div class=\"w-hwrapper usg_hwrapper_1 align_none valign_middle\" style=\"--hwrapper-gap:1.20rem\"><div class=\"w-post-elm post_title usg_post_title_1 entry-title color_link_inherit\"><a href=\"\/en\/infrastructure\/results-of-the-study-on-quantification-of-chilean-port-infrastructure-capacity-for-hydrogen-projects\/\">Results of the study on quantification of Chilean port infrastructure capacity for hydrogen projects<\/a><\/div><\/div>\t\t<\/div>\r\n\t\t\t<\/article>\r\n\t<article class=\"w-grid-item size_1x1 post-22490 mec-events type-mec-events status-publish has-post-thumbnail hentry tag-green-hydrogen tag-infrastructure tag-port mec_category-eventos-en\" data-id=\"22490\">\r\n\t\t<div class=\"w-grid-item-h\">\r\n\t\t\t\t\t\t<div class=\"w-hwrapper usg_hwrapper_1 align_none valign_middle\" style=\"--hwrapper-gap:1.20rem\"><div class=\"w-post-elm post_custom_field usg_post_custom_field_1 type_image us_tile_additional_image color_link_inherit\"><img loading=\"lazy\" decoding=\"async\" width=\"900\" height=\"505\" src=\"https:\/\/h2lac.org\/wp-content\/uploads\/2024\/11\/2024.11.20-Save-the-date-Infr-po-1.png\" class=\"attachment-full size-full\" alt=\"\" srcset=\"https:\/\/h2lac.org\/wp-content\/uploads\/2024\/11\/2024.11.20-Save-the-date-Infr-po-1.png 900w, https:\/\/h2lac.org\/wp-content\/uploads\/2024\/11\/2024.11.20-Save-the-date-Infr-po-1-300x168.png 300w\" sizes=\"auto, (max-width: 900px) 100vw, 900px\" \/><\/div><div class=\"w-post-elm post_title usg_post_title_1 entry-title color_link_inherit\"><a href=\"\/en\/events\/results-of-the-study-on-quantification-of-chilean-port-infrastructure-capacity-for-hydrogen-projects\/\">Results of the study on quantification of Chilean port infrastructure capacity for hydrogen projects<\/a><\/div><\/div>\t\t<\/div>\r\n\t\t\t<\/article>\r\n\t<article class=\"w-grid-item size_1x1 post-21173 us_portfolio type-us_portfolio status-publish has-post-thumbnail hentry us_portfolio_category-partners\" data-id=\"21173\">\r\n\t\t<div class=\"w-grid-item-h\">\r\n\t\t\t\t\t\t<div class=\"w-hwrapper usg_hwrapper_1 align_none valign_middle\" style=\"--hwrapper-gap:1.20rem\"><div class=\"w-post-elm post_custom_field usg_post_custom_field_1 type_image us_tile_additional_image color_link_inherit\"><img loading=\"lazy\" decoding=\"async\" width=\"559\" height=\"488\" src=\"https:\/\/h2lac.org\/wp-content\/uploads\/2022\/11\/00_LOGO_CCTM..png\" class=\"attachment-full size-full\" alt=\"\" srcset=\"https:\/\/h2lac.org\/wp-content\/uploads\/2022\/11\/00_LOGO_CCTM..png 559w, https:\/\/h2lac.org\/wp-content\/uploads\/2022\/11\/00_LOGO_CCTM.-300x262.png 300w\" sizes=\"auto, (max-width: 559px) 100vw, 559px\" \/><\/div><div class=\"w-post-elm post_title usg_post_title_1 entry-title color_link_inherit\"><a href=\"\/en\/portfolio\/cicitem\/\">Scientific and Technological Center of the Antofagasta Region of Chile, CICITEM<\/a><\/div><\/div>\t\t<\/div>\r\n\t\t\t<\/article>\r\n\t<article class=\"w-grid-item size_1x1 post-21192 us_portfolio type-us_portfolio status-publish has-post-thumbnail hentry us_portfolio_category-partners\" data-id=\"21192\">\r\n\t\t<div class=\"w-grid-item-h\">\r\n\t\t\t\t\t\t<div class=\"w-hwrapper usg_hwrapper_1 align_none valign_middle\" style=\"--hwrapper-gap:1.20rem\"><div class=\"w-post-elm post_custom_field usg_post_custom_field_1 type_image us_tile_additional_image color_link_inherit\"><img loading=\"lazy\" decoding=\"async\" width=\"1427\" height=\"354\" src=\"https:\/\/h2lac.org\/wp-content\/uploads\/2022\/06\/logo_eco_energia_color-1.png\" class=\"attachment-full size-full\" alt=\"\" srcset=\"https:\/\/h2lac.org\/wp-content\/uploads\/2022\/06\/logo_eco_energia_color-1.png 1427w, https:\/\/h2lac.org\/wp-content\/uploads\/2022\/06\/logo_eco_energia_color-1-300x74.png 300w, https:\/\/h2lac.org\/wp-content\/uploads\/2022\/06\/logo_eco_energia_color-1-1024x254.png 1024w\" sizes=\"auto, (max-width: 1427px) 100vw, 1427px\" \/><\/div><div class=\"w-post-elm post_title usg_post_title_1 entry-title color_link_inherit\"><a href=\"\/en\/portfolio\/secretaria-de-energia-de-argentina\/\">Secretariat of Energy of Argentina<\/a><\/div><\/div>\t\t<\/div>\r\n\t\t\t<\/article>\r\n\t<article class=\"w-grid-item size_1x1 post-22439 us_portfolio type-us_portfolio status-publish has-post-thumbnail hentry us_portfolio_category-partners\" data-id=\"22439\">\r\n\t\t<div class=\"w-grid-item-h\">\r\n\t\t\t\t\t\t<div class=\"w-hwrapper usg_hwrapper_1 align_none valign_middle\" style=\"--hwrapper-gap:1.20rem\"><div class=\"w-post-elm post_custom_field usg_post_custom_field_1 type_image us_tile_additional_image color_link_inherit\"><img loading=\"lazy\" decoding=\"async\" width=\"867\" height=\"189\" src=\"https:\/\/h2lac.org\/wp-content\/uploads\/2024\/07\/ISI-RN-EnergiasRenovaveis-100DPI-1.png\" class=\"attachment-full size-full\" alt=\"\" srcset=\"https:\/\/h2lac.org\/wp-content\/uploads\/2024\/07\/ISI-RN-EnergiasRenovaveis-100DPI-1.png 867w, https:\/\/h2lac.org\/wp-content\/uploads\/2024\/07\/ISI-RN-EnergiasRenovaveis-100DPI-1-300x65.png 300w\" sizes=\"auto, (max-width: 867px) 100vw, 867px\" \/><\/div><div class=\"w-post-elm post_title usg_post_title_1 entry-title color_link_inherit\"><a href=\"\/en\/portfolio\/senai-institute-for-innovation-in-renewable-energies-isi-er\/\">SENAI Institute for Innovation in Renewable Energies, ISI-ER<\/a><\/div><\/div>\t\t<\/div>\r\n\t\t\t<\/article>\r\n\t<article class=\"w-grid-item size_1x1 post-22787 post type-post status-publish format-standard has-post-thumbnail hentry category-h2lac-review-en category-news tag-financing tag-green-hydrogen pais-colombia\" data-id=\"22787\">\r\n\t\t<div class=\"w-grid-item-h\">\r\n\t\t\t\t\t\t<div class=\"w-hwrapper usg_hwrapper_1 align_none valign_middle\" style=\"--hwrapper-gap:1.20rem\"><div class=\"w-post-elm post_custom_field usg_post_custom_field_1 type_image us_tile_additional_image color_link_inherit\"><img loading=\"lazy\" decoding=\"async\" width=\"2560\" height=\"1920\" src=\"https:\/\/h2lac.org\/wp-content\/uploads\/2024\/09\/20240911_180035-scaled.jpg\" class=\"attachment-full size-full\" alt=\"\" srcset=\"https:\/\/h2lac.org\/wp-content\/uploads\/2024\/09\/20240911_180035-scaled.jpg 2560w, https:\/\/h2lac.org\/wp-content\/uploads\/2024\/09\/20240911_180035-300x225.jpg 300w, https:\/\/h2lac.org\/wp-content\/uploads\/2024\/09\/20240911_180035-1024x768.jpg 1024w\" sizes=\"auto, (max-width: 2560px) 100vw, 2560px\" \/><\/div><div class=\"w-post-elm post_title usg_post_title_1 entry-title color_link_inherit\"><a href=\"\/en\/news\/summit-underscores-importance-of-public-private-partnerships-in-the-development-of-the-green-hydrogen-economy-in-latin-america-and-the-caribbean\/\">Summit underscores importance of public-private partnerships in the development of the green hydrogen economy in Latin America and the Caribbean<\/a><\/div><\/div>\t\t<\/div>\r\n\t\t\t<\/article>\r\n\t<article class=\"w-grid-item size_1x1 post-22728 post type-post status-publish format-standard has-post-thumbnail hentry category-h2lac-review-en category-news tag-cooperation tag-geothermal tag-green-hydrogen pais-colombia pais-el-salvador pais-honduras\" data-id=\"22728\">\r\n\t\t<div class=\"w-grid-item-h\">\r\n\t\t\t\t\t\t<div class=\"w-hwrapper usg_hwrapper_1 align_none valign_middle\" style=\"--hwrapper-gap:1.20rem\"><div class=\"w-post-elm post_custom_field usg_post_custom_field_1 type_image us_tile_additional_image color_link_inherit\"><img loading=\"lazy\" decoding=\"async\" width=\"940\" height=\"455\" src=\"https:\/\/h2lac.org\/wp-content\/uploads\/2025\/04\/GEO-H2.png\" class=\"attachment-full size-full\" alt=\"\" srcset=\"https:\/\/h2lac.org\/wp-content\/uploads\/2025\/04\/GEO-H2.png 940w, https:\/\/h2lac.org\/wp-content\/uploads\/2025\/04\/GEO-H2-300x145.png 300w\" sizes=\"auto, (max-width: 940px) 100vw, 940px\" \/><\/div><div class=\"w-post-elm post_title usg_post_title_1 entry-title color_link_inherit\"><a href=\"\/en\/news\/technical-cooperation-between-honduras-el-salvador-colombia-and-germany-promotes-advancement-of-green-hydrogen-and-geothermal-policies\/\">Technical cooperation between Honduras, El Salvador, Colombia and Germany promotes advancement of green hydrogen and geothermal policies<\/a><\/div><\/div>\t\t<\/div>\r\n\t\t\t<\/article>\r\n\t<article class=\"w-grid-item size_1x1 post-22701 post type-post status-publish format-standard has-post-thumbnail hentry category-h2lac-review-en category-news tag-certification tag-european-union pais-chile pais-union-europea\" data-id=\"22701\">\r\n\t\t<div class=\"w-grid-item-h\">\r\n\t\t\t\t\t\t<div class=\"w-hwrapper usg_hwrapper_1 align_none valign_middle\" style=\"--hwrapper-gap:1.20rem\"><div class=\"w-post-elm post_custom_field usg_post_custom_field_1 type_image us_tile_additional_image color_link_inherit\"><img loading=\"lazy\" decoding=\"async\" width=\"940\" height=\"788\" src=\"https:\/\/h2lac.org\/wp-content\/uploads\/2024\/12\/Texto.png\" class=\"attachment-full size-full\" alt=\"\" srcset=\"https:\/\/h2lac.org\/wp-content\/uploads\/2024\/12\/Texto.png 940w, https:\/\/h2lac.org\/wp-content\/uploads\/2024\/12\/Texto-300x251.png 300w\" sizes=\"auto, (max-width: 940px) 100vw, 940px\" \/><\/div><div class=\"w-post-elm post_title usg_post_title_1 entry-title color_link_inherit\"><a href=\"\/en\/news\/the-european-union-and-chile-strengthen-their-cooperation-with-a-strategic-alliance-for-the-development-of-green-hydrogen-in-latin-america-and-the-caribbean\/\">The European Union and Chile strengthen their cooperation with a strategic alliance for the development of green hydrogen in Latin America and the Caribbean<\/a><\/div><\/div>\t\t<\/div>\r\n\t\t\t<\/article>\r\n\t<article class=\"w-grid-item size_1x1 post-22685 post type-post status-publish format-standard has-post-thumbnail hentry category-events category-h2lac-review-en category-news tag-academy tag-energias-renovables-en tag-hydrogen tag-laboratory pais-brasil\" data-id=\"22685\">\r\n\t\t<div class=\"w-grid-item-h\">\r\n\t\t\t\t\t\t<div class=\"w-hwrapper usg_hwrapper_1 align_none valign_middle\" style=\"--hwrapper-gap:1.20rem\"><div class=\"w-post-elm post_custom_field usg_post_custom_field_1 type_image us_tile_additional_image color_link_inherit\"><img loading=\"lazy\" decoding=\"async\" width=\"1080\" height=\"1080\" src=\"https:\/\/h2lac.org\/wp-content\/uploads\/2024\/12\/Senai.png\" class=\"attachment-full size-full\" alt=\"\" srcset=\"https:\/\/h2lac.org\/wp-content\/uploads\/2024\/12\/Senai.png 1080w, https:\/\/h2lac.org\/wp-content\/uploads\/2024\/12\/Senai-300x300.png 300w, https:\/\/h2lac.org\/wp-content\/uploads\/2024\/12\/Senai-1024x1024.png 1024w, https:\/\/h2lac.org\/wp-content\/uploads\/2024\/12\/Senai-150x150.png 150w, https:\/\/h2lac.org\/wp-content\/uploads\/2024\/12\/Senai-500x500.png 500w\" sizes=\"auto, (max-width: 1080px) 100vw, 1080px\" \/><\/div><div class=\"w-post-elm post_title usg_post_title_1 entry-title color_link_inherit\"><a href=\"\/en\/news\/the-green-hydrogen-boom-brief-production-environmental-strategic-and-safety-issues\/\">The green hydrogen boom: Brief production, environmental, strategic and safety issues<\/a><\/div><\/div>\t\t<\/div>\r\n\t\t\t<\/article>\r\n\t<article class=\"w-grid-item size_1x1 post-21199 us_portfolio type-us_portfolio status-publish has-post-thumbnail hentry us_portfolio_category-partners\" data-id=\"21199\">\r\n\t\t<div class=\"w-grid-item-h\">\r\n\t\t\t\t\t\t<div class=\"w-hwrapper usg_hwrapper_1 align_none valign_middle\" style=\"--hwrapper-gap:1.20rem\"><div class=\"w-post-elm post_custom_field usg_post_custom_field_1 type_image us_tile_additional_image color_link_inherit\"><img loading=\"lazy\" decoding=\"async\" width=\"312\" height=\"52\" src=\"https:\/\/h2lac.org\/wp-content\/uploads\/2022\/04\/Logo-FTDT.png\" class=\"attachment-full size-full\" alt=\"\" srcset=\"https:\/\/h2lac.org\/wp-content\/uploads\/2022\/04\/Logo-FTDT.png 312w, https:\/\/h2lac.org\/wp-content\/uploads\/2022\/04\/Logo-FTDT-300x50.png 300w\" sizes=\"auto, (max-width: 312px) 100vw, 312px\" \/><\/div><div class=\"w-post-elm post_title usg_post_title_1 entry-title color_link_inherit\"><a href=\"\/en\/portfolio\/fundacion-torcuato-di-tella-argentina\/\">Torcuato di Tella Foundation of Argentina<\/a><\/div><\/div>\t\t<\/div>\r\n\t\t\t<\/article>\r\n\t<article class=\"w-grid-item size_1x1 post-21210 us_portfolio type-us_portfolio status-publish has-post-thumbnail hentry us_portfolio_category-strategic-allies\" data-id=\"21210\">\r\n\t\t<div class=\"w-grid-item-h\">\r\n\t\t\t\t\t\t<div class=\"w-hwrapper usg_hwrapper_1 align_none valign_middle\" style=\"--hwrapper-gap:1.20rem\"><div class=\"w-post-elm post_custom_field usg_post_custom_field_1 type_image us_tile_additional_image color_link_inherit\"><img loading=\"lazy\" decoding=\"async\" width=\"1182\" height=\"599\" src=\"https:\/\/h2lac.org\/wp-content\/uploads\/2022\/01\/UNEP_2019_Spanish-jpg-2.jpg\" class=\"attachment-full size-full\" alt=\"\" srcset=\"https:\/\/h2lac.org\/wp-content\/uploads\/2022\/01\/UNEP_2019_Spanish-jpg-2.jpg 1182w, https:\/\/h2lac.org\/wp-content\/uploads\/2022\/01\/UNEP_2019_Spanish-jpg-2-300x152.jpg 300w, https:\/\/h2lac.org\/wp-content\/uploads\/2022\/01\/UNEP_2019_Spanish-jpg-2-1024x519.jpg 1024w\" sizes=\"auto, (max-width: 1182px) 100vw, 1182px\" \/><\/div><div class=\"w-post-elm post_title usg_post_title_1 entry-title color_link_inherit\"><a href=\"\/en\/portfolio\/unep\/\">United Nations Environment Programme, UNEP<\/a><\/div><\/div>\t\t<\/div>\r\n\t\t\t<\/article>\r\n\t<article class=\"w-grid-item size_1x1 post-22793 post type-post status-publish format-standard has-post-thumbnail hentry category-news tag-agreement tag-european-union tag-green-hydrogen pais-uruguay\" data-id=\"22793\">\r\n\t\t<div class=\"w-grid-item-h\">\r\n\t\t\t\t\t\t<div class=\"w-hwrapper usg_hwrapper_1 align_none valign_middle\" style=\"--hwrapper-gap:1.20rem\"><div class=\"w-post-elm post_custom_field usg_post_custom_field_1 type_image us_tile_additional_image color_link_inherit\"><img loading=\"lazy\" decoding=\"async\" width=\"1080\" height=\"1080\" src=\"https:\/\/h2lac.org\/wp-content\/uploads\/2024\/10\/Sin-titulo-1.png\" class=\"attachment-full size-full\" alt=\"\" srcset=\"https:\/\/h2lac.org\/wp-content\/uploads\/2024\/10\/Sin-titulo-1.png 1080w, https:\/\/h2lac.org\/wp-content\/uploads\/2024\/10\/Sin-titulo-1-300x300.png 300w, https:\/\/h2lac.org\/wp-content\/uploads\/2024\/10\/Sin-titulo-1-1024x1024.png 1024w, https:\/\/h2lac.org\/wp-content\/uploads\/2024\/10\/Sin-titulo-1-150x150.png 150w, https:\/\/h2lac.org\/wp-content\/uploads\/2024\/10\/Sin-titulo-1-500x500.png 500w\" sizes=\"auto, (max-width: 1080px) 100vw, 1080px\" \/><\/div><div class=\"w-post-elm post_title usg_post_title_1 entry-title color_link_inherit\"><a href=\"\/en\/news\/uruguay-and-the-european-union-jointly-promote-green-hydrogen-advancement\/\">Uruguay and the European Union jointly promote green hydrogen advancement<\/a><\/div><\/div>\t\t<\/div>\r\n\t\t\t<\/article>\r\n\t<article class=\"w-grid-item size_1x1 post-22438 us_portfolio type-us_portfolio status-publish has-post-thumbnail hentry us_portfolio_category-partners\" data-id=\"22438\">\r\n\t\t<div class=\"w-grid-item-h\">\r\n\t\t\t\t\t\t<div class=\"w-hwrapper usg_hwrapper_1 align_none valign_middle\" style=\"--hwrapper-gap:1.20rem\"><div class=\"w-post-elm post_custom_field usg_post_custom_field_1 type_image us_tile_additional_image color_link_inherit\"><img loading=\"lazy\" decoding=\"async\" width=\"911\" height=\"276\" src=\"https:\/\/h2lac.org\/wp-content\/uploads\/2024\/07\/AUH-logo.png\" class=\"attachment-full size-full\" alt=\"\" srcset=\"https:\/\/h2lac.org\/wp-content\/uploads\/2024\/07\/AUH-logo.png 911w, https:\/\/h2lac.org\/wp-content\/uploads\/2024\/07\/AUH-logo-300x91.png 300w\" sizes=\"auto, (max-width: 911px) 100vw, 911px\" \/><\/div><div class=\"w-post-elm post_title usg_post_title_1 entry-title color_link_inherit\"><a href=\"\/en\/portfolio\/uruguayan-association-of-hydrogen-auh\/\">Uruguayan Association of Hydrogen, AUH<\/a><\/div><\/div>\t\t<\/div>\r\n\t\t\t<\/article>\r\n\t<article class=\"w-grid-item size_1x1 post-21194 us_portfolio type-us_portfolio status-publish has-post-thumbnail hentry us_portfolio_category-partners\" data-id=\"21194\">\r\n\t\t<div class=\"w-grid-item-h\">\r\n\t\t\t\t\t\t<div class=\"w-hwrapper usg_hwrapper_1 align_none valign_middle\" style=\"--hwrapper-gap:1.20rem\"><div class=\"w-post-elm post_title usg_post_title_1 entry-title color_link_inherit\"><a href=\"\/en\/portfolio\/asociacion-uruguaya-de-energias-renovables\/\">Uruguayan Association of Renewable Energies, AUDER<\/a><\/div><\/div>\t\t<\/div>\r\n\t\t\t<\/article>\r\n\t<article class=\"w-grid-item size_1x1 post-22495 mec-events type-mec-events status-publish has-post-thumbnail hentry tag-financing tag-green-hydrogen mec_category-eventos-en\" data-id=\"22495\">\r\n\t\t<div class=\"w-grid-item-h\">\r\n\t\t\t\t\t\t<div class=\"w-hwrapper usg_hwrapper_1 align_none valign_middle\" style=\"--hwrapper-gap:1.20rem\"><div class=\"w-post-elm post_custom_field usg_post_custom_field_1 type_image us_tile_additional_image color_link_inherit\"><img loading=\"lazy\" decoding=\"async\" width=\"1080\" height=\"1080\" src=\"https:\/\/h2lac.org\/wp-content\/uploads\/2024\/05\/placeholder.jpg\" class=\"g-placeholder\" alt=\"\" srcset=\"https:\/\/h2lac.org\/wp-content\/uploads\/2024\/05\/placeholder.jpg 1080w, https:\/\/h2lac.org\/wp-content\/uploads\/2024\/05\/placeholder-300x300.jpg 300w, https:\/\/h2lac.org\/wp-content\/uploads\/2024\/05\/placeholder-1024x1024.jpg 1024w, https:\/\/h2lac.org\/wp-content\/uploads\/2024\/05\/placeholder-150x150.jpg 150w, https:\/\/h2lac.org\/wp-content\/uploads\/2024\/05\/placeholder-500x500.jpg 500w\" sizes=\"auto, (max-width: 1080px) 100vw, 1080px\" \/><\/div><div class=\"w-post-elm post_title usg_post_title_1 entry-title color_link_inherit\"><a href=\"\/en\/events\/v-european-investment-forum-in-uruguay-renewables-on-the-move\/\">V European Investment Forum in Uruguay: Renewables on the move<\/a><\/div><\/div>\t\t<\/div>\r\n\t\t\t<\/article>\r\n\t<article class=\"w-grid-item size_1x1 post-20893 page type-page status-publish hentry\" data-id=\"20893\">\r\n\t\t<div class=\"w-grid-item-h\">\r\n\t\t\t\t\t\t<div class=\"w-hwrapper usg_hwrapper_1 align_none valign_middle\" style=\"--hwrapper-gap:1.20rem\"><div class=\"w-post-elm post_title usg_post_title_1 entry-title color_link_inherit\"><a href=\"\/en\/value-chain\/\">Value Chain<\/a><\/div><\/div>\t\t<\/div>\r\n\t\t\t<\/article>\r\n\t<article class=\"w-grid-item size_1x1 post-22488 mec-events type-mec-events status-publish has-post-thumbnail hentry tag-financing tag-green-hydrogen mec_category-eventos-en\" data-id=\"22488\">\r\n\t\t<div class=\"w-grid-item-h\">\r\n\t\t\t\t\t\t<div class=\"w-hwrapper usg_hwrapper_1 align_none valign_middle\" style=\"--hwrapper-gap:1.20rem\"><div class=\"w-post-elm post_custom_field usg_post_custom_field_1 type_image us_tile_additional_image color_link_inherit\"><img loading=\"lazy\" decoding=\"async\" width=\"1280\" height=\"720\" src=\"https:\/\/h2lac.org\/wp-content\/uploads\/2024\/09\/Webinar-FSA.png\" class=\"attachment-full size-full\" alt=\"\" srcset=\"https:\/\/h2lac.org\/wp-content\/uploads\/2024\/09\/Webinar-FSA.png 1280w, https:\/\/h2lac.org\/wp-content\/uploads\/2024\/09\/Webinar-FSA-300x169.png 300w, https:\/\/h2lac.org\/wp-content\/uploads\/2024\/09\/Webinar-FSA-1024x576.png 1024w\" sizes=\"auto, (max-width: 1280px) 100vw, 1280px\" \/><\/div><div class=\"w-post-elm post_title usg_post_title_1 entry-title color_link_inherit\"><a href=\"\/en\/events\/webinar-financial-service-assistance\/\">Webinar: Financial Service Assistance<\/a><\/div><\/div>\t\t<\/div>\r\n\t\t\t<\/article>\r\n\t<article class=\"w-grid-item size_1x1 post-22483 mec-events type-mec-events status-publish hentry tag-green-hydrogen tag-hydrogen-colombia tag-security mec_category-eventos-en\" data-id=\"22483\">\r\n\t\t<div class=\"w-grid-item-h\">\r\n\t\t\t\t\t\t<div class=\"w-hwrapper usg_hwrapper_1 align_none valign_middle\" style=\"--hwrapper-gap:1.20rem\"><div class=\"w-post-elm post_custom_field usg_post_custom_field_1 type_image us_tile_additional_image color_link_inherit\"><img loading=\"lazy\" decoding=\"async\" width=\"2501\" height=\"2501\" src=\"https:\/\/h2lac.org\/wp-content\/uploads\/2024\/07\/WEBINAR_Mesa-de-trabajo-1-copia-2-4.jpg\" class=\"attachment-full size-full\" alt=\"\" srcset=\"https:\/\/h2lac.org\/wp-content\/uploads\/2024\/07\/WEBINAR_Mesa-de-trabajo-1-copia-2-4.jpg 2501w, https:\/\/h2lac.org\/wp-content\/uploads\/2024\/07\/WEBINAR_Mesa-de-trabajo-1-copia-2-4-300x300.jpg 300w, https:\/\/h2lac.org\/wp-content\/uploads\/2024\/07\/WEBINAR_Mesa-de-trabajo-1-copia-2-4-1024x1024.jpg 1024w, https:\/\/h2lac.org\/wp-content\/uploads\/2024\/07\/WEBINAR_Mesa-de-trabajo-1-copia-2-4-150x150.jpg 150w, https:\/\/h2lac.org\/wp-content\/uploads\/2024\/07\/WEBINAR_Mesa-de-trabajo-1-copia-2-4-500x500.jpg 500w\" sizes=\"auto, (max-width: 2501px) 100vw, 2501px\" \/><\/div><div class=\"w-post-elm post_title usg_post_title_1 entry-title color_link_inherit\"><a href=\"\/en\/events\/webinar-industrial-safety-in-hydrogen-production-plants\/\">Webinar: Industrial Safety in Hydrogen Production Plants<\/a><\/div><\/div>\t\t<\/div>\r\n\t\t\t<\/article>\r\n\t<article class=\"w-grid-item size_1x1 post-21290 page type-page status-publish hentry\" data-id=\"21290\">\r\n\t\t<div class=\"w-grid-item-h\">\r\n\t\t\t\t\t\t<div class=\"w-hwrapper usg_hwrapper_1 align_none valign_middle\" style=\"--hwrapper-gap:1.20rem\"><div class=\"w-post-elm post_title usg_post_title_1 entry-title color_link_inherit\"><a href=\"\/en\/who-we-are\/\">Who we are<\/a><\/div><\/div>\t\t<\/div>\r\n\t\t\t<\/article>\r\n\t<article class=\"w-grid-item size_1x1 post-22748 page type-page status-publish hentry\" data-id=\"22748\">\r\n\t\t<div class=\"w-grid-item-h\">\r\n\t\t\t\t\t\t<div class=\"w-hwrapper usg_hwrapper_1 align_none valign_middle\" style=\"--hwrapper-gap:1.20rem\"><div class=\"w-post-elm post_title usg_post_title_1 entry-title color_link_inherit\"><a href=\"\/en\/who-we-are-old\/\">Who we are old<\/a><\/div><\/div>\t\t<\/div>\r\n\t\t\t<\/article>\r\n\t<article class=\"w-grid-item size_1x1 post-21213 us_portfolio type-us_portfolio status-publish has-post-thumbnail hentry us_portfolio_category-counterparty\" data-id=\"21213\">\r\n\t\t<div class=\"w-grid-item-h\">\r\n\t\t\t\t\t\t<div class=\"w-hwrapper usg_hwrapper_1 align_none valign_middle\" style=\"--hwrapper-gap:1.20rem\"><div class=\"w-post-elm post_title usg_post_title_1 entry-title color_link_inherit\"><a href=\"\/en\/portfolio\/banco-mundial\/\">World Bank<\/a><\/div><\/div>\t\t<\/div>\r\n\t\t\t<\/article>\r\n<\/div><div class=\"w-grid-preloader\">\t<div class=\"g-preloader type_1\">\r\n\t\t<div><\/div>\r\n\t<\/div>\r\n\t<\/div>\t<div class=\"w-grid-json hidden\" onclick='return {&quot;action&quot;:&quot;us_ajax_grid&quot;,&quot;infinite_scroll&quot;:0,&quot;max_num_pages&quot;:1,&quot;pagination&quot;:&quot;none&quot;,&quot;template_vars&quot;:{&quot;columns&quot;:&quot;2&quot;,&quot;exclude_items&quot;:&quot;none&quot;,&quot;img_size&quot;:&quot;default&quot;,&quot;ignore_items_size&quot;:0,&quot;items_layout&quot;:&quot;11997&quot;,&quot;items_offset&quot;:&quot;1&quot;,&quot;load_animation&quot;:&quot;none&quot;,&quot;overriding_link&quot;:&quot;{\\&quot;url\\&quot;:\\&quot;\\&quot;}&quot;,&quot;post_id&quot;:0,&quot;query_args&quot;:{&quot;post_parent&quot;:0,&quot;post_type&quot;:&quot;any&quot;,&quot;ignore_sticky_posts&quot;:1,&quot;posts_per_page&quot;:999},&quot;orderby_query_args&quot;:{&quot;orderby&quot;:{&quot;title&quot;:&quot;ASC&quot;},&quot;order&quot;:&quot;ASC&quot;},&quot;type&quot;:&quot;grid&quot;,&quot;us_grid_post_type&quot;:&quot;current_child_pages&quot;,&quot;us_grid_ajax_index&quot;:1,&quot;us_grid_filter_query_string&quot;:null,&quot;us_grid_index&quot;:1,&quot;page_args&quot;:[],&quot;lang&quot;:&quot;en&quot;}}'><\/div>\r\n\t<\/div><\/div><\/div><div class=\"wpb_column vc_column_container\"><div class=\"vc_column-inner\"><div class=\"wpb_text_column\"><div class=\"wpb_wrapper\"><div class=\"map_wrapper\" id=\"map_wrapper_11852\">\n<div class=\"map_box\" style=\"max-width:2000px\">\n<div class=\"map_aspect_ratio\" style=\"padding-top:96%\" data-padding-top=\"96%\" data-padding-top-mobile=\"\">\n<div class=\"map_container\">\n<div class=\"map_render map_loading\" id=\"map_11852\"><\/div>\n<\/div>\n<\/div>\n<\/div>\n<\/div>\n<\/div><\/div><\/div><\/div><\/div><\/div><\/section>\n","protected":false},"excerpt":{"rendered":"Learn more about the World Bank on its website and social networks.","protected":false},"author":1,"featured_media":0,"parent":0,"menu_order":8,"comment_status":"closed","ping_status":"closed","template":"","meta":{"_acf_changed":false,"inline_featured_image":false,"footnotes":""},"pais":[],"class_list":["post-22737","page","type-page","status-publish","hentry"],"acf":[],"_links":{"self":[{"href":"\/en\/wp-json\/wp\/v2\/pages\/22737","targetHints":{"allow":["GET"]}}],"collection":[{"href":"\/en\/wp-json\/wp\/v2\/pages"}],"about":[{"href":"\/en\/wp-json\/wp\/v2\/types\/page"}],"author":[{"embeddable":true,"href":"\/en\/wp-json\/wp\/v2\/users\/1"}],"replies":[{"embeddable":true,"href":"\/en\/wp-json\/wp\/v2\/comments?post=22737"}],"version-history":[{"count":1,"href":"\/en\/wp-json\/wp\/v2\/pages\/22737\/revisions"}],"predecessor-version":[{"id":22741,"href":"\/en\/wp-json\/wp\/v2\/pages\/22737\/revisions\/22741"}],"wp:attachment":[{"href":"\/en\/wp-json\/wp\/v2\/media?parent=22737"}],"wp:term":[{"taxonomy":"pais","embeddable":true,"href":"\/en\/wp-json\/wp\/v2\/pais?post=22737"}],"curies":[{"name":"wp","href":"https:\/\/api.w.org\/{rel}","templated":true}]}}