{"id":20854,"date":"2024-03-24T22:24:36","date_gmt":"2024-03-25T01:24:36","guid":{"rendered":"https:\/\/h2lac.org\/?page_id=20854"},"modified":"2025-07-03T16:17:46","modified_gmt":"2025-07-03T20:17:46","slug":"home","status":"publish","type":"page","link":"\/en\/","title":{"rendered":"Inicio"},"content":{"rendered":"<section class=\"l-section wpb_row us_custom_9ed57a02 height_medium\"><div class=\"l-section-h i-cf\"><div class=\"g-cols vc_row via_grid cols_1 laptops-cols_inherit tablets-cols_inherit mobiles-cols_1 valign_top type_default stacking_default\"><div class=\"wpb_column vc_column_container\"><div class=\"vc_column-inner\"><div class=\"g-cols wpb_row via_grid cols_1 laptops-cols_inherit tablets-cols_inherit mobiles-cols_1 valign_top type_default stacking_default\" style=\"--columns-gap:3rem;\"><div class=\"wpb_column vc_column_container us_custom_41e1e5b2\"><div class=\"vc_column-inner\"><div class=\"wpb_text_column us_custom_5e5a51a7 linkportada has_text_color\"><div class=\"wpb_wrapper\"><p><a href=\"\/en\/who-we-are\/\">Who we are<\/a><\/p>\n<\/div><\/div><div class=\"wpb_text_column us_custom_15cd96e3 titleportada has_text_color\"><div class=\"wpb_wrapper\"><p>We articulate and promote the development of green hydrogen and its derivatives in Latin America and the Caribbean.<\/p>\n<\/div><\/div><\/div><\/div><\/div><div class=\"w-separator size_medium\"><\/div><div class=\"g-cols wpb_row us_custom_a9d5fc7e via_grid cols_1 laptops-cols_inherit tablets-cols_inherit mobiles-cols_1 valign_top type_default stacking_default\" style=\"--columns-gap:0rem;\" id=\"homenewstop\"><div class=\"wpb_column vc_column_container us_custom_793eca89\"><div class=\"vc_column-inner\"><div class=\"w-grid us_custom_6df4bc3a newsportada has_text_color hide_on_mobiles type_grid layout_18349 cols_3 preload_style_spinner\" id=\"us_grid_1\" style=\"--columns:3;--gap:1.5rem;\" data-filterable=\"true\"><style>@media (max-width:1024px){#us_grid_1{--columns:2!important}}@media (max-width:600px){#us_grid_1{--columns:1!important}}.layout_18349 .w-grid-item-h{}.layout_18349 .usg_post_title_1{transition-duration:0s;transform-origin:50% 50%;transform:scale(1) translate(0%,0%)}.layout_18349 .w-grid-item-h:focus-within .usg_post_title_1,.layout_18349 .w-grid-item-h:hover .usg_post_title_1{transform:scale(1) translate(0%,0%);opacity:1;color:#ffffff!important}.layout_18349 .usg_hwrapper_1{transition-duration:0.3s;transform-origin:50% 50%;transform:scale(1) translate(0%,0%)}.layout_18349 .w-grid-item-h:focus-within .usg_hwrapper_1,.layout_18349 .w-grid-item-h:hover .usg_hwrapper_1{transform:scale(1) translate(0%,0%);opacity:1}.layout_18349 .usg_post_title_1{color:var(--color-content-primary)!important;text-align:left!important;font-size:1rem!important;font-weight:700!important}.layout_18349 .usg_vwrapper_1{padding-left:1rem!important}.layout_18349 .usg_post_taxonomy_1{color:var(--color-content-secondary)!important;font-size:0.8rem!important;font-weight:700!important;text-transform:uppercase!important;margin-top:0!important;margin-bottom:0!important;padding-top:0!important;padding-bottom:0!important}<\/style><div class=\"w-grid-list\">\t<article class=\"w-grid-item size_1x1 post-22807 post type-post status-publish format-standard has-post-thumbnail hentry category-h2lac-review-en category-news tag-amoniaco-verde-en pais-chile\" data-id=\"22807\">\r\n\t\t<div class=\"w-grid-item-h\">\r\n\t\t\t\t\t\t<div class=\"w-hwrapper usg_hwrapper_1 align_none valign_top wrap\" style=\"--hwrapper-gap:0rem\"><div class=\"w-vwrapper usg_vwrapper_1 align_none valign_top\"><div class=\"w-post-elm post_taxonomy usg_post_taxonomy_1 has_text_color style_simple\"><a class=\"term-454 term-h2lac-review-en\" href=\"\/en\/category\/h2lac-review-en\/\">H2LAC Review<\/a><b>, <\/b><a class=\"term-453 term-news\" href=\"\/en\/category\/news\/\">News<\/a><\/div><h2 class=\"w-post-elm post_title usg_post_title_1 has_text_color entry-title color_link_inherit\"><a href=\"\/en\/news\/miga-science-center-in-chile-officially-launches-the-second-chapter-of-its-animated-series\/\">MIGA Science Center in Chile officially launches the second chapter of its animated series<\/a><\/h2><\/div><\/div>\t\t<\/div>\r\n\t\t\t<\/article>\r\n\t<article class=\"w-grid-item size_1x1 post-22798 post type-post status-publish format-standard has-post-thumbnail hentry category-news tag-decarbonization tag-freight-forwarding tag-green-hydrogen pais-chile\" data-id=\"22798\">\r\n\t\t<div class=\"w-grid-item-h\">\r\n\t\t\t\t\t\t<div class=\"w-hwrapper usg_hwrapper_1 align_none valign_top wrap\" style=\"--hwrapper-gap:0rem\"><div class=\"w-vwrapper usg_vwrapper_1 align_none valign_top\"><div class=\"w-post-elm post_taxonomy usg_post_taxonomy_1 has_text_color style_simple\"><a class=\"term-453 term-news\" href=\"\/en\/category\/news\/\">News<\/a><\/div><h2 class=\"w-post-elm post_title usg_post_title_1 has_text_color entry-title color_link_inherit\"><a href=\"\/en\/news\/chile-ferrocarril-antofagasta-bolivia-fcab-inaugurates-first-hydrogen-locomotive-in-latin-america\/\">Chile: Ferrocarril Antofagasta Bolivia (FCAB) inaugurates first hydrogen locomotive in Latin America<\/a><\/h2><\/div><\/div>\t\t<\/div>\r\n\t\t\t<\/article>\r\n\t<article class=\"w-grid-item size_1x1 post-22794 post type-post status-publish format-standard has-post-thumbnail hentry category-h2lac-review-en category-news tag-financing tag-green-hydrogen tag-projects pais-colombia\" data-id=\"22794\">\r\n\t\t<div class=\"w-grid-item-h\">\r\n\t\t\t\t\t\t<div class=\"w-hwrapper usg_hwrapper_1 align_none valign_top wrap\" style=\"--hwrapper-gap:0rem\"><div class=\"w-vwrapper usg_vwrapper_1 align_none valign_top\"><div class=\"w-post-elm post_taxonomy usg_post_taxonomy_1 has_text_color style_simple\"><a class=\"term-454 term-h2lac-review-en\" href=\"\/en\/category\/h2lac-review-en\/\">H2LAC Review<\/a><b>, <\/b><a class=\"term-453 term-news\" href=\"\/en\/category\/news\/\">News<\/a><\/div><h2 class=\"w-post-elm post_title usg_post_title_1 has_text_color entry-title color_link_inherit\"><a href=\"\/en\/news\/colombia-experiences-from-latin-america-to-accelerate-green-hydrogen-investment\/\">Colombia: Experiences from Latin America to accelerate green hydrogen investment<\/a><\/h2><\/div><\/div>\t\t<\/div>\r\n\t\t\t<\/article>\r\n<\/div><div class=\"w-grid-preloader\">\t<div class=\"g-preloader type_1\">\r\n\t\t<div><\/div>\r\n\t<\/div>\r\n\t<\/div>\t<div class=\"w-grid-json hidden\" onclick='return {&quot;action&quot;:&quot;us_ajax_grid&quot;,&quot;infinite_scroll&quot;:0,&quot;max_num_pages&quot;:15,&quot;pagination&quot;:&quot;none&quot;,&quot;template_vars&quot;:{&quot;columns&quot;:&quot;3&quot;,&quot;exclude_items&quot;:&quot;none&quot;,&quot;img_size&quot;:&quot;default&quot;,&quot;ignore_items_size&quot;:0,&quot;items_layout&quot;:&quot;18349&quot;,&quot;items_offset&quot;:&quot;1&quot;,&quot;load_animation&quot;:&quot;none&quot;,&quot;overriding_link&quot;:&quot;%7B%22url%22%3A%22%22%7D&quot;,&quot;post_id&quot;:0,&quot;query_args&quot;:{&quot;post_type&quot;:[&quot;post&quot;],&quot;tax_query&quot;:[{&quot;taxonomy&quot;:&quot;category&quot;,&quot;field&quot;:&quot;slug&quot;,&quot;terms&quot;:[&quot;news&quot;]}],&quot;post_status&quot;:[&quot;publish&quot;,&quot;acf-disabled&quot;],&quot;posts_per_page&quot;:&quot;3&quot;},&quot;orderby_query_args&quot;:{&quot;orderby&quot;:{&quot;date&quot;:&quot;DESC&quot;}},&quot;type&quot;:&quot;grid&quot;,&quot;us_grid_post_type&quot;:&quot;post&quot;,&quot;us_grid_ajax_index&quot;:1,&quot;us_grid_filter_query_string&quot;:null,&quot;us_grid_index&quot;:1,&quot;page_args&quot;:[],&quot;lang&quot;:&quot;en&quot;}}'><\/div>\r\n\t<\/div><div class=\"w-grid us_custom_6df4bc3a newsportada has_text_color hide_on_default hide_on_laptops hide_on_tablets type_grid layout_18349 cols_2 preload_style_spinner\" id=\"us_grid_2\" style=\"--columns:2;--gap:1.5rem;\" data-filterable=\"true\"><style>@media (max-width:600px){#us_grid_2{--columns:1!important}}<\/style><div class=\"w-grid-list\">\t<article class=\"w-grid-item size_1x1 post-22807 post type-post status-publish format-standard has-post-thumbnail hentry category-h2lac-review-en category-news tag-amoniaco-verde-en pais-chile\" data-id=\"22807\">\r\n\t\t<div class=\"w-grid-item-h\">\r\n\t\t\t\t\t\t<div class=\"w-hwrapper usg_hwrapper_1 align_none valign_top wrap\" style=\"--hwrapper-gap:0rem\"><div class=\"w-vwrapper usg_vwrapper_1 align_none valign_top\"><div class=\"w-post-elm post_taxonomy usg_post_taxonomy_1 has_text_color style_simple\"><a class=\"term-454 term-h2lac-review-en\" href=\"\/en\/category\/h2lac-review-en\/\">H2LAC Review<\/a><b>, <\/b><a class=\"term-453 term-news\" href=\"\/en\/category\/news\/\">News<\/a><\/div><h2 class=\"w-post-elm post_title usg_post_title_1 has_text_color entry-title color_link_inherit\"><a href=\"\/en\/news\/miga-science-center-in-chile-officially-launches-the-second-chapter-of-its-animated-series\/\">MIGA Science Center in Chile officially launches the second chapter of its animated series<\/a><\/h2><\/div><\/div>\t\t<\/div>\r\n\t\t\t<\/article>\r\n\t<article class=\"w-grid-item size_1x1 post-22798 post type-post status-publish format-standard has-post-thumbnail hentry category-news tag-decarbonization tag-freight-forwarding tag-green-hydrogen pais-chile\" data-id=\"22798\">\r\n\t\t<div class=\"w-grid-item-h\">\r\n\t\t\t\t\t\t<div class=\"w-hwrapper usg_hwrapper_1 align_none valign_top wrap\" style=\"--hwrapper-gap:0rem\"><div class=\"w-vwrapper usg_vwrapper_1 align_none valign_top\"><div class=\"w-post-elm post_taxonomy usg_post_taxonomy_1 has_text_color style_simple\"><a class=\"term-453 term-news\" href=\"\/en\/category\/news\/\">News<\/a><\/div><h2 class=\"w-post-elm post_title usg_post_title_1 has_text_color entry-title color_link_inherit\"><a href=\"\/en\/news\/chile-ferrocarril-antofagasta-bolivia-fcab-inaugurates-first-hydrogen-locomotive-in-latin-america\/\">Chile: Ferrocarril Antofagasta Bolivia (FCAB) inaugurates first hydrogen locomotive in Latin America<\/a><\/h2><\/div><\/div>\t\t<\/div>\r\n\t\t\t<\/article>\r\n<\/div><div class=\"w-grid-preloader\">\t<div class=\"g-preloader type_1\">\r\n\t\t<div><\/div>\r\n\t<\/div>\r\n\t<\/div>\t<div class=\"w-grid-json hidden\" onclick='return {&quot;action&quot;:&quot;us_ajax_grid&quot;,&quot;infinite_scroll&quot;:0,&quot;max_num_pages&quot;:22,&quot;pagination&quot;:&quot;none&quot;,&quot;template_vars&quot;:{&quot;columns&quot;:&quot;2&quot;,&quot;exclude_items&quot;:&quot;none&quot;,&quot;img_size&quot;:&quot;default&quot;,&quot;ignore_items_size&quot;:0,&quot;items_layout&quot;:&quot;18349&quot;,&quot;items_offset&quot;:&quot;1&quot;,&quot;load_animation&quot;:&quot;none&quot;,&quot;overriding_link&quot;:&quot;%7B%22url%22%3A%22%22%7D&quot;,&quot;post_id&quot;:0,&quot;query_args&quot;:{&quot;post_type&quot;:[&quot;post&quot;],&quot;tax_query&quot;:[{&quot;taxonomy&quot;:&quot;category&quot;,&quot;field&quot;:&quot;slug&quot;,&quot;terms&quot;:[&quot;news&quot;]}],&quot;post_status&quot;:[&quot;publish&quot;,&quot;acf-disabled&quot;],&quot;posts_per_page&quot;:&quot;2&quot;},&quot;orderby_query_args&quot;:{&quot;orderby&quot;:{&quot;date&quot;:&quot;DESC&quot;}},&quot;type&quot;:&quot;grid&quot;,&quot;us_grid_post_type&quot;:&quot;post&quot;,&quot;us_grid_ajax_index&quot;:2,&quot;us_grid_filter_query_string&quot;:null,&quot;us_grid_index&quot;:2,&quot;page_args&quot;:[],&quot;lang&quot;:&quot;en&quot;}}'><\/div>\r\n\t<\/div><\/div><\/div><\/div><\/div><\/div><\/div><\/div><\/section><section class=\"l-section wpb_row us_custom_7cd7f568 height_medium\"><div class=\"l-section-h i-cf\"><div class=\"g-cols vc_row via_grid cols_1 laptops-cols_inherit tablets-cols_inherit mobiles-cols_1 valign_top type_default stacking_default\" style=\"--columns-gap:3rem;--laptops-columns-gap:3rem;--tablets-columns-gap:3rem;--mobiles-columns-gap:1.5rem;\"><div class=\"wpb_column vc_column_container\"><div class=\"vc_column-inner\"><div class=\"g-cols wpb_row us_custom_2d9ebfef absolute-block via_grid cols_2 laptops-cols_inherit tablets-cols_inherit mobiles-cols_1 valign_top type_default stacking_default\" style=\"--columns-gap:3rem;--laptops-columns-gap:3rem;--tablets-columns-gap:3rem;--mobiles-columns-gap:1.5rem;\"><div class=\"wpb_column vc_column_container us_custom_95a468b0 has_bg_color\"><div class=\"vc_column-inner\"><div class=\"wpb_text_column us_custom_48ffb1cb has_text_color\"><div class=\"wpb_wrapper\"><p>We are<\/p>\n<\/div><\/div><div class=\"w-counter us_custom_590e7000 has_text_color color_custom align_center has_font_size\" data-duration=\"4\"><div class=\"w-counter-value\" style=\"color:#ffffff;\"><span class=\"w-counter-value-part type_text\" data-final=\"+\">+<\/span><span class=\"w-counter-value-part type_number\" data-final=\"48\">1<\/span><span class=\"w-counter-value-part type_text\" data-final=\"\"><\/span><\/div><h2 class=\"w-counter-title\" style=\"font-size:1.2rem;\">Partners<\/h2><\/div><\/div><\/div><div class=\"wpb_column vc_column_container us_custom_fccd35aa has_bg_color\"><div class=\"vc_column-inner\"><div class=\"w-hwrapper valign_middle align_center\" style=\"--hwrapper-gap:0.5rem\"><div class=\"wpb_text_column us_custom_48ffb1cb has_text_color\"><div class=\"wpb_wrapper\"><p>Present in<\/p>\n<\/div><\/div><h2 class=\"w-itext us_custom_b5f0fc55 has_text_color type_typingChars align_center\" onclick='return {&quot;duration&quot;:150,&quot;delay&quot;:500,&quot;disablePartAnimation&quot;:false,&quot;html_nbsp_char&quot;:true}'><span class=\"w-itext-part changesat_0 changesat_1 changesat_2 changesat_3 changesat_4 changesat_5 changesat_6 changesat_7 changesat_8 changesat_9 changesat_10 changesat_11 changesat_12 changesat_13 changesat_14 changesat_15 dynamic\" onclick='return [&quot;Argentina&quot;,&quot;Bolivia&quot;,&quot;Brazil&quot;,&quot;Colombia&quot;,&quot;Chile&quot;,&quot;Costa\\u00a0Rica&quot;,&quot;Ecuador&quot;,&quot;El\\u00a0Salvador&quot;,&quot;Honduras&quot;,&quot;Guatemala&quot;,&quot;Mexico&quot;,&quot;Panama&quot;,&quot;Paraguay&quot;,&quot;Peru&quot;,&quot;Dominican\\u00a0Republic&quot;,&quot;Uruguay&quot;]'><span>Argentina<\/span><i class=\"w-itext-cursor\"><\/i><\/span><\/h2><\/div><div class=\"w-counter us_custom_ff0e9803 has_text_color color_custom align_center has_font_size\" data-duration=\"4\"><div class=\"w-counter-value\" style=\"color:#ffffff;\"><span class=\"w-counter-value-part type_text\" data-final=\"\"><\/span><span class=\"w-counter-value-part type_number\" data-final=\"16\">0<\/span><span class=\"w-counter-value-part type_text\" data-final=\"\"><\/span><\/div><h2 class=\"w-counter-title\" style=\"font-size:1.2rem;\">Countries<\/h2><\/div><\/div><\/div><\/div><\/div><\/div><\/div><\/div><\/section><section class=\"l-section wpb_row us_custom_89784744 height_medium\"><div class=\"l-section-h i-cf\"><div class=\"g-cols vc_row via_grid cols_1 laptops-cols_inherit tablets-cols_inherit mobiles-cols_1 valign_top type_default stacking_default\"><div class=\"wpb_column vc_column_container\"><div class=\"vc_column-inner\"><div class=\"g-cols wpb_row us_custom_e436a81a via_grid cols_2 laptops-cols_inherit tablets-cols_inherit mobiles-cols_1 valign_top type_default stacking_default\" style=\"--columns-gap:3rem;\"><div class=\"wpb_column vc_column_container us_custom_01641ca9\"><div class=\"vc_column-inner\"><\/div><\/div><div class=\"wpb_column vc_column_container us_custom_4cf663b7\"><div class=\"vc_column-inner\"><div class=\"wpb_text_column us_custom_6df92fd3 has_text_color\"><div class=\"wpb_wrapper\"><p>H2LAC Atlas:<\/p>\n<\/div><\/div><div class=\"wpb_text_column us_custom_0b286906 has_text_color\"><div class=\"wpb_wrapper\"><p>Interactive maps show the strategy, progress and development of green hydrogen projects in Latin America and the Caribbean.<\/p>\n<\/div><\/div><div class=\"w-btn-wrapper align_center\"><a class=\"w-btn us-btn-style_1 us_custom_f6a844c5 icon_atleft\" href=\"\/en\/atlas-h2lac\/\"><i class=\"fas fa-map-marker-alt\"><\/i><span class=\"w-btn-label\">Access to maps<\/span><\/a><\/div><\/div><\/div><\/div><\/div><\/div><\/div><\/div><\/section><section class=\"l-section wpb_row us_custom_6e3d5d1b height_medium\"><div class=\"l-section-h i-cf\"><div class=\"g-cols vc_row via_grid cols_1 laptops-cols_inherit tablets-cols_inherit mobiles-cols_1 valign_top type_default stacking_default\"><div class=\"wpb_column vc_column_container\"><div class=\"vc_column-inner\"><div class=\"wpb_text_column us_custom_d708def7 has_text_color\"><div class=\"wpb_wrapper\"><h2>H2 Library<\/h2>\n<\/div><\/div><div class=\"w-separator size_small\"><\/div><div class=\"w-grid us_custom_503f27e6 type_grid layout_18276 cols_3 preload_style_spinner\" id=\"us_grid_3\" style=\"--columns:3;--gap:1.5rem;\" data-filterable=\"true\"><style>@media (max-width:1024px){#us_grid_3{--columns:2!important}}@media (max-width:600px){#us_grid_3{--columns:1!important}}.layout_18276 .w-grid-item-h{border-radius:0.3rem;box-shadow:0 0rem 0rem rgba(0,0,0,0.1),0 0rem 0rem rgba(0,0,0,0.1);transition-duration:0.3s}.no-touch .layout_18276 .w-grid-item-h:hover{box-shadow:0 0.2rem 0.4rem rgba(0,0,0,0.1),0 0.67rem 2rem rgba(0,0,0,0.15);z-index:4}.layout_18276 .usg_vwrapper_1{transition-duration:0.3s;transform-origin:50% 50%;transform:scale(1) translate(0%,0%)}.layout_18276 .w-grid-item-h:focus-within .usg_vwrapper_1,.layout_18276 .w-grid-item-h:hover .usg_vwrapper_1{transform:scale(1) translate(0%,0%);opacity:1;border-color:transparent!important}.layout_18276 .usg_vwrapper_1{border-radius:0.3rem!important;padding:1rem!important;border:1px solid var(--color-content-border)!important}.layout_18276 .usg_post_title_1{font-size:1.2rem!important;font-weight:500!important}.layout_18276 .usg_post_taxonomy_1{font-size:14px!important;font-weight:700!important;text-transform:uppercase!important}.layout_18276 .usg_post_date_1{font-size:14px!important}<\/style><div class=\"w-grid-list\">\t<article class=\"w-grid-item size_1x1 post-21245 archivos type-archivos status-publish format-standard has-post-thumbnail hentry tag-prospective-a-o-feasibility pais-argentina-en\" data-id=\"21245\">\r\n\t\t<div class=\"w-grid-item-h\">\r\n\t\t\t\t\t\t<div class=\"w-vwrapper usg_vwrapper_1 align_none valign_top\" style=\"--vwrapper-gap:0.5rem\"><div class=\"w-post-elm post_taxonomy usg_post_taxonomy_1 style_badge\"><a class=\"w-btn us-btn-style_6 term-486 term-argentina-en\" href=\"\/en\/pais\/argentina-en\/\"><span class=\"w-btn-label\">Argentina<\/span><\/a><\/div><h2 class=\"w-post-elm post_title usg_post_title_1 entry-title color_link_inherit\"><a href=\"\/en\/archivos\/12-perspectives-on-hydrogen-argentine-edition\/\">12 perspectives on hydrogen \u2013 Argentine Edition<\/a><\/h2><time class=\"w-post-elm post_date usg_post_date_1 entry-date published\" datetime=\"2024-01-15T11:12:49-03:00\">2024<\/time><\/div>\t\t<\/div>\r\n\t\t\t<\/article>\r\n\t<article class=\"w-grid-item size_1x1 post-21250 archivos type-archivos status-publish format-standard has-post-thumbnail hentry category-publicaciones-en tag-h2lac-en tag-lac-en tag-lanzamiento-en pais-lac tipo_documento-video-en\" data-id=\"21250\">\r\n\t\t<div class=\"w-grid-item-h\">\r\n\t\t\t\t\t\t<div class=\"w-vwrapper usg_vwrapper_1 align_none valign_top\" style=\"--vwrapper-gap:0.5rem\"><div class=\"w-post-elm post_taxonomy usg_post_taxonomy_1 style_badge\"><a class=\"w-btn us-btn-style_6 term-65 term-lac\" href=\"https:\/\/h2lac.org\/pais\/lac\/\"><span class=\"w-btn-label\">LAC<\/span><\/a><\/div><h2 class=\"w-post-elm post_title usg_post_title_1 entry-title color_link_inherit\"><a href=\"\/en\/archivos\/video_h2lac_es\/\">H2LAC &#8211; The platform for green hydrogen in Latin America and the Caribbean<\/a><\/h2><time class=\"w-post-elm post_date usg_post_date_1 entry-date published\" datetime=\"2021-12-09T11:54:31-03:00\">2021<\/time><\/div>\t\t<\/div>\r\n\t\t\t<\/article>\r\n\t<article class=\"w-grid-item size_1x1 post-21248 archivos type-archivos status-publish format-standard has-post-thumbnail hentry category-biblioteca-h2-en tag-green-hydrogen pais-alemania pais-argentina\" data-id=\"21248\">\r\n\t\t<div class=\"w-grid-item-h\">\r\n\t\t\t\t\t\t<div class=\"w-vwrapper usg_vwrapper_1 align_none valign_top\" style=\"--vwrapper-gap:0.5rem\"><div class=\"w-post-elm post_taxonomy usg_post_taxonomy_1 style_badge\"><div class=\"w-post-elm-list\"><a class=\"w-btn us-btn-style_6 term-237 term-alemania\" href=\"https:\/\/h2lac.org\/pais\/alemania\/\"><span class=\"w-btn-label\">Alemania<\/span><\/a><a class=\"w-btn us-btn-style_6 term-53 term-argentina\" href=\"https:\/\/h2lac.org\/pais\/argentina\/\"><span class=\"w-btn-label\">Argentina<\/span><\/a><\/div><\/div><h2 class=\"w-post-elm post_title usg_post_title_1 entry-title color_link_inherit\"><a href=\"\/en\/archivos\/de-los-vinculos-a-una-vision-conjunta-alemania-como-socio-estrategico-de-argentina-en-la-economia-del-hidrogeno-verde\/\">From links to a joint vision: Germany as a strategic partner of Argentina in the green hydrogen economy<\/a><\/h2><time class=\"w-post-elm post_date usg_post_date_1 entry-date published\" datetime=\"2024-06-14T16:08:20-04:00\">2024<\/time><\/div>\t\t<\/div>\r\n\t\t\t<\/article>\r\n<\/div><div class=\"w-grid-preloader\">\t<div class=\"g-preloader type_1\">\r\n\t\t<div><\/div>\r\n\t<\/div>\r\n\t<\/div>\t<div class=\"w-grid-json hidden\" onclick='return {&quot;action&quot;:&quot;us_ajax_grid&quot;,&quot;infinite_scroll&quot;:0,&quot;max_num_pages&quot;:1,&quot;pagination&quot;:&quot;none&quot;,&quot;template_vars&quot;:{&quot;columns&quot;:&quot;3&quot;,&quot;exclude_items&quot;:&quot;none&quot;,&quot;img_size&quot;:&quot;default&quot;,&quot;ignore_items_size&quot;:0,&quot;items_layout&quot;:&quot;18276&quot;,&quot;items_offset&quot;:&quot;1&quot;,&quot;load_animation&quot;:&quot;none&quot;,&quot;overriding_link&quot;:&quot;%7B%22url%22%3A%22%22%7D&quot;,&quot;post_id&quot;:0,&quot;query_args&quot;:{&quot;post_type&quot;:[&quot;archivos&quot;],&quot;post_status&quot;:[&quot;publish&quot;,&quot;acf-disabled&quot;],&quot;posts_per_page&quot;:&quot;3&quot;},&quot;orderby_query_args&quot;:{&quot;orderby&quot;:&quot;RAND(1324456752)&quot;},&quot;type&quot;:&quot;grid&quot;,&quot;us_grid_post_type&quot;:&quot;archivos&quot;,&quot;us_grid_ajax_index&quot;:3,&quot;us_grid_filter_query_string&quot;:null,&quot;us_grid_index&quot;:3,&quot;page_args&quot;:[],&quot;lang&quot;:&quot;en&quot;}}'><\/div>\r\n\t<\/div><div class=\"w-separator size_small\"><\/div><div class=\"w-btn-wrapper align_center\"><a class=\"w-btn us-btn-style_3 icon_atright\" title=\"News\" href=\"\/en\/h2-library\/\"><span class=\"w-btn-label\">Ver todos<\/span><i class=\"far fa-chevron-right\"><\/i><\/a><\/div><\/div><\/div><\/div><\/div><\/section><section class=\"l-section wpb_row us_custom_1e54aa4c height_medium\"><div class=\"l-section-h i-cf\"><div class=\"g-cols vc_row via_grid cols_1 laptops-cols_inherit tablets-cols_inherit mobiles-cols_1 valign_top type_default stacking_default\"><div class=\"wpb_column vc_column_container\"><div class=\"vc_column-inner\"><div class=\"wpb_text_column us_custom_d708def7 has_text_color\"><div class=\"wpb_wrapper\"><h2>Events<\/h2>\n<\/div><\/div><div class=\"wpb_text_column\"><div class=\"wpb_wrapper\"><div class=\"mec-wrap mec-skin-list-container  \" id=\"mec_skin_18463\">\r\n\r\n    \r\n        <div class=\"mec-skin-list-events-container\" id=\"mec_skin_events_18463\">\r\n        No event found!    <\/div>\r\n    \r\n    \r\n<\/div>\r\n\n<\/div><\/div><\/div><\/div><\/div><\/div><\/section><section class=\"l-section wpb_row height_medium\"><div class=\"l-section-h i-cf\"><div class=\"g-cols vc_row via_grid cols_1 laptops-cols_inherit tablets-cols_inherit mobiles-cols_1 valign_top type_default stacking_default\"><div class=\"wpb_column vc_column_container\"><div class=\"vc_column-inner\"><div class=\"wpb_text_column us_custom_d708def7 has_text_color\"><div class=\"wpb_wrapper\"><h2>Nuestros socios<\/h2>\n<\/div><\/div><div class=\"w-separator size_small\"><\/div><div class=\"w-grid clientes type_carousel layout_18393 preload_style_spinner items_5\" id=\"clientes\" style=\"--items:5;--gap:30px;\"><style>.layout_18393 .w-grid-item-h{}.layout_18393 .usg_post_image_1{max-width:100%!important;max-height:100%!important}.layout_18393 .usg_vwrapper_1{padding:0.5rem 1rem 1rem 1rem!important}.layout_18393 .usg_post_title_1{font-size:0.8rem!important;line-height:1.6!important;margin-bottom:0!important}.layout_18393 .usg_vwrapper_2{width:190px!important;height:190px!important;max-width:170px!important;max-height:120px!important;position:static!important}<\/style><div class=\"w-grid-list owl-carousel valign_middle dotstyle_circle navstyle_circle navpos_outside owl-responsive-2000 with_arrows\" style=\"--transition-duration:350ms;--arrows-size:1.5rem;\">\t<article class=\"w-grid-item post-21198 us_portfolio type-us_portfolio status-publish has-post-thumbnail hentry us_portfolio_category-partners\" data-id=\"21198\">\r\n\t\t<div class=\"w-grid-item-h\">\r\n\t\t\t\t\t\t<div class=\"w-vwrapper usg_vwrapper_2 align_center valign_middle\"><div class=\"w-post-elm post_image usg_post_image_1 has_height stretched\"><img loading=\"lazy\" decoding=\"async\" width=\"476\" height=\"694\" src=\"https:\/\/h2lac.org\/wp-content\/uploads\/2022\/04\/LOGO-FINAL.png\" class=\"attachment-full size-full wp-post-image\" alt=\"\" srcset=\"https:\/\/h2lac.org\/wp-content\/uploads\/2022\/04\/LOGO-FINAL.png 476w, https:\/\/h2lac.org\/wp-content\/uploads\/2022\/04\/LOGO-FINAL-206x300.png 206w\" sizes=\"auto, (max-width: 476px) 100vw, 476px\" \/><\/div><\/div><div class=\"w-vwrapper usg_vwrapper_1 align_center valign_top\"><div class=\"w-post-elm post_title usg_post_title_1 hide_if_not_first entry-title color_link_inherit\">H2 News from Chile<\/div><\/div>\t\t<\/div>\r\n\t\t\t<\/article>\r\n\t<article class=\"w-grid-item post-21215 us_portfolio type-us_portfolio status-publish has-post-thumbnail hentry us_portfolio_category-counterparty\" data-id=\"21215\">\r\n\t\t<div class=\"w-grid-item-h\">\r\n\t\t\t\t\t\t<div class=\"w-vwrapper usg_vwrapper_2 align_center valign_middle\"><div class=\"w-post-elm post_image usg_post_image_1 has_height stretched\"><img decoding=\"async\" src=\"https:\/\/h2lac.org\/wp-content\/uploads\/2023\/06\/BMZGIZ.svg\" class=\"attachment-full size-full wp-post-image\" alt=\"\" \/><\/div><\/div><div class=\"w-vwrapper usg_vwrapper_1 align_center valign_top\"><div class=\"w-post-elm post_title usg_post_title_1 hide_if_not_first entry-title color_link_inherit\">Deutsche Gesellschaft f\u00fcr Internationale Zusammenarbeit, GIZ<\/div><\/div>\t\t<\/div>\r\n\t\t\t<\/article>\r\n\t<article class=\"w-grid-item post-21191 us_portfolio type-us_portfolio status-publish has-post-thumbnail hentry us_portfolio_category-partners\" data-id=\"21191\">\r\n\t\t<div class=\"w-grid-item-h\">\r\n\t\t\t\t\t\t<div class=\"w-vwrapper usg_vwrapper_2 align_center valign_middle\"><div class=\"w-post-elm post_image usg_post_image_1 has_height stretched\"><img loading=\"lazy\" decoding=\"async\" width=\"2217\" height=\"1084\" src=\"https:\/\/h2lac.org\/wp-content\/uploads\/2022\/06\/MIEM-horizontal-blanco.jpg\" class=\"attachment-full size-full wp-post-image\" alt=\"\" srcset=\"https:\/\/h2lac.org\/wp-content\/uploads\/2022\/06\/MIEM-horizontal-blanco.jpg 2217w, https:\/\/h2lac.org\/wp-content\/uploads\/2022\/06\/MIEM-horizontal-blanco-300x147.jpg 300w, https:\/\/h2lac.org\/wp-content\/uploads\/2022\/06\/MIEM-horizontal-blanco-1024x501.jpg 1024w\" sizes=\"auto, (max-width: 2217px) 100vw, 2217px\" \/><\/div><\/div><div class=\"w-vwrapper usg_vwrapper_1 align_center valign_top\"><div class=\"w-post-elm post_title usg_post_title_1 hide_if_not_first entry-title color_link_inherit\">Ministry of Industry, Energy and Mining of Uruguay<\/div><\/div>\t\t<\/div>\r\n\t\t\t<\/article>\r\n\t<article class=\"w-grid-item post-21177 us_portfolio type-us_portfolio status-publish has-post-thumbnail hentry us_portfolio_category-partners\" data-id=\"21177\">\r\n\t\t<div class=\"w-grid-item-h\">\r\n\t\t\t\t\t\t<div class=\"w-vwrapper usg_vwrapper_2 align_center valign_middle\"><div class=\"w-post-elm post_image usg_post_image_1 has_height stretched\"><img loading=\"lazy\" decoding=\"async\" width=\"1200\" height=\"1200\" src=\"https:\/\/h2lac.org\/wp-content\/uploads\/2022\/09\/Foto-cuadrada-spr-1-e1664541921434.png\" class=\"attachment-full size-full wp-post-image\" alt=\"\" \/><\/div><\/div><div class=\"w-vwrapper usg_vwrapper_1 align_center valign_top\"><div class=\"w-post-elm post_title usg_post_title_1 hide_if_not_first entry-title color_link_inherit\">Peruvian Association of Renewable Energies, SPR<\/div><\/div>\t\t<\/div>\r\n\t\t\t<\/article>\r\n\t<article class=\"w-grid-item post-21187 us_portfolio type-us_portfolio status-publish has-post-thumbnail hentry us_portfolio_category-partners\" data-id=\"21187\">\r\n\t\t<div class=\"w-grid-item-h\">\r\n\t\t\t\t\t\t<div class=\"w-vwrapper usg_vwrapper_2 align_center valign_middle\"><div class=\"w-post-elm post_image usg_post_image_1 has_height stretched\"><img loading=\"lazy\" decoding=\"async\" width=\"2824\" height=\"983\" src=\"https:\/\/h2lac.org\/wp-content\/uploads\/2022\/07\/2021_Logo-AHK-Chile_PNG-1-e1657573985373.png\" class=\"attachment-full size-full wp-post-image\" alt=\"\" \/><\/div><\/div><div class=\"w-vwrapper usg_vwrapper_1 align_center valign_top\"><div class=\"w-post-elm post_title usg_post_title_1 hide_if_not_first entry-title color_link_inherit\">German-Chilean Chamber of Commerce and Industry, AHK Chile<\/div><\/div>\t\t<\/div>\r\n\t\t\t<\/article>\r\n\t<article class=\"w-grid-item post-21189 us_portfolio type-us_portfolio status-publish has-post-thumbnail hentry us_portfolio_category-partners\" data-id=\"21189\">\r\n\t\t<div class=\"w-grid-item-h\">\r\n\t\t\t\t\t\t<div class=\"w-vwrapper usg_vwrapper_2 align_center valign_middle\"><div class=\"w-post-elm post_image usg_post_image_1 has_height stretched\"><img loading=\"lazy\" decoding=\"async\" width=\"451\" height=\"140\" src=\"https:\/\/h2lac.org\/wp-content\/uploads\/2022\/06\/LOGO-EPtery.png\" class=\"attachment-full size-full wp-post-image\" alt=\"\" srcset=\"https:\/\/h2lac.org\/wp-content\/uploads\/2022\/06\/LOGO-EPtery.png 451w, https:\/\/h2lac.org\/wp-content\/uploads\/2022\/06\/LOGO-EPtery-300x93.png 300w\" sizes=\"auto, (max-width: 451px) 100vw, 451px\" \/><\/div><\/div><div class=\"w-vwrapper usg_vwrapper_1 align_center valign_top\"><div class=\"w-post-elm post_title usg_post_title_1 hide_if_not_first entry-title color_link_inherit\">Energy Partnership Chile &#8211; Germany<\/div><\/div>\t\t<\/div>\r\n\t\t\t<\/article>\r\n\t<article class=\"w-grid-item post-22438 us_portfolio type-us_portfolio status-publish has-post-thumbnail hentry us_portfolio_category-partners\" data-id=\"22438\">\r\n\t\t<div class=\"w-grid-item-h\">\r\n\t\t\t\t\t\t<div class=\"w-vwrapper usg_vwrapper_2 align_center valign_middle\"><div class=\"w-post-elm post_image usg_post_image_1 has_height stretched\"><img loading=\"lazy\" decoding=\"async\" width=\"911\" height=\"276\" src=\"https:\/\/h2lac.org\/wp-content\/uploads\/2024\/07\/AUH-logo.png\" class=\"attachment-full size-full wp-post-image\" alt=\"\" srcset=\"https:\/\/h2lac.org\/wp-content\/uploads\/2024\/07\/AUH-logo.png 911w, https:\/\/h2lac.org\/wp-content\/uploads\/2024\/07\/AUH-logo-300x91.png 300w\" sizes=\"auto, (max-width: 911px) 100vw, 911px\" \/><\/div><\/div><div class=\"w-vwrapper usg_vwrapper_1 align_center valign_top\"><div class=\"w-post-elm post_title usg_post_title_1 hide_if_not_first entry-title color_link_inherit\">Uruguayan Association of Hydrogen, AUH<\/div><\/div>\t\t<\/div>\r\n\t\t\t<\/article>\r\n\t<article class=\"w-grid-item post-21193 us_portfolio type-us_portfolio status-publish has-post-thumbnail hentry us_portfolio_category-partners\" data-id=\"21193\">\r\n\t\t<div class=\"w-grid-item-h\">\r\n\t\t\t\t\t\t<div class=\"w-vwrapper usg_vwrapper_2 align_center valign_middle\"><div class=\"w-post-elm post_image usg_post_image_1 has_height stretched\"><img loading=\"lazy\" decoding=\"async\" width=\"1122\" height=\"543\" src=\"https:\/\/h2lac.org\/wp-content\/uploads\/2022\/06\/logo-FENOGE-color.png\" class=\"attachment-full size-full wp-post-image\" alt=\"\" srcset=\"https:\/\/h2lac.org\/wp-content\/uploads\/2022\/06\/logo-FENOGE-color.png 1122w, https:\/\/h2lac.org\/wp-content\/uploads\/2022\/06\/logo-FENOGE-color-300x145.png 300w, https:\/\/h2lac.org\/wp-content\/uploads\/2022\/06\/logo-FENOGE-color-1024x496.png 1024w\" sizes=\"auto, (max-width: 1122px) 100vw, 1122px\" \/><\/div><\/div><div class=\"w-vwrapper usg_vwrapper_1 align_center valign_top\"><div class=\"w-post-elm post_title usg_post_title_1 hide_if_not_first entry-title color_link_inherit\">Fondo de Energ\u00edas No Convencionales y Gesti\u00f3n Eficiente de la Energ\u00eda de Colombia, FENOGE (Colombian Non-Conventional Energy and Efficient Energy Management Fund)<\/div><\/div>\t\t<\/div>\r\n\t\t\t<\/article>\r\n\t<article class=\"w-grid-item post-21211 us_portfolio type-us_portfolio status-publish has-post-thumbnail hentry us_portfolio_category-counterparty\" data-id=\"21211\">\r\n\t\t<div class=\"w-grid-item-h\">\r\n\t\t\t\t\t\t<div class=\"w-vwrapper usg_vwrapper_2 align_center valign_middle\"><div class=\"w-post-elm post_image usg_post_image_1 has_height stretched\"><img loading=\"lazy\" decoding=\"async\" width=\"2400\" height=\"1690\" src=\"https:\/\/h2lac.org\/wp-content\/uploads\/2024\/10\/Logo_H2LAC.png\" class=\"attachment-full size-full wp-post-image\" alt=\"\" srcset=\"https:\/\/h2lac.org\/wp-content\/uploads\/2024\/10\/Logo_H2LAC.png 2400w, https:\/\/h2lac.org\/wp-content\/uploads\/2024\/10\/Logo_H2LAC-300x211.png 300w, https:\/\/h2lac.org\/wp-content\/uploads\/2024\/10\/Logo_H2LAC-1024x721.png 1024w\" sizes=\"auto, (max-width: 2400px) 100vw, 2400px\" \/><\/div><\/div><div class=\"w-vwrapper usg_vwrapper_1 align_center valign_top\"><div class=\"w-post-elm post_title usg_post_title_1 hide_if_not_first entry-title color_link_inherit\">H2LAC<\/div><\/div>\t\t<\/div>\r\n\t\t\t<\/article>\r\n\t<article class=\"w-grid-item post-21196 us_portfolio type-us_portfolio status-publish has-post-thumbnail hentry us_portfolio_category-partners\" data-id=\"21196\">\r\n\t\t<div class=\"w-grid-item-h\">\r\n\t\t\t\t\t\t<div class=\"w-vwrapper usg_vwrapper_2 align_center valign_middle\"><div class=\"w-post-elm post_image usg_post_image_1 has_height stretched\"><img loading=\"lazy\" decoding=\"async\" width=\"1822\" height=\"1247\" src=\"https:\/\/h2lac.org\/wp-content\/uploads\/2022\/05\/Logo-de-asociacion.png\" class=\"attachment-full size-full wp-post-image\" alt=\"\" srcset=\"https:\/\/h2lac.org\/wp-content\/uploads\/2022\/05\/Logo-de-asociacion.png 1822w, https:\/\/h2lac.org\/wp-content\/uploads\/2022\/05\/Logo-de-asociacion-300x205.png 300w, https:\/\/h2lac.org\/wp-content\/uploads\/2022\/05\/Logo-de-asociacion-1024x701.png 1024w, https:\/\/h2lac.org\/wp-content\/uploads\/2022\/05\/Logo-de-asociacion-474x324.png 474w\" sizes=\"auto, (max-width: 1822px) 100vw, 1822px\" \/><\/div><\/div><div class=\"w-vwrapper usg_vwrapper_1 align_center valign_top\"><div class=\"w-post-elm post_title usg_post_title_1 hide_if_not_first entry-title color_link_inherit\">Honduran Hydrogen Association<\/div><\/div>\t\t<\/div>\r\n\t\t\t<\/article>\r\n\t<article class=\"w-grid-item post-21175 us_portfolio type-us_portfolio status-publish has-post-thumbnail hentry us_portfolio_category-partners\" data-id=\"21175\">\r\n\t\t<div class=\"w-grid-item-h\">\r\n\t\t\t\t\t\t<div class=\"w-vwrapper usg_vwrapper_2 align_center valign_middle\"><div class=\"w-post-elm post_image usg_post_image_1 has_height stretched\"><img loading=\"lazy\" decoding=\"async\" width=\"407\" height=\"78\" src=\"https:\/\/h2lac.org\/wp-content\/uploads\/2022\/11\/AHKMEXIKO.jpg\" class=\"attachment-full size-full wp-post-image\" alt=\"\" srcset=\"https:\/\/h2lac.org\/wp-content\/uploads\/2022\/11\/AHKMEXIKO.jpg 407w, https:\/\/h2lac.org\/wp-content\/uploads\/2022\/11\/AHKMEXIKO-300x57.jpg 300w\" sizes=\"auto, (max-width: 407px) 100vw, 407px\" \/><\/div><\/div><div class=\"w-vwrapper usg_vwrapper_1 align_center valign_top\"><div class=\"w-post-elm post_title usg_post_title_1 hide_if_not_first entry-title color_link_inherit\">German-Mexican Chamber of Commerce and Industry, CAMEXA<\/div><\/div>\t\t<\/div>\r\n\t\t\t<\/article>\r\n\t<article class=\"w-grid-item post-21179 us_portfolio type-us_portfolio status-publish has-post-thumbnail hentry us_portfolio_category-partners\" data-id=\"21179\">\r\n\t\t<div class=\"w-grid-item-h\">\r\n\t\t\t\t\t\t<div class=\"w-vwrapper usg_vwrapper_2 align_center valign_middle\"><div class=\"w-post-elm post_image usg_post_image_1 has_height stretched\"><img loading=\"lazy\" decoding=\"async\" width=\"2048\" height=\"2048\" src=\"https:\/\/h2lac.org\/wp-content\/uploads\/2022\/09\/LOGO-CBER-2022-OFICIAL.png\" class=\"attachment-full size-full wp-post-image\" alt=\"\" srcset=\"https:\/\/h2lac.org\/wp-content\/uploads\/2022\/09\/LOGO-CBER-2022-OFICIAL.png 2048w, https:\/\/h2lac.org\/wp-content\/uploads\/2022\/09\/LOGO-CBER-2022-OFICIAL-300x300.png 300w, https:\/\/h2lac.org\/wp-content\/uploads\/2022\/09\/LOGO-CBER-2022-OFICIAL-1024x1024.png 1024w, https:\/\/h2lac.org\/wp-content\/uploads\/2022\/09\/LOGO-CBER-2022-OFICIAL-150x150.png 150w, https:\/\/h2lac.org\/wp-content\/uploads\/2022\/09\/LOGO-CBER-2022-OFICIAL-500x500.png 500w\" sizes=\"auto, (max-width: 2048px) 100vw, 2048px\" \/><\/div><\/div><div class=\"w-vwrapper usg_vwrapper_1 align_center valign_top\"><div class=\"w-post-elm post_title usg_post_title_1 hide_if_not_first entry-title color_link_inherit\">Bolivian Center for Renewable Energies, CBER<\/div><\/div>\t\t<\/div>\r\n\t\t\t<\/article>\r\n\t<article class=\"w-grid-item post-21190 us_portfolio type-us_portfolio status-publish has-post-thumbnail hentry us_portfolio_category-partners\" data-id=\"21190\">\r\n\t\t<div class=\"w-grid-item-h\">\r\n\t\t\t\t\t\t<div class=\"w-vwrapper usg_vwrapper_2 align_center valign_middle\"><div class=\"w-post-elm post_image usg_post_image_1 has_height stretched\"><img loading=\"lazy\" decoding=\"async\" width=\"622\" height=\"188\" src=\"https:\/\/h2lac.org\/wp-content\/uploads\/2022\/06\/Logo_AHK_Uruguay_lo_hacemos_posible.png\" class=\"attachment-full size-full wp-post-image\" alt=\"\" srcset=\"https:\/\/h2lac.org\/wp-content\/uploads\/2022\/06\/Logo_AHK_Uruguay_lo_hacemos_posible.png 622w, https:\/\/h2lac.org\/wp-content\/uploads\/2022\/06\/Logo_AHK_Uruguay_lo_hacemos_posible-300x91.png 300w\" sizes=\"auto, (max-width: 622px) 100vw, 622px\" \/><\/div><\/div><div class=\"w-vwrapper usg_vwrapper_1 align_center valign_top\"><div class=\"w-post-elm post_title usg_post_title_1 hide_if_not_first entry-title color_link_inherit\">German-Uruguayan Chamber of Industry and Commerce, AHK Uruguay<\/div><\/div>\t\t<\/div>\r\n\t\t\t<\/article>\r\n\t<article class=\"w-grid-item post-21207 us_portfolio type-us_portfolio status-publish has-post-thumbnail hentry us_portfolio_category-partners\" data-id=\"21207\">\r\n\t\t<div class=\"w-grid-item-h\">\r\n\t\t\t\t\t\t<div class=\"w-vwrapper usg_vwrapper_2 align_center valign_middle\"><div class=\"w-post-elm post_image usg_post_image_1 has_height stretched\"><img loading=\"lazy\" decoding=\"async\" width=\"1500\" height=\"1500\" src=\"https:\/\/h2lac.org\/wp-content\/uploads\/2022\/02\/Hidrogeno-Colombia-logo-JPG.jpg\" class=\"attachment-full size-full wp-post-image\" alt=\"\" srcset=\"https:\/\/h2lac.org\/wp-content\/uploads\/2022\/02\/Hidrogeno-Colombia-logo-JPG.jpg 1500w, https:\/\/h2lac.org\/wp-content\/uploads\/2022\/02\/Hidrogeno-Colombia-logo-JPG-300x300.jpg 300w, https:\/\/h2lac.org\/wp-content\/uploads\/2022\/02\/Hidrogeno-Colombia-logo-JPG-1024x1024.jpg 1024w, https:\/\/h2lac.org\/wp-content\/uploads\/2022\/02\/Hidrogeno-Colombia-logo-JPG-150x150.jpg 150w, https:\/\/h2lac.org\/wp-content\/uploads\/2022\/02\/Hidrogeno-Colombia-logo-JPG-500x500.jpg 500w\" sizes=\"auto, (max-width: 1500px) 100vw, 1500px\" \/><\/div><\/div><div class=\"w-vwrapper usg_vwrapper_1 align_center valign_top\"><div class=\"w-post-elm post_title usg_post_title_1 hide_if_not_first entry-title color_link_inherit\">Hydrogen Association Colombia<\/div><\/div>\t\t<\/div>\r\n\t\t\t<\/article>\r\n\t<article class=\"w-grid-item post-21209 us_portfolio type-us_portfolio status-publish has-post-thumbnail hentry us_portfolio_category-partners\" data-id=\"21209\">\r\n\t\t<div class=\"w-grid-item-h\">\r\n\t\t\t\t\t\t<div class=\"w-vwrapper usg_vwrapper_2 align_center valign_middle\"><div class=\"w-post-elm post_image usg_post_image_1 has_height stretched\"><img loading=\"lazy\" decoding=\"async\" width=\"2363\" height=\"2363\" src=\"https:\/\/h2lac.org\/wp-content\/uploads\/2022\/02\/Logo-H2-Chile-1.png\" class=\"attachment-full size-full wp-post-image\" alt=\"\" srcset=\"https:\/\/h2lac.org\/wp-content\/uploads\/2022\/02\/Logo-H2-Chile-1.png 2363w, https:\/\/h2lac.org\/wp-content\/uploads\/2022\/02\/Logo-H2-Chile-1-300x300.png 300w, https:\/\/h2lac.org\/wp-content\/uploads\/2022\/02\/Logo-H2-Chile-1-1024x1024.png 1024w, https:\/\/h2lac.org\/wp-content\/uploads\/2022\/02\/Logo-H2-Chile-1-150x150.png 150w, https:\/\/h2lac.org\/wp-content\/uploads\/2022\/02\/Logo-H2-Chile-1-500x500.png 500w\" sizes=\"auto, (max-width: 2363px) 100vw, 2363px\" \/><\/div><\/div><div class=\"w-vwrapper usg_vwrapper_1 align_center valign_top\"><div class=\"w-post-elm post_title usg_post_title_1 hide_if_not_first entry-title color_link_inherit\">Chilean Hydrogen Association, H2 Chile<\/div><\/div>\t\t<\/div>\r\n\t\t\t<\/article>\r\n\t<article class=\"w-grid-item post-22445 us_portfolio type-us_portfolio status-publish has-post-thumbnail hentry us_portfolio_category-partners\" data-id=\"22445\">\r\n\t\t<div class=\"w-grid-item-h\">\r\n\t\t\t\t\t\t<div class=\"w-vwrapper usg_vwrapper_2 align_center valign_middle\"><div class=\"w-post-elm post_image usg_post_image_1 has_height stretched\"><img loading=\"lazy\" decoding=\"async\" width=\"10943\" height=\"3283\" src=\"https:\/\/h2lac.org\/wp-content\/uploads\/2024\/10\/logo-miga.png\" class=\"attachment-full size-full wp-post-image\" alt=\"\" srcset=\"https:\/\/h2lac.org\/wp-content\/uploads\/2024\/10\/logo-miga.png 10943w, https:\/\/h2lac.org\/wp-content\/uploads\/2024\/10\/logo-miga-300x90.png 300w, https:\/\/h2lac.org\/wp-content\/uploads\/2024\/10\/logo-miga-1024x307.png 1024w\" sizes=\"auto, (max-width: 10943px) 100vw, 10943px\" \/><\/div><\/div><div class=\"w-vwrapper usg_vwrapper_1 align_center valign_top\"><div class=\"w-post-elm post_title usg_post_title_1 hide_if_not_first entry-title color_link_inherit\">Millennium Institute on Green Ammonia as an Energy Vector (MIGA)<\/div><\/div>\t\t<\/div>\r\n\t\t\t<\/article>\r\n\t<article class=\"w-grid-item post-21180 us_portfolio type-us_portfolio status-publish has-post-thumbnail hentry us_portfolio_category-partners\" data-id=\"21180\">\r\n\t\t<div class=\"w-grid-item-h\">\r\n\t\t\t\t\t\t<div class=\"w-vwrapper usg_vwrapper_2 align_center valign_middle\"><div class=\"w-post-elm post_image usg_post_image_1 has_height stretched\"><img loading=\"lazy\" decoding=\"async\" width=\"4500\" height=\"4500\" src=\"https:\/\/h2lac.org\/wp-content\/uploads\/2022\/08\/Logotipo-SMH_transparente-1.png\" class=\"attachment-full size-full wp-post-image\" alt=\"\" srcset=\"https:\/\/h2lac.org\/wp-content\/uploads\/2022\/08\/Logotipo-SMH_transparente-1.png 4500w, https:\/\/h2lac.org\/wp-content\/uploads\/2022\/08\/Logotipo-SMH_transparente-1-300x300.png 300w, https:\/\/h2lac.org\/wp-content\/uploads\/2022\/08\/Logotipo-SMH_transparente-1-1024x1024.png 1024w, https:\/\/h2lac.org\/wp-content\/uploads\/2022\/08\/Logotipo-SMH_transparente-1-150x150.png 150w, https:\/\/h2lac.org\/wp-content\/uploads\/2022\/08\/Logotipo-SMH_transparente-1-500x500.png 500w\" sizes=\"auto, (max-width: 4500px) 100vw, 4500px\" \/><\/div><\/div><div class=\"w-vwrapper usg_vwrapper_1 align_center valign_top\"><div class=\"w-post-elm post_title usg_post_title_1 hide_if_not_first entry-title color_link_inherit\">Mexican Hydrogen Society, SMH<\/div><\/div>\t\t<\/div>\r\n\t\t\t<\/article>\r\n\t<article class=\"w-grid-item post-21199 us_portfolio type-us_portfolio status-publish has-post-thumbnail hentry us_portfolio_category-partners\" data-id=\"21199\">\r\n\t\t<div class=\"w-grid-item-h\">\r\n\t\t\t\t\t\t<div class=\"w-vwrapper usg_vwrapper_2 align_center valign_middle\"><div class=\"w-post-elm post_image usg_post_image_1 has_height stretched\"><img loading=\"lazy\" decoding=\"async\" width=\"312\" height=\"52\" src=\"https:\/\/h2lac.org\/wp-content\/uploads\/2022\/04\/Logo-FTDT.png\" class=\"attachment-full size-full wp-post-image\" alt=\"\" srcset=\"https:\/\/h2lac.org\/wp-content\/uploads\/2022\/04\/Logo-FTDT.png 312w, https:\/\/h2lac.org\/wp-content\/uploads\/2022\/04\/Logo-FTDT-300x50.png 300w\" sizes=\"auto, (max-width: 312px) 100vw, 312px\" \/><\/div><\/div><div class=\"w-vwrapper usg_vwrapper_1 align_center valign_top\"><div class=\"w-post-elm post_title usg_post_title_1 hide_if_not_first entry-title color_link_inherit\">Torcuato di Tella Foundation of Argentina<\/div><\/div>\t\t<\/div>\r\n\t\t\t<\/article>\r\n\t<article class=\"w-grid-item post-21167 us_portfolio type-us_portfolio status-publish has-post-thumbnail hentry us_portfolio_category-partners\" data-id=\"21167\">\r\n\t\t<div class=\"w-grid-item-h\">\r\n\t\t\t\t\t\t<div class=\"w-vwrapper usg_vwrapper_2 align_center valign_middle\"><div class=\"w-post-elm post_image usg_post_image_1 has_height stretched\"><img loading=\"lazy\" decoding=\"async\" width=\"1798\" height=\"770\" src=\"https:\/\/h2lac.org\/wp-content\/uploads\/2023\/02\/thumbnail_20230125H2Ecuador-logo-final-claim-1-e1677073958345.png\" class=\"attachment-full size-full wp-post-image\" alt=\"\" \/><\/div><\/div><div class=\"w-vwrapper usg_vwrapper_1 align_center valign_top\"><div class=\"w-post-elm post_title usg_post_title_1 hide_if_not_first entry-title color_link_inherit\">Ecuadorian Hydrogen Association, H2 Ecuador<\/div><\/div>\t\t<\/div>\r\n\t\t\t<\/article>\r\n\t<article class=\"w-grid-item post-21202 us_portfolio type-us_portfolio status-publish has-post-thumbnail hentry us_portfolio_category-partners\" data-id=\"21202\">\r\n\t\t<div class=\"w-grid-item-h\">\r\n\t\t\t\t\t\t<div class=\"w-vwrapper usg_vwrapper_2 align_center valign_middle\"><div class=\"w-post-elm post_image usg_post_image_1 has_height stretched\"><img loading=\"lazy\" decoding=\"async\" width=\"1142\" height=\"1141\" src=\"https:\/\/h2lac.org\/wp-content\/uploads\/2022\/03\/NUEVO_LOGO_Ceare_conbajada-02_v2.jpg\" class=\"attachment-full size-full wp-post-image\" alt=\"\" srcset=\"https:\/\/h2lac.org\/wp-content\/uploads\/2022\/03\/NUEVO_LOGO_Ceare_conbajada-02_v2.jpg 1142w, https:\/\/h2lac.org\/wp-content\/uploads\/2022\/03\/NUEVO_LOGO_Ceare_conbajada-02_v2-300x300.jpg 300w, https:\/\/h2lac.org\/wp-content\/uploads\/2022\/03\/NUEVO_LOGO_Ceare_conbajada-02_v2-1024x1024.jpg 1024w, https:\/\/h2lac.org\/wp-content\/uploads\/2022\/03\/NUEVO_LOGO_Ceare_conbajada-02_v2-150x150.jpg 150w, https:\/\/h2lac.org\/wp-content\/uploads\/2022\/03\/NUEVO_LOGO_Ceare_conbajada-02_v2-500x500.jpg 500w\" sizes=\"auto, (max-width: 1142px) 100vw, 1142px\" \/><\/div><\/div><div class=\"w-vwrapper usg_vwrapper_1 align_center valign_top\"><div class=\"w-post-elm post_title usg_post_title_1 hide_if_not_first entry-title color_link_inherit\">Centro de Estudios de la Actividad Regulatoria Energ\u00e9tica de la Universidad de Buenos Aires, Argentina, CEARE<\/div><\/div>\t\t<\/div>\r\n\t\t\t<\/article>\r\n\t<article class=\"w-grid-item post-21172 us_portfolio type-us_portfolio status-publish has-post-thumbnail hentry us_portfolio_category-partners\" data-id=\"21172\">\r\n\t\t<div class=\"w-grid-item-h\">\r\n\t\t\t\t\t\t<div class=\"w-vwrapper usg_vwrapper_2 align_center valign_middle\"><div class=\"w-post-elm post_image usg_post_image_1 has_height stretched\"><img loading=\"lazy\" decoding=\"async\" width=\"1337\" height=\"312\" src=\"https:\/\/h2lac.org\/wp-content\/uploads\/2022\/12\/logo-oficial-ahk-1-01-4-1-1.png\" class=\"attachment-full size-full wp-post-image\" alt=\"\" srcset=\"https:\/\/h2lac.org\/wp-content\/uploads\/2022\/12\/logo-oficial-ahk-1-01-4-1-1.png 1337w, https:\/\/h2lac.org\/wp-content\/uploads\/2022\/12\/logo-oficial-ahk-1-01-4-1-1-300x70.png 300w, https:\/\/h2lac.org\/wp-content\/uploads\/2022\/12\/logo-oficial-ahk-1-01-4-1-1-1024x239.png 1024w\" sizes=\"auto, (max-width: 1337px) 100vw, 1337px\" \/><\/div><\/div><div class=\"w-vwrapper usg_vwrapper_1 align_center valign_top\"><div class=\"w-post-elm post_title usg_post_title_1 hide_if_not_first entry-title color_link_inherit\">German-Ecuadorian Chamber of Industry and Commerce, AHK Ecuador<\/div><\/div>\t\t<\/div>\r\n\t\t\t<\/article>\r\n\t<article class=\"w-grid-item post-21201 us_portfolio type-us_portfolio status-publish has-post-thumbnail hentry us_portfolio_category-partners\" data-id=\"21201\">\r\n\t\t<div class=\"w-grid-item-h\">\r\n\t\t\t\t\t\t<div class=\"w-vwrapper usg_vwrapper_2 align_center valign_middle\"><div class=\"w-post-elm post_image usg_post_image_1 has_height stretched\"><img loading=\"lazy\" decoding=\"async\" width=\"1123\" height=\"225\" src=\"https:\/\/h2lac.org\/wp-content\/uploads\/2022\/03\/LogoAHKenEspanol.Alta-01.jpg\" class=\"attachment-full size-full wp-post-image\" alt=\"\" srcset=\"https:\/\/h2lac.org\/wp-content\/uploads\/2022\/03\/LogoAHKenEspanol.Alta-01.jpg 1123w, https:\/\/h2lac.org\/wp-content\/uploads\/2022\/03\/LogoAHKenEspanol.Alta-01-300x60.jpg 300w, https:\/\/h2lac.org\/wp-content\/uploads\/2022\/03\/LogoAHKenEspanol.Alta-01-1024x205.jpg 1024w\" sizes=\"auto, (max-width: 1123px) 100vw, 1123px\" \/><\/div><\/div><div class=\"w-vwrapper usg_vwrapper_1 align_center valign_top\"><div class=\"w-post-elm post_title usg_post_title_1 hide_if_not_first entry-title color_link_inherit\">German-Argentinean Chamber of Industry and Commerce, AHK Argentina<\/div><\/div>\t\t<\/div>\r\n\t\t\t<\/article>\r\n\t<article class=\"w-grid-item post-21194 us_portfolio type-us_portfolio status-publish has-post-thumbnail hentry us_portfolio_category-partners\" data-id=\"21194\">\r\n\t\t<div class=\"w-grid-item-h\">\r\n\t\t\t\t\t\t<div class=\"w-vwrapper usg_vwrapper_2 align_center valign_middle\"><div class=\"w-post-elm post_image usg_post_image_1 has_height stretched\"><img loading=\"lazy\" decoding=\"async\" width=\"1983\" height=\"783\" src=\"https:\/\/h2lac.org\/wp-content\/uploads\/2022\/05\/Auder2.jpg\" class=\"attachment-full size-full wp-post-image\" alt=\"\" srcset=\"https:\/\/h2lac.org\/wp-content\/uploads\/2022\/05\/Auder2.jpg 1983w, https:\/\/h2lac.org\/wp-content\/uploads\/2022\/05\/Auder2-300x118.jpg 300w, https:\/\/h2lac.org\/wp-content\/uploads\/2022\/05\/Auder2-1024x404.jpg 1024w\" sizes=\"auto, (max-width: 1983px) 100vw, 1983px\" \/><\/div><\/div><div class=\"w-vwrapper usg_vwrapper_1 align_center valign_top\"><div class=\"w-post-elm post_title usg_post_title_1 hide_if_not_first entry-title color_link_inherit\">Uruguayan Association of Renewable Energies, AUDER<\/div><\/div>\t\t<\/div>\r\n\t\t\t<\/article>\r\n\t<article class=\"w-grid-item post-21185 us_portfolio type-us_portfolio status-publish has-post-thumbnail hentry us_portfolio_category-strategic-allies\" data-id=\"21185\">\r\n\t\t<div class=\"w-grid-item-h\">\r\n\t\t\t\t\t\t<div class=\"w-vwrapper usg_vwrapper_2 align_center valign_middle\"><div class=\"w-post-elm post_image usg_post_image_1 has_height stretched\"><img loading=\"lazy\" decoding=\"async\" width=\"1182\" height=\"591\" src=\"https:\/\/h2lac.org\/wp-content\/uploads\/2022\/07\/PtX-Hub_Logo_international_2207_RGB.png\" class=\"attachment-full size-full wp-post-image\" alt=\"\" srcset=\"https:\/\/h2lac.org\/wp-content\/uploads\/2022\/07\/PtX-Hub_Logo_international_2207_RGB.png 1182w, https:\/\/h2lac.org\/wp-content\/uploads\/2022\/07\/PtX-Hub_Logo_international_2207_RGB-300x150.png 300w, https:\/\/h2lac.org\/wp-content\/uploads\/2022\/07\/PtX-Hub_Logo_international_2207_RGB-1024x512.png 1024w\" sizes=\"auto, (max-width: 1182px) 100vw, 1182px\" \/><\/div><\/div><div class=\"w-vwrapper usg_vwrapper_1 align_center valign_top\"><div class=\"w-post-elm post_title usg_post_title_1 hide_if_not_first entry-title color_link_inherit\">International Power-to-X Hub<\/div><\/div>\t\t<\/div>\r\n\t\t\t<\/article>\r\n\t<article class=\"w-grid-item post-21170 us_portfolio type-us_portfolio status-publish has-post-thumbnail hentry us_portfolio_category-partners\" data-id=\"21170\">\r\n\t\t<div class=\"w-grid-item-h\">\r\n\t\t\t\t\t\t<div class=\"w-vwrapper usg_vwrapper_2 align_center valign_middle\"><div class=\"w-post-elm post_image usg_post_image_1 has_height stretched\"><img loading=\"lazy\" decoding=\"async\" width=\"2560\" height=\"504\" src=\"https:\/\/h2lac.org\/wp-content\/uploads\/2023\/02\/1.-AHK-Bolivia-Color-1-scaled.jpg\" class=\"attachment-full size-full wp-post-image\" alt=\"\" srcset=\"https:\/\/h2lac.org\/wp-content\/uploads\/2023\/02\/1.-AHK-Bolivia-Color-1-scaled.jpg 2560w, https:\/\/h2lac.org\/wp-content\/uploads\/2023\/02\/1.-AHK-Bolivia-Color-1-300x59.jpg 300w, https:\/\/h2lac.org\/wp-content\/uploads\/2023\/02\/1.-AHK-Bolivia-Color-1-1024x201.jpg 1024w\" sizes=\"auto, (max-width: 2560px) 100vw, 2560px\" \/><\/div><\/div><div class=\"w-vwrapper usg_vwrapper_1 align_center valign_top\"><div class=\"w-post-elm post_title usg_post_title_1 hide_if_not_first entry-title color_link_inherit\">Bolivian-German Chamber of Commerce and Industry, AHK Bolivia<\/div><\/div>\t\t<\/div>\r\n\t\t\t<\/article>\r\n\t<article class=\"w-grid-item post-21018 us_portfolio type-us_portfolio status-publish has-post-thumbnail hentry us_portfolio_category-partners\" data-id=\"21018\">\r\n\t\t<div class=\"w-grid-item-h\">\r\n\t\t\t\t\t\t<div class=\"w-vwrapper usg_vwrapper_2 align_center valign_middle\"><div class=\"w-post-elm post_image usg_post_image_1 has_height stretched\"><img loading=\"lazy\" decoding=\"async\" width=\"1000\" height=\"288\" src=\"https:\/\/h2lac.org\/wp-content\/uploads\/2023\/05\/Logo-nuevo-Holland-House-e1684262177211.png\" class=\"attachment-full size-full wp-post-image\" alt=\"\" srcset=\"https:\/\/h2lac.org\/wp-content\/uploads\/2023\/05\/Logo-nuevo-Holland-House-e1684262177211.png 1000w, https:\/\/h2lac.org\/wp-content\/uploads\/2023\/05\/Logo-nuevo-Holland-House-e1684262177211-300x86.png 300w\" sizes=\"auto, (max-width: 1000px) 100vw, 1000px\" \/><\/div><\/div><div class=\"w-vwrapper usg_vwrapper_1 align_center valign_top\"><div class=\"w-post-elm post_title usg_post_title_1 hide_if_not_first entry-title color_link_inherit\">C\u00e1mara de Comercio Colombo &#8211; Holandesa, Holland House<\/div><\/div>\t\t<\/div>\r\n\t\t\t<\/article>\r\n\t<article class=\"w-grid-item post-21192 us_portfolio type-us_portfolio status-publish has-post-thumbnail hentry us_portfolio_category-partners\" data-id=\"21192\">\r\n\t\t<div class=\"w-grid-item-h\">\r\n\t\t\t\t\t\t<div class=\"w-vwrapper usg_vwrapper_2 align_center valign_middle\"><div class=\"w-post-elm post_image usg_post_image_1 has_height stretched\"><img loading=\"lazy\" decoding=\"async\" width=\"1427\" height=\"354\" src=\"https:\/\/h2lac.org\/wp-content\/uploads\/2022\/06\/logo_eco_energia_color-1.png\" class=\"attachment-full size-full wp-post-image\" alt=\"\" srcset=\"https:\/\/h2lac.org\/wp-content\/uploads\/2022\/06\/logo_eco_energia_color-1.png 1427w, https:\/\/h2lac.org\/wp-content\/uploads\/2022\/06\/logo_eco_energia_color-1-300x74.png 300w, https:\/\/h2lac.org\/wp-content\/uploads\/2022\/06\/logo_eco_energia_color-1-1024x254.png 1024w\" sizes=\"auto, (max-width: 1427px) 100vw, 1427px\" \/><\/div><\/div><div class=\"w-vwrapper usg_vwrapper_1 align_center valign_top\"><div class=\"w-post-elm post_title usg_post_title_1 hide_if_not_first entry-title color_link_inherit\">Secretariat of Energy of Argentina<\/div><\/div>\t\t<\/div>\r\n\t\t\t<\/article>\r\n\t<article class=\"w-grid-item post-21212 us_portfolio type-us_portfolio status-publish has-post-thumbnail hentry us_portfolio_category-counterparty\" data-id=\"21212\">\r\n\t\t<div class=\"w-grid-item-h\">\r\n\t\t\t\t\t\t<div class=\"w-vwrapper usg_vwrapper_2 align_center valign_middle\"><div class=\"w-post-elm post_image usg_post_image_1 has_height stretched\"><img loading=\"lazy\" decoding=\"async\" width=\"104\" height=\"128\" src=\"https:\/\/h2lac.org\/wp-content\/uploads\/2021\/11\/CEPAL-Pantone-279-e1637855011470.jpg\" class=\"attachment-full size-full wp-post-image\" alt=\"\" \/><\/div><\/div><div class=\"w-vwrapper usg_vwrapper_1 align_center valign_top\"><div class=\"w-post-elm post_title usg_post_title_1 hide_if_not_first entry-title color_link_inherit\">Economic Commission for Latin America and the Caribbean, ECLAC<\/div><\/div>\t\t<\/div>\r\n\t\t\t<\/article>\r\n\t<article class=\"w-grid-item post-21188 us_portfolio type-us_portfolio status-publish has-post-thumbnail hentry us_portfolio_category-partners\" data-id=\"21188\">\r\n\t\t<div class=\"w-grid-item-h\">\r\n\t\t\t\t\t\t<div class=\"w-vwrapper usg_vwrapper_2 align_center valign_middle\"><div class=\"w-post-elm post_image usg_post_image_1 has_height stretched\"><img loading=\"lazy\" decoding=\"async\" width=\"3088\" height=\"1161\" src=\"https:\/\/h2lac.org\/wp-content\/uploads\/2022\/06\/MINAE-1-1.png\" class=\"attachment-full size-full wp-post-image\" alt=\"\" srcset=\"https:\/\/h2lac.org\/wp-content\/uploads\/2022\/06\/MINAE-1-1.png 3088w, https:\/\/h2lac.org\/wp-content\/uploads\/2022\/06\/MINAE-1-1-300x113.png 300w, https:\/\/h2lac.org\/wp-content\/uploads\/2022\/06\/MINAE-1-1-1024x385.png 1024w\" sizes=\"auto, (max-width: 3088px) 100vw, 3088px\" \/><\/div><\/div><div class=\"w-vwrapper usg_vwrapper_1 align_center valign_top\"><div class=\"w-post-elm post_title usg_post_title_1 hide_if_not_first entry-title color_link_inherit\">Ministry of Environment and Energy of Costa Rica<\/div><\/div>\t\t<\/div>\r\n\t\t\t<\/article>\r\n\t<article class=\"w-grid-item post-21210 us_portfolio type-us_portfolio status-publish has-post-thumbnail hentry us_portfolio_category-strategic-allies\" data-id=\"21210\">\r\n\t\t<div class=\"w-grid-item-h\">\r\n\t\t\t\t\t\t<div class=\"w-vwrapper usg_vwrapper_2 align_center valign_middle\"><div class=\"w-post-elm post_image usg_post_image_1 has_height stretched\"><img loading=\"lazy\" decoding=\"async\" width=\"1182\" height=\"599\" src=\"https:\/\/h2lac.org\/wp-content\/uploads\/2022\/01\/UNEP_2019_Spanish-jpg-2.jpg\" class=\"attachment-full size-full wp-post-image\" alt=\"\" srcset=\"https:\/\/h2lac.org\/wp-content\/uploads\/2022\/01\/UNEP_2019_Spanish-jpg-2.jpg 1182w, https:\/\/h2lac.org\/wp-content\/uploads\/2022\/01\/UNEP_2019_Spanish-jpg-2-300x152.jpg 300w, https:\/\/h2lac.org\/wp-content\/uploads\/2022\/01\/UNEP_2019_Spanish-jpg-2-1024x519.jpg 1024w\" sizes=\"auto, (max-width: 1182px) 100vw, 1182px\" \/><\/div><\/div><div class=\"w-vwrapper usg_vwrapper_1 align_center valign_top\"><div class=\"w-post-elm post_title usg_post_title_1 hide_if_not_first entry-title color_link_inherit\">United Nations Environment Programme, UNEP<\/div><\/div>\t\t<\/div>\r\n\t\t\t<\/article>\r\n\t<article class=\"w-grid-item post-22457 us_portfolio type-us_portfolio status-publish has-post-thumbnail hentry us_portfolio_category-partners\" data-id=\"22457\">\r\n\t\t<div class=\"w-grid-item-h\">\r\n\t\t\t\t\t\t<div class=\"w-vwrapper usg_vwrapper_2 align_center valign_middle\"><div class=\"w-post-elm post_image usg_post_image_1 has_height stretched\"><img loading=\"lazy\" decoding=\"async\" width=\"7468\" height=\"2153\" src=\"https:\/\/h2lac.org\/wp-content\/uploads\/2023\/05\/Logo-nuevo-Holland-House-e1684262177211.png\" class=\"attachment-full size-full wp-post-image\" alt=\"\" \/><\/div><\/div><div class=\"w-vwrapper usg_vwrapper_1 align_center valign_top\"><div class=\"w-post-elm post_title usg_post_title_1 hide_if_not_first entry-title color_link_inherit\">Dutch-Colombian Chamber of Commerce, Holland House<\/div><\/div>\t\t<\/div>\r\n\t\t\t<\/article>\r\n\t<article class=\"w-grid-item post-21176 us_portfolio type-us_portfolio status-publish has-post-thumbnail hentry us_portfolio_category-partners\" data-id=\"21176\">\r\n\t\t<div class=\"w-grid-item-h\">\r\n\t\t\t\t\t\t<div class=\"w-vwrapper usg_vwrapper_2 align_center valign_middle\"><div class=\"w-post-elm post_image usg_post_image_1 has_height stretched\"><img loading=\"lazy\" decoding=\"async\" width=\"1368\" height=\"462\" src=\"https:\/\/h2lac.org\/wp-content\/uploads\/2022\/09\/LOGO-HORIZONTAL-ACH2-19-08-022-e1664542624616.jpg\" class=\"attachment-full size-full wp-post-image\" alt=\"\" \/><\/div><\/div><div class=\"w-vwrapper usg_vwrapper_1 align_center valign_top\"><div class=\"w-post-elm post_title usg_post_title_1 hide_if_not_first entry-title color_link_inherit\">Costa Rican Hydrogen Association, ACH2<\/div><\/div>\t\t<\/div>\r\n\t\t\t<\/article>\r\n\t<article class=\"w-grid-item post-21206 us_portfolio type-us_portfolio status-publish has-post-thumbnail hentry us_portfolio_category-partners\" data-id=\"21206\">\r\n\t\t<div class=\"w-grid-item-h\">\r\n\t\t\t\t\t\t<div class=\"w-vwrapper usg_vwrapper_2 align_center valign_middle\"><div class=\"w-post-elm post_image usg_post_image_1 has_height stretched\"><img loading=\"lazy\" decoding=\"async\" width=\"1110\" height=\"505\" src=\"https:\/\/h2lac.org\/wp-content\/uploads\/2022\/02\/H2Mexico-e1645453858233.jpg\" class=\"attachment-full size-full wp-post-image\" alt=\"\" \/><\/div><\/div><div class=\"w-vwrapper usg_vwrapper_1 align_center valign_top\"><div class=\"w-post-elm post_title usg_post_title_1 hide_if_not_first entry-title color_link_inherit\">Mexican Hydrogen Association, H2 Mexico<\/div><\/div>\t\t<\/div>\r\n\t\t\t<\/article>\r\n\t<article class=\"w-grid-item post-21168 us_portfolio type-us_portfolio status-publish has-post-thumbnail hentry us_portfolio_category-partners\" data-id=\"21168\">\r\n\t\t<div class=\"w-grid-item-h\">\r\n\t\t\t\t\t\t<div class=\"w-vwrapper usg_vwrapper_2 align_center valign_middle\"><div class=\"w-post-elm post_image usg_post_image_1 has_height stretched\"><img loading=\"lazy\" decoding=\"async\" width=\"2468\" height=\"493\" src=\"https:\/\/h2lac.org\/wp-content\/uploads\/2023\/02\/1154_ahk_panama_rgb-1.jpg\" class=\"attachment-full size-full wp-post-image\" alt=\"\" srcset=\"https:\/\/h2lac.org\/wp-content\/uploads\/2023\/02\/1154_ahk_panama_rgb-1.jpg 2468w, https:\/\/h2lac.org\/wp-content\/uploads\/2023\/02\/1154_ahk_panama_rgb-1-300x60.jpg 300w, https:\/\/h2lac.org\/wp-content\/uploads\/2023\/02\/1154_ahk_panama_rgb-1-1024x205.jpg 1024w\" sizes=\"auto, (max-width: 2468px) 100vw, 2468px\" \/><\/div><\/div><div class=\"w-vwrapper usg_vwrapper_1 align_center valign_top\"><div class=\"w-post-elm post_title usg_post_title_1 hide_if_not_first entry-title color_link_inherit\">Panamanian-German Chamber of Commerce and Industry, AHK Panam\u00e1<\/div><\/div>\t\t<\/div>\r\n\t\t\t<\/article>\r\n\t<article class=\"w-grid-item post-21204 us_portfolio type-us_portfolio status-publish has-post-thumbnail hentry us_portfolio_category-partners\" data-id=\"21204\">\r\n\t\t<div class=\"w-grid-item-h\">\r\n\t\t\t\t\t\t<div class=\"w-vwrapper usg_vwrapper_2 align_center valign_middle\"><div class=\"w-post-elm post_image usg_post_image_1 has_height stretched\"><img loading=\"lazy\" decoding=\"async\" width=\"1802\" height=\"389\" src=\"https:\/\/h2lac.org\/wp-content\/uploads\/2022\/02\/LogoAHKColombia_CMYK.jpg\" class=\"attachment-full size-full wp-post-image\" alt=\"\" srcset=\"https:\/\/h2lac.org\/wp-content\/uploads\/2022\/02\/LogoAHKColombia_CMYK.jpg 1802w, https:\/\/h2lac.org\/wp-content\/uploads\/2022\/02\/LogoAHKColombia_CMYK-300x65.jpg 300w, https:\/\/h2lac.org\/wp-content\/uploads\/2022\/02\/LogoAHKColombia_CMYK-1024x221.jpg 1024w\" sizes=\"auto, (max-width: 1802px) 100vw, 1802px\" \/><\/div><\/div><div class=\"w-vwrapper usg_vwrapper_1 align_center valign_top\"><div class=\"w-post-elm post_title usg_post_title_1 hide_if_not_first entry-title color_link_inherit\">German-Colombian Chamber of Commerce and Industry, AHK Colombia<\/div><\/div>\t\t<\/div>\r\n\t\t\t<\/article>\r\n\t<article class=\"w-grid-item post-21186 us_portfolio type-us_portfolio status-publish has-post-thumbnail hentry us_portfolio_category-partners\" data-id=\"21186\">\r\n\t\t<div class=\"w-grid-item-h\">\r\n\t\t\t\t\t\t<div class=\"w-vwrapper usg_vwrapper_2 align_center valign_middle\"><div class=\"w-post-elm post_image usg_post_image_1 has_height stretched\"><img loading=\"lazy\" decoding=\"async\" width=\"184\" height=\"130\" src=\"https:\/\/h2lac.org\/wp-content\/uploads\/2022\/07\/uy-ancap-2.png\" class=\"attachment-full size-full wp-post-image\" alt=\"\" \/><\/div><\/div><div class=\"w-vwrapper usg_vwrapper_1 align_center valign_top\"><div class=\"w-post-elm post_title usg_post_title_1 hide_if_not_first entry-title color_link_inherit\">National Administration of Fuels, Alcohol and Portland of Uruguay, ANCAP<\/div><\/div>\t\t<\/div>\r\n\t\t\t<\/article>\r\n\t<article class=\"w-grid-item post-21195 us_portfolio type-us_portfolio status-publish has-post-thumbnail hentry us_portfolio_category-partners\" data-id=\"21195\">\r\n\t\t<div class=\"w-grid-item-h\">\r\n\t\t\t\t\t\t<div class=\"w-vwrapper usg_vwrapper_2 align_center valign_middle\"><div class=\"w-post-elm post_image usg_post_image_1 has_height stretched\"><img loading=\"lazy\" decoding=\"async\" width=\"358\" height=\"260\" src=\"https:\/\/h2lac.org\/wp-content\/uploads\/2022\/05\/e-Logo.png\" class=\"attachment-full size-full wp-post-image\" alt=\"\" srcset=\"https:\/\/h2lac.org\/wp-content\/uploads\/2022\/05\/e-Logo.png 358w, https:\/\/h2lac.org\/wp-content\/uploads\/2022\/05\/e-Logo-300x218.png 300w\" sizes=\"auto, (max-width: 358px) 100vw, 358px\" \/><\/div><\/div><div class=\"w-vwrapper usg_vwrapper_1 align_center valign_top\"><div class=\"w-post-elm post_title usg_post_title_1 hide_if_not_first entry-title color_link_inherit\">Instituto E+ Transi\u00e7\u00e3o Energ\u00e9tica do Brasil<\/div><\/div>\t\t<\/div>\r\n\t\t\t<\/article>\r\n\t<article class=\"w-grid-item post-21178 us_portfolio type-us_portfolio status-publish has-post-thumbnail hentry us_portfolio_category-partners\" data-id=\"21178\">\r\n\t\t<div class=\"w-grid-item-h\">\r\n\t\t\t\t\t\t<div class=\"w-vwrapper usg_vwrapper_2 align_center valign_middle\"><div class=\"w-post-elm post_image usg_post_image_1 has_height stretched\"><img loading=\"lazy\" decoding=\"async\" width=\"848\" height=\"172\" src=\"https:\/\/h2lac.org\/wp-content\/uploads\/2022\/09\/Logo-Ahk-azul-transparente-1.png\" class=\"attachment-full size-full wp-post-image\" alt=\"\" srcset=\"https:\/\/h2lac.org\/wp-content\/uploads\/2022\/09\/Logo-Ahk-azul-transparente-1.png 848w, https:\/\/h2lac.org\/wp-content\/uploads\/2022\/09\/Logo-Ahk-azul-transparente-1-300x61.png 300w\" sizes=\"auto, (max-width: 848px) 100vw, 848px\" \/><\/div><\/div><div class=\"w-vwrapper usg_vwrapper_1 align_center valign_top\"><div class=\"w-post-elm post_title usg_post_title_1 hide_if_not_first entry-title color_link_inherit\">Peruvian-German Chamber of Commerce and Industry, AHK Peru<\/div><\/div>\t\t<\/div>\r\n\t\t\t<\/article>\r\n\t<article class=\"w-grid-item post-21182 us_portfolio type-us_portfolio status-publish has-post-thumbnail hentry us_portfolio_category-partners\" data-id=\"21182\">\r\n\t\t<div class=\"w-grid-item-h\">\r\n\t\t\t\t\t\t<div class=\"w-vwrapper usg_vwrapper_2 align_center valign_middle\"><div class=\"w-post-elm post_image usg_post_image_1 has_height stretched\"><img loading=\"lazy\" decoding=\"async\" width=\"2480\" height=\"1258\" src=\"https:\/\/h2lac.org\/wp-content\/uploads\/2022\/07\/AE_MEX_logo-e1658938904931.jpeg\" class=\"attachment-full size-full wp-post-image\" alt=\"\" \/><\/div><\/div><div class=\"w-vwrapper usg_vwrapper_1 align_center valign_top\"><div class=\"w-post-elm post_title usg_post_title_1 hide_if_not_first entry-title color_link_inherit\">Energy Partnership between Mexico and Germany<\/div><\/div>\t\t<\/div>\r\n\t\t\t<\/article>\r\n\t<article class=\"w-grid-item post-21171 us_portfolio type-us_portfolio status-publish has-post-thumbnail hentry us_portfolio_category-partners\" data-id=\"21171\">\r\n\t\t<div class=\"w-grid-item-h\">\r\n\t\t\t\t\t\t<div class=\"w-vwrapper usg_vwrapper_2 align_center valign_middle\"><div class=\"w-post-elm post_image usg_post_image_1 has_height stretched\"><img loading=\"lazy\" decoding=\"async\" width=\"1200\" height=\"543\" src=\"https:\/\/h2lac.org\/wp-content\/uploads\/2023\/02\/3.-Logo-ABER.png\" class=\"attachment-full size-full wp-post-image\" alt=\"\" srcset=\"https:\/\/h2lac.org\/wp-content\/uploads\/2023\/02\/3.-Logo-ABER.png 1200w, https:\/\/h2lac.org\/wp-content\/uploads\/2023\/02\/3.-Logo-ABER-300x136.png 300w, https:\/\/h2lac.org\/wp-content\/uploads\/2023\/02\/3.-Logo-ABER-1024x463.png 1024w\" sizes=\"auto, (max-width: 1200px) 100vw, 1200px\" \/><\/div><\/div><div class=\"w-vwrapper usg_vwrapper_1 align_center valign_top\"><div class=\"w-post-elm post_title usg_post_title_1 hide_if_not_first entry-title color_link_inherit\">Bolivian Association of Renewable Energies, ABER<\/div><\/div>\t\t<\/div>\r\n\t\t\t<\/article>\r\n\t<article class=\"w-grid-item post-22439 us_portfolio type-us_portfolio status-publish has-post-thumbnail hentry us_portfolio_category-partners\" data-id=\"22439\">\r\n\t\t<div class=\"w-grid-item-h\">\r\n\t\t\t\t\t\t<div class=\"w-vwrapper usg_vwrapper_2 align_center valign_middle\"><div class=\"w-post-elm post_image usg_post_image_1 has_height stretched\"><img loading=\"lazy\" decoding=\"async\" width=\"867\" height=\"189\" src=\"https:\/\/h2lac.org\/wp-content\/uploads\/2024\/07\/ISI-RN-EnergiasRenovaveis-100DPI-1.png\" class=\"attachment-full size-full wp-post-image\" alt=\"\" srcset=\"https:\/\/h2lac.org\/wp-content\/uploads\/2024\/07\/ISI-RN-EnergiasRenovaveis-100DPI-1.png 867w, https:\/\/h2lac.org\/wp-content\/uploads\/2024\/07\/ISI-RN-EnergiasRenovaveis-100DPI-1-300x65.png 300w\" sizes=\"auto, (max-width: 867px) 100vw, 867px\" \/><\/div><\/div><div class=\"w-vwrapper usg_vwrapper_1 align_center valign_top\"><div class=\"w-post-elm post_title usg_post_title_1 hide_if_not_first entry-title color_link_inherit\">SENAI Institute for Innovation in Renewable Energies, ISI-ER<\/div><\/div>\t\t<\/div>\r\n\t\t\t<\/article>\r\n\t<article class=\"w-grid-item post-21197 us_portfolio type-us_portfolio status-publish has-post-thumbnail hentry us_portfolio_category-strategic-allies\" data-id=\"21197\">\r\n\t\t<div class=\"w-grid-item-h\">\r\n\t\t\t\t\t\t<div class=\"w-vwrapper usg_vwrapper_2 align_center valign_middle\"><div class=\"w-post-elm post_image usg_post_image_1 has_height stretched\"><img loading=\"lazy\" decoding=\"async\" width=\"600\" height=\"251\" src=\"https:\/\/h2lac.org\/wp-content\/uploads\/2022\/05\/kj.png\" class=\"attachment-full size-full wp-post-image\" alt=\"\" srcset=\"https:\/\/h2lac.org\/wp-content\/uploads\/2022\/05\/kj.png 600w, https:\/\/h2lac.org\/wp-content\/uploads\/2022\/05\/kj-300x126.png 300w\" sizes=\"auto, (max-width: 600px) 100vw, 600px\" \/><\/div><\/div><div class=\"w-vwrapper usg_vwrapper_1 align_center valign_top\"><div class=\"w-post-elm post_title usg_post_title_1 hide_if_not_first entry-title color_link_inherit\">International Energy Agency, IEA<\/div><\/div>\t\t<\/div>\r\n\t\t\t<\/article>\r\n\t<article class=\"w-grid-item post-21203 us_portfolio type-us_portfolio status-publish has-post-thumbnail hentry us_portfolio_category-partners\" data-id=\"21203\">\r\n\t\t<div class=\"w-grid-item-h\">\r\n\t\t\t\t\t\t<div class=\"w-vwrapper usg_vwrapper_2 align_center valign_middle\"><div class=\"w-post-elm post_image usg_post_image_1 has_height stretched\"><img loading=\"lazy\" decoding=\"async\" width=\"555\" height=\"1008\" src=\"https:\/\/h2lac.org\/wp-content\/uploads\/2022\/03\/Logo-Alianza-por-el-hidrogenopng.png\" class=\"attachment-full size-full wp-post-image\" alt=\"\" srcset=\"https:\/\/h2lac.org\/wp-content\/uploads\/2022\/03\/Logo-Alianza-por-el-hidrogenopng.png 555w, https:\/\/h2lac.org\/wp-content\/uploads\/2022\/03\/Logo-Alianza-por-el-hidrogenopng-165x300.png 165w\" sizes=\"auto, (max-width: 555px) 100vw, 555px\" \/><\/div><\/div><div class=\"w-vwrapper usg_vwrapper_1 align_center valign_top\"><div class=\"w-post-elm post_title usg_post_title_1 hide_if_not_first entry-title color_link_inherit\">Costa Rica Hydrogen Alliance<\/div><\/div>\t\t<\/div>\r\n\t\t\t<\/article>\r\n\t<article class=\"w-grid-item post-21184 us_portfolio type-us_portfolio status-publish has-post-thumbnail hentry us_portfolio_category-partners\" data-id=\"21184\">\r\n\t\t<div class=\"w-grid-item-h\">\r\n\t\t\t\t\t\t<div class=\"w-vwrapper usg_vwrapper_2 align_center valign_middle\"><div class=\"w-post-elm post_image usg_post_image_1 has_height stretched\"><img loading=\"lazy\" decoding=\"async\" width=\"1247\" height=\"1133\" src=\"https:\/\/h2lac.org\/wp-content\/uploads\/2022\/07\/Color_MinEnergia-2.jpg\" class=\"attachment-full size-full wp-post-image\" alt=\"\" srcset=\"https:\/\/h2lac.org\/wp-content\/uploads\/2022\/07\/Color_MinEnergia-2.jpg 1247w, https:\/\/h2lac.org\/wp-content\/uploads\/2022\/07\/Color_MinEnergia-2-300x273.jpg 300w, https:\/\/h2lac.org\/wp-content\/uploads\/2022\/07\/Color_MinEnergia-2-1024x930.jpg 1024w\" sizes=\"auto, (max-width: 1247px) 100vw, 1247px\" \/><\/div><\/div><div class=\"w-vwrapper usg_vwrapper_1 align_center valign_top\"><div class=\"w-post-elm post_title usg_post_title_1 hide_if_not_first entry-title color_link_inherit\">Ministry of Energy of Chile<\/div><\/div>\t\t<\/div>\r\n\t\t\t<\/article>\r\n\t<article class=\"w-grid-item post-21173 us_portfolio type-us_portfolio status-publish has-post-thumbnail hentry us_portfolio_category-partners\" data-id=\"21173\">\r\n\t\t<div class=\"w-grid-item-h\">\r\n\t\t\t\t\t\t<div class=\"w-vwrapper usg_vwrapper_2 align_center valign_middle\"><div class=\"w-post-elm post_image usg_post_image_1 has_height stretched\"><img loading=\"lazy\" decoding=\"async\" width=\"559\" height=\"488\" src=\"https:\/\/h2lac.org\/wp-content\/uploads\/2022\/11\/00_LOGO_CCTM..png\" class=\"attachment-full size-full wp-post-image\" alt=\"\" srcset=\"https:\/\/h2lac.org\/wp-content\/uploads\/2022\/11\/00_LOGO_CCTM..png 559w, https:\/\/h2lac.org\/wp-content\/uploads\/2022\/11\/00_LOGO_CCTM.-300x262.png 300w\" sizes=\"auto, (max-width: 559px) 100vw, 559px\" \/><\/div><\/div><div class=\"w-vwrapper usg_vwrapper_1 align_center valign_top\"><div class=\"w-post-elm post_title usg_post_title_1 hide_if_not_first entry-title color_link_inherit\">Scientific and Technological Center of the Antofagasta Region of Chile, CICITEM<\/div><\/div>\t\t<\/div>\r\n\t\t\t<\/article>\r\n\t<article class=\"w-grid-item post-21169 us_portfolio type-us_portfolio status-publish has-post-thumbnail hentry us_portfolio_category-partners\" data-id=\"21169\">\r\n\t\t<div class=\"w-grid-item-h\">\r\n\t\t\t\t\t\t<div class=\"w-vwrapper usg_vwrapper_2 align_center valign_middle\"><div class=\"w-post-elm post_image usg_post_image_1 has_height stretched\"><img loading=\"lazy\" decoding=\"async\" width=\"12910\" height=\"8390\" src=\"https:\/\/h2lac.org\/wp-content\/uploads\/2023\/02\/2.-Logo-ENDE-Corporacion-e1675792251627.png\" class=\"attachment-full size-full wp-post-image\" alt=\"\" \/><\/div><\/div><div class=\"w-vwrapper usg_vwrapper_1 align_center valign_top\"><div class=\"w-post-elm post_title usg_post_title_1 hide_if_not_first entry-title color_link_inherit\">Empresa Nacional de Electricidad de Bolivia, ENDE (Bolivian National Electricity Company)<\/div><\/div>\t\t<\/div>\r\n\t\t\t<\/article>\r\n\t<article class=\"w-grid-item post-21208 us_portfolio type-us_portfolio status-publish has-post-thumbnail hentry us_portfolio_category-partners\" data-id=\"21208\">\r\n\t\t<div class=\"w-grid-item-h\">\r\n\t\t\t\t\t\t<div class=\"w-vwrapper usg_vwrapper_2 align_center valign_middle\"><div class=\"w-post-elm post_image usg_post_image_1 has_height stretched\"><img loading=\"lazy\" decoding=\"async\" width=\"2300\" height=\"2000\" src=\"https:\/\/h2lac.org\/wp-content\/uploads\/2022\/02\/ENERGIA.png\" class=\"attachment-full size-full wp-post-image\" alt=\"\" srcset=\"https:\/\/h2lac.org\/wp-content\/uploads\/2022\/02\/ENERGIA.png 2300w, https:\/\/h2lac.org\/wp-content\/uploads\/2022\/02\/ENERGIA-300x261.png 300w, https:\/\/h2lac.org\/wp-content\/uploads\/2022\/02\/ENERGIA-1024x890.png 1024w\" sizes=\"auto, (max-width: 2300px) 100vw, 2300px\" \/><\/div><\/div><div class=\"w-vwrapper usg_vwrapper_1 align_center valign_top\"><div class=\"w-post-elm post_title usg_post_title_1 hide_if_not_first entry-title color_link_inherit\">Ministry of Mines and Energy of Colombia<\/div><\/div>\t\t<\/div>\r\n\t\t\t<\/article>\r\n\t<article class=\"w-grid-item post-21213 us_portfolio type-us_portfolio status-publish has-post-thumbnail hentry us_portfolio_category-counterparty\" data-id=\"21213\">\r\n\t\t<div class=\"w-grid-item-h\">\r\n\t\t\t\t\t\t<div class=\"w-vwrapper usg_vwrapper_2 align_center valign_middle\"><div class=\"w-post-elm post_image usg_post_image_1 has_height stretched\"><img loading=\"lazy\" decoding=\"async\" width=\"228\" height=\"128\" src=\"https:\/\/h2lac.org\/wp-content\/uploads\/2021\/11\/the-wordl-bank-logo.png\" class=\"attachment-full size-full wp-post-image\" alt=\"\" \/><\/div><\/div><div class=\"w-vwrapper usg_vwrapper_1 align_center valign_top\"><div class=\"w-post-elm post_title usg_post_title_1 hide_if_not_first entry-title color_link_inherit\">World Bank<\/div><\/div>\t\t<\/div>\r\n\t\t\t<\/article>\r\n\t<article class=\"w-grid-item post-21205 us_portfolio type-us_portfolio status-publish has-post-thumbnail hentry us_portfolio_category-partners\" data-id=\"21205\">\r\n\t\t<div class=\"w-grid-item-h\">\r\n\t\t\t\t\t\t<div class=\"w-vwrapper usg_vwrapper_2 align_center valign_middle\"><div class=\"w-post-elm post_image usg_post_image_1 has_height stretched\"><img loading=\"lazy\" decoding=\"async\" width=\"1476\" height=\"432\" src=\"https:\/\/h2lac.org\/wp-content\/uploads\/2022\/02\/logo-horizontal-H2-peru-e1645453773542.jpg\" class=\"attachment-full size-full wp-post-image\" alt=\"\" \/><\/div><\/div><div class=\"w-vwrapper usg_vwrapper_1 align_center valign_top\"><div class=\"w-post-elm post_title usg_post_title_1 hide_if_not_first entry-title color_link_inherit\">Peruvian Hydrogen Association, H2 Peru<\/div><\/div>\t\t<\/div>\r\n\t\t\t<\/article>\r\n\t<article class=\"w-grid-item post-21200 us_portfolio type-us_portfolio status-publish has-post-thumbnail hentry us_portfolio_category-partners\" data-id=\"21200\">\r\n\t\t<div class=\"w-grid-item-h\">\r\n\t\t\t\t\t\t<div class=\"w-vwrapper usg_vwrapper_2 align_center valign_middle\"><div class=\"w-post-elm post_image usg_post_image_1 has_height stretched\"><img loading=\"lazy\" decoding=\"async\" width=\"1439\" height=\"456\" src=\"https:\/\/h2lac.org\/wp-content\/uploads\/2022\/04\/logo-ACR-jpg.jpg\" class=\"attachment-full size-full wp-post-image\" alt=\"\" srcset=\"https:\/\/h2lac.org\/wp-content\/uploads\/2022\/04\/logo-ACR-jpg.jpg 1439w, https:\/\/h2lac.org\/wp-content\/uploads\/2022\/04\/logo-ACR-jpg-300x95.jpg 300w, https:\/\/h2lac.org\/wp-content\/uploads\/2022\/04\/logo-ACR-jpg-1024x324.jpg 1024w\" sizes=\"auto, (max-width: 1439px) 100vw, 1439px\" \/><\/div><\/div><div class=\"w-vwrapper usg_vwrapper_1 align_center valign_top\"><div class=\"w-post-elm post_title usg_post_title_1 hide_if_not_first entry-title color_link_inherit\">Guatemalan Renewable Fuels Association, ACR<\/div><\/div>\t\t<\/div>\r\n\t\t\t<\/article>\r\n<\/div>\t<div class=\"g-preloader type_1\">\r\n\t\t<div><\/div>\r\n\t<\/div>\r\n\t\t<div class=\"w-grid-json hidden\" onclick='return {&quot;action&quot;:&quot;us_ajax_grid&quot;,&quot;infinite_scroll&quot;:0,&quot;max_num_pages&quot;:2,&quot;pagination&quot;:&quot;none&quot;,&quot;template_vars&quot;:{&quot;columns&quot;:&quot;&quot;,&quot;exclude_items&quot;:&quot;none&quot;,&quot;img_size&quot;:&quot;full&quot;,&quot;ignore_items_size&quot;:0,&quot;items_layout&quot;:&quot;18393&quot;,&quot;items_offset&quot;:&quot;0px&quot;,&quot;load_animation&quot;:&quot;none&quot;,&quot;overriding_link&quot;:&quot;%7B%22url%22%3A%22%22%7D&quot;,&quot;post_id&quot;:0,&quot;query_args&quot;:{&quot;post_type&quot;:[&quot;us_portfolio&quot;],&quot;tax_query&quot;:[{&quot;taxonomy&quot;:&quot;us_portfolio_category&quot;,&quot;field&quot;:&quot;slug&quot;,&quot;terms&quot;:[&quot;aliados-estrategicos&quot;,&quot;colaboradores&quot;,&quot;contraparte&quot;,&quot;patrocinadores&quot;,&quot;socios&quot;]}],&quot;post_status&quot;:[&quot;publish&quot;,&quot;acf-disabled&quot;],&quot;posts_per_page&quot;:&quot;50&quot;},&quot;orderby_query_args&quot;:{&quot;orderby&quot;:&quot;RAND(270331137)&quot;},&quot;type&quot;:&quot;carousel&quot;,&quot;us_grid_post_type&quot;:&quot;us_portfolio&quot;,&quot;us_grid_ajax_index&quot;:4,&quot;us_grid_filter_query_string&quot;:null,&quot;us_grid_index&quot;:4,&quot;page_args&quot;:[],&quot;lang&quot;:&quot;en&quot;},&quot;carousel_settings&quot;:{&quot;aria_labels&quot;:{&quot;prev&quot;:&quot;Previous&quot;,&quot;next&quot;:&quot;Next&quot;},&quot;autoplayContinual&quot;:false,&quot;autoplayHoverPause&quot;:false,&quot;autoplayTimeout&quot;:3000,&quot;autoWidth&quot;:false,&quot;smartSpeed&quot;:350,&quot;margin&quot;:0,&quot;mouseDrag&quot;:true,&quot;rtl&quot;:false,&quot;slideBy&quot;:&quot;1&quot;,&quot;touchDrag&quot;:true,&quot;slideTransition&quot;:&quot;&quot;,&quot;responsive&quot;:{&quot;0&quot;:{&quot;autoHeight&quot;:false,&quot;autoplay&quot;:true,&quot;autoWidth&quot;:false,&quot;center&quot;:false,&quot;dots&quot;:false,&quot;items&quot;:1,&quot;loop&quot;:true,&quot;nav&quot;:false,&quot;stagePadding&quot;:0,&quot;slideBy&quot;:&quot;1&quot;},&quot;601&quot;:{&quot;autoHeight&quot;:false,&quot;autoplay&quot;:true,&quot;autoWidth&quot;:false,&quot;center&quot;:false,&quot;dots&quot;:false,&quot;items&quot;:2,&quot;loop&quot;:true,&quot;nav&quot;:true,&quot;stagePadding&quot;:0,&quot;slideBy&quot;:&quot;1&quot;},&quot;1025&quot;:{&quot;autoHeight&quot;:false,&quot;autoplay&quot;:true,&quot;autoWidth&quot;:false,&quot;center&quot;:false,&quot;dots&quot;:false,&quot;items&quot;:3,&quot;loop&quot;:true,&quot;nav&quot;:true,&quot;stagePadding&quot;:0,&quot;slideBy&quot;:&quot;1&quot;},&quot;1281&quot;:{&quot;items&quot;:5,&quot;autoplay&quot;:false,&quot;center&quot;:false,&quot;dots&quot;:false,&quot;nav&quot;:true,&quot;autoHeight&quot;:false,&quot;autoWidth&quot;:false,&quot;loop&quot;:true,&quot;stagePadding&quot;:0}}}}'><\/div>\r\n\t<\/div><\/div><\/div><\/div><\/div><\/section><section class=\"l-section wpb_row us_custom_bf941da7 height_medium\"><div class=\"l-section-h i-cf\"><div class=\"g-cols vc_row via_grid cols_1 laptops-cols_inherit tablets-cols_inherit mobiles-cols_1 valign_top type_default reversed stacking_default\" style=\"--columns-gap:1rem;\"><div class=\"wpb_column vc_column_container\"><div class=\"vc_column-inner\"><div id=\"ult-carousel-112829037169f07c51d75eb\" class=\"ult-carousel-wrapper   ult_horizontal\" data-gutter=\"15\" data-rtl=\"false\" ><div class=\"ult-carousel-97864402469f07c51d7595 \" ><div class=\"ult-item-wrap\" data-animation=\"animated no-animation\"><div class=\"g-cols wpb_row via_grid cols_2-1 laptops-cols_inherit tablets-cols_inherit mobiles-cols_1 valign_top type_default stacking_default\" style=\"--columns-gap:1rem;\"><div class=\"ult-item-wrap\" data-animation=\"animated no-animation\"><div class=\"wpb_column vc_column_container\"><div class=\"vc_column-inner\"><div class=\"ult-item-wrap\" data-animation=\"animated no-animation\"><div class=\"w-video align_none ratio_16x9 has_iframe\"><div class=\"w-video-h\"><iframe title=\"Youtube video player\" src=\"\/\/www.youtube.com\/embed\/C2H9SJizmhY?autoplay=0&controls=1&origin=\/en\/&loop=0&mute=0\" allowfullscreen=\"1\" loading=\"lazy\"><\/iframe><\/div><\/div><\/div><\/div><\/div><\/div><div class=\"ult-item-wrap\" data-animation=\"animated no-animation\"><div class=\"wpb_column vc_column_container us_custom_f3f68ac4\"><div class=\"vc_column-inner\"><div class=\"ult-item-wrap\" data-animation=\"animated no-animation\"><div class=\"w-text us_custom_673dc2d7 has_text_color\"><span class=\"w-text-h\"><span class=\"w-text-value\">Featured Video<\/span><\/span><\/div><\/div><div class=\"ult-item-wrap\" data-animation=\"animated no-animation\"><div class=\"w-text us_custom_d4777956\"><span class=\"w-text-h\"><span class=\"w-text-value\">IEA Global Hydrogen Review 2024: Perspectivas regionales para Am\u00e9rica Latina y el Caribe<\/span><\/span><\/div><\/div><div class=\"ult-item-wrap\" data-animation=\"animated no-animation\"><div class=\"w-text us_custom_e5d8dbe7 hide_on_default hide_on_laptops hide_on_tablets hide_on_mobiles\"><span class=\"w-text-h\"><span class=\"w-text-value\">Lorem Ipsum<\/span><\/span><\/div><\/div><div class=\"ult-item-wrap\" data-animation=\"animated no-animation\"><div class=\"w-text us_custom_768614ba icon_atleft\"><a target=\"_blank\" href=\"https:\/\/www.youtube.com\/channel\/UCrWopUssFwLoHlTGD21G1Ig\" class=\"w-text-h\"><i class=\"fas fa-plus\"><\/i><span class=\"w-text-value\">Videos<\/span><\/a><\/div><\/div><div class=\"ult-item-wrap\" data-animation=\"animated no-animation\"><div class=\"w-text\"><span class=\"w-text-h\"><span class=\"w-text-value\">Durante el evento virtual fue presentado y analizado el cap\u00edtulo in\u00e9dito sobre la regi\u00f3n de Am\u00e9rica Latina y el Caribe publicado en el informe insignia de la IEA sobre hidr\u00f3geno: el Global Hydrogen Review.<\/span><\/span><\/div><\/div><\/div><\/div><\/div><\/div><\/div><div class=\"ult-item-wrap\" data-animation=\"animated no-animation\"><div class=\"g-cols wpb_row via_grid cols_2-1 laptops-cols_inherit tablets-cols_inherit mobiles-cols_1 valign_top type_default stacking_default\" style=\"--columns-gap:1rem;\"><div class=\"ult-item-wrap\" data-animation=\"animated no-animation\"><div class=\"wpb_column vc_column_container\"><div class=\"vc_column-inner\"><div class=\"ult-item-wrap\" data-animation=\"animated no-animation\"><div class=\"w-video align_none ratio_16x9 has_iframe\"><div class=\"w-video-h\"><iframe title=\"Youtube video player\" src=\"\/\/www.youtube.com\/embed\/_bhzFpBSo6Q?autoplay=0&controls=1&origin=\/en\/&loop=0&mute=0\" allowfullscreen=\"1\" loading=\"lazy\"><\/iframe><\/div><\/div><\/div><\/div><\/div><\/div><div class=\"ult-item-wrap\" data-animation=\"animated no-animation\"><div class=\"wpb_column vc_column_container us_custom_f3f68ac4\"><div class=\"vc_column-inner\"><div class=\"ult-item-wrap\" data-animation=\"animated no-animation\"><div class=\"w-text us_custom_673dc2d7 has_text_color\"><span class=\"w-text-h\"><span class=\"w-text-value\">Featured Video<\/span><\/span><\/div><\/div><div class=\"ult-item-wrap\" data-animation=\"animated no-animation\"><div class=\"w-text us_custom_d4777956\"><span class=\"w-text-h\"><span class=\"w-text-value\">Marco regulatorio del hidr\u00f3geno de bajas emisiones en Am\u00e9rica Latina: lecciones aprendidas y desaf\u00edos compartidos<\/span><\/span><\/div><\/div><div class=\"ult-item-wrap\" data-animation=\"animated no-animation\"><div class=\"w-text us_custom_e5d8dbe7 hide_on_default hide_on_laptops hide_on_tablets hide_on_mobiles\"><span class=\"w-text-h\"><span class=\"w-text-value\">Lorem Ipsum<\/span><\/span><\/div><\/div><div class=\"ult-item-wrap\" data-animation=\"animated no-animation\"><div class=\"w-text us_custom_768614ba icon_atleft\"><a target=\"_blank\" href=\"https:\/\/www.youtube.com\/channel\/UCrWopUssFwLoHlTGD21G1Ig\" class=\"w-text-h\"><i class=\"fas fa-plus\"><\/i><span class=\"w-text-value\">Videos<\/span><\/a><\/div><\/div><div class=\"ult-item-wrap\" data-animation=\"animated no-animation\"><div class=\"w-text\"><span class=\"w-text-h\"><span class=\"w-text-value\">El webinar cont\u00f3 con un panel de expertos que analizaron la situaci\u00f3n actual de sus pa\u00edses en cuanto a la regulaci\u00f3n del hidr\u00f3geno de bajas emisiones, compartiendo lecciones aprendidas y destacando los desaf\u00edos para avanzar en la creaci\u00f3n de marcos regulatorios que impulsen el hidr\u00f3geno como vector energ\u00e9tico.<\/span><\/span><\/div><\/div><\/div><\/div><\/div><\/div><\/div><\/div><\/div>\t\t\t<script type=\"text\/javascript\">\n\t\t\t\tjQuery(document).ready(function ($) {\n\t\t\t\t\tif( typeof jQuery('.ult-carousel-97864402469f07c51d7595').slick == \"function\"){\n\t\t\t\t\t\t$('.ult-carousel-97864402469f07c51d7595').slick({dots: false,autoplaySpeed: \"5000\",speed: \"500\",infinite: true,arrows: true,nextArrow: '<button type=\"button\" role=\"button\" aria-label=\"Next\" style=\"color:#333333; font-size:28px;border:1px solid ;\" class=\"slick-next circle-border\"><i class=\"ultsl-arrow-right4\"><\/i><\/button>',prevArrow: '<button type=\"button\" role=\"button\" aria-label=\"Previous\" style=\"color:#333333; font-size:28px;border:1px solid ;\" class=\"slick-prev circle-border\"><i class=\"ultsl-arrow-left4\"><\/i><\/button>',slidesToScroll:1,slidesToShow:1,swipe: true,draggable: true,touchMove: true,pauseOnHover: true,pauseOnFocus: false,adaptiveHeight: true,responsive: [\n\t\t\t\t\t\t\t{\n\t\t\t\t\t\t\t  breakpoint: 1026,\n\t\t\t\t\t\t\t  settings: {\n\t\t\t\t\t\t\t\tslidesToShow: 1,\n\t\t\t\t\t\t\t\tslidesToScroll: 1,  \n\t\t\t\t\t\t\t  }\n\t\t\t\t\t\t\t},\n\t\t\t\t\t\t\t{\n\t\t\t\t\t\t\t  breakpoint: 1025,\n\t\t\t\t\t\t\t  settings: {\n\t\t\t\t\t\t\t\tslidesToShow: 1,\n\t\t\t\t\t\t\t\tslidesToScroll: 1\n\t\t\t\t\t\t\t  }\n\t\t\t\t\t\t\t},\n\t\t\t\t\t\t\t{\n\t\t\t\t\t\t\t  breakpoint: 760,\n\t\t\t\t\t\t\t  settings: {\n\t\t\t\t\t\t\t\tslidesToShow: 1,\n\t\t\t\t\t\t\t\tslidesToScroll: 1\n\t\t\t\t\t\t\t  }\n\t\t\t\t\t\t\t}\n\t\t\t\t\t\t],pauseOnDotsHover: true,customPaging: function(slider, i) {\n                   return '<i type=\"button\" style= \"color:#333333;\" class=\"ultsl-record\" data-role=\"none\"><\/i>';\n                },});\n\t\t\t\t\t}\n\t\t\t\t});\n\t\t\t<\/script>\n\t\t\t<\/div><\/div><\/div><\/div><\/section><section class=\"l-section wpb_row us_custom_61a2a627 hide_on_default hide_on_laptops hide_on_tablets hide_on_mobiles height_medium\"><div class=\"l-section-h i-cf\"><div class=\"g-cols vc_row via_grid cols_1-2-1 laptops-cols_inherit tablets-cols_inherit mobiles-cols_1 valign_middle type_default stacking_default\" style=\"--columns-gap:1.5rem;\"><div class=\"wpb_column vc_column_container\"><div class=\"vc_column-inner\"><\/div><\/div><div class=\"wpb_column vc_column_container us_custom_eb849559\"><div class=\"vc_column-inner\"><div class=\"wpb_text_column us_custom_d708def7 has_text_color\"><div class=\"wpb_wrapper\"><h2>\u00bfQui\u00e9nes somos?<\/h2>\n<\/div><\/div><div class=\"wpb_text_column us_custom_eb849559\"><div class=\"wpb_wrapper\"><p>H2LAC, nace del trabajo que la GIZ realiza desde la d\u00e9cada anterior, a trav\u00e9s de distintos programas y proyectos en Am\u00e9rica Latina, y especialmente desde los aprendizajes y resultados alcanzados en el Programa de Energ\u00edas Renovables y Eficiencia Energ\u00e9tica 4e, en Chile.<\/p>\n<\/div><\/div><\/div><\/div><div class=\"wpb_column vc_column_container\"><div class=\"vc_column-inner\"><\/div><\/div><\/div><\/div><\/section>\n","protected":false},"excerpt":{"rendered":"Learn more about the Renewable Fuels Association of Guatemala, ACR on its website and social networks.","protected":false},"author":15,"featured_media":12730,"parent":0,"menu_order":1,"comment_status":"closed","ping_status":"closed","template":"","meta":{"_acf_changed":false,"inline_featured_image":false,"footnotes":""},"pais":[],"class_list":["post-20854","page","type-page","status-publish","has-post-thumbnail","hentry"],"acf":[],"_links":{"self":[{"href":"\/en\/wp-json\/wp\/v2\/pages\/20854","targetHints":{"allow":["GET"]}}],"collection":[{"href":"\/en\/wp-json\/wp\/v2\/pages"}],"about":[{"href":"\/en\/wp-json\/wp\/v2\/types\/page"}],"author":[{"embeddable":true,"href":"\/en\/wp-json\/wp\/v2\/users\/15"}],"replies":[{"embeddable":true,"href":"\/en\/wp-json\/wp\/v2\/comments?post=20854"}],"version-history":[{"count":15,"href":"\/en\/wp-json\/wp\/v2\/pages\/20854\/revisions"}],"predecessor-version":[{"id":23437,"href":"\/en\/wp-json\/wp\/v2\/pages\/20854\/revisions\/23437"}],"wp:featuredmedia":[{"embeddable":true,"href":"\/en\/wp-json\/wp\/v2\/media\/12730"}],"wp:attachment":[{"href":"\/en\/wp-json\/wp\/v2\/media?parent=20854"}],"wp:term":[{"taxonomy":"pais","embeddable":true,"href":"\/en\/wp-json\/wp\/v2\/pais?post=20854"}],"curies":[{"name":"wp","href":"https:\/\/api.w.org\/{rel}","templated":true}]}}